{"id":2245,"date":"2020-01-27T09:51:20","date_gmt":"2020-01-27T08:51:20","guid":{"rendered":"https:\/\/www.md-elektronik.de\/?page_id=2245"},"modified":"2025-11-06T11:30:54","modified_gmt":"2025-11-06T10:30:54","slug":"noticias-y-eventos","status":"publish","type":"page","link":"https:\/\/www.md-elektronik.com\/es\/noticias-y-eventos\/","title":{"rendered":"Noticias y Eventos"},"content":{"rendered":"\n\n\t<section class=\"section\" id=\"section_1683753728\">\n\t\t<div class=\"section-bg fill\" >\n\t\t\t\t\t\t\t\t\t\n\t\t\t\n\n\t\t<\/div>\n\n\t\t\n\n\t\t<div class=\"section-content relative\">\n\t\t\t\n\n<div class=\"row\"  id=\"row-1511821322\">\n\n\n\t<div id=\"col-313660882\" class=\"col small-12 large-12\"  >\n\t\t\t\t<div class=\"col-inner\"  >\n\t\t\t\n\t\t\t\n\n\n  \n    <div class=\"row md-blog-posts large-columns-1 medium-columns-1 small-columns-1 row-large\" >\n  \t\t<div class=\"col post-item\" >\n\t\t\t<div class=\"col-inner\">\n\t\t\t\t<div class=\"box box-vertical box-text-bottom box-blog-post has-hover\">\n\t\t\t\t\t\n          \t\t\t\t\t\n  \t\t\t\t\t<div class=\"box-image\" style=\"width:65%;\">\n  \t\t\t\t\t\t<div class=\"image-zoom image-zoom image-cover\" style=\"padding-top:55%;\">\n  \t\t\t\t\t\t\t<a href=\"https:\/\/www.md-elektronik.com\/es\/el-mercado-automovilistico-japones-en-2035-que-tendencias-se-impondran-y-que-particularidades-permaneceran\/\"><img decoding=\"async\" width=\"1020\" height=\"574\" src=\"https:\/\/www.md-elektronik.com\/wp-content\/uploads\/2025\/12\/md_techtalk_banner_ichiro.jpg\" class=\"attachment-large size-large wp-post-image\" alt=\"\" srcset=\"https:\/\/www.md-elektronik.com\/wp-content\/uploads\/2025\/12\/md_techtalk_banner_ichiro.jpg 1024w, https:\/\/www.md-elektronik.com\/wp-content\/uploads\/2025\/12\/md_techtalk_banner_ichiro-300x169.jpg 300w, https:\/\/www.md-elektronik.com\/wp-content\/uploads\/2025\/12\/md_techtalk_banner_ichiro-768x432.jpg 768w\" sizes=\"(max-width: 1020px) 100vw, 1020px\" \/><\/a>\n  \t\t\t\t\t\t\t  \t\t\t\t\t\t\t  \t\t\t\t\t\t<\/div>\n  \t\t\t\t\t\t  \t\t\t\t\t<\/div>\n          \t\t\t\t\t\n\t\t\t\t\t<div class=\"box-text text-left is-small\" style=\"background-color:rgb(252, 252, 252);padding:30px 30px 30px 30px;\">\n\t\t\t\t\t<div class=\"box-text-inner blog-post-inner\">\n\n\t\t\t\t\t\n\t\t\t\t\t\t\n\t\t\t\t\t\t<div class=\"custom_author\">\t <a href=\"https:\/\/www.md-elektronik.com\/en\/ichiro-yamamoto\/\"><i class=\"far fa-user\"><\/i> Ichiro Yamamoto<\/a> <span class=\"post-meta is-small op-8\">18 de diciembre de 2025<\/span><\/div>\n\t\t\t\t\t\t<h5 class=\"post-title is-larger \"><a href=\"https:\/\/www.md-elektronik.com\/es\/el-mercado-automovilistico-japones-en-2035-que-tendencias-se-impondran-y-que-particularidades-permaneceran\/\">El mercado automovil\u00edstico japon\u00e9s en 2035: qu\u00e9 tendencias se impondr\u00e1n y qu\u00e9 particularidades permanecer\u00e1n<\/a><\/h5>\n\t\t\t\t\t<div class=\"is-divider\"><\/div>\n\t\t\t\t\t\t\t\t\t\t<p class=\"from_the_blog_excerpt \">\u25b6 Nichos de h\u00edbridos y de hidr\u00f3geno \u25b6 Transmisi\u00f3n de datos y conectores \u25b6 Fusi\u00f3n de...\t\t\t\t\t<\/p>\n\t\t\t\t\t\t\t\t\t\t\t<div class=\"md-read-more\"><a href=\"https:\/\/www.md-elektronik.com\/es\/el-mercado-automovilistico-japones-en-2035-que-tendencias-se-impondran-y-que-particularidades-permaneceran\/\" class=\"plain\">M\u00e1s informaci\u00f3n<\/a><\/div>\n                    \n\t\t\t\t\t\n\t\t\t\t\t\n\t\t\t\t\t<\/div>\n\t\t\t\t\t<\/div>\n\t\t\t\t\t\t\t\t\t<\/div>\n\t\t\t\t\n\t\t\t<\/div>\n\t\t<\/div>\n<\/div>\n\n\n  \n    <div id=\"row-308262382\" class=\"row md-blog-posts large-columns-3 medium-columns-1 small-columns-1 row-masonry\" data-packery-options='{\"itemSelector\": \".col\", \"gutter\": 0, \"presentageWidth\" : true}'>\n\n  \t\t<div class=\"col post-item\" >\n\t\t\t<div class=\"col-inner\">\n\t\t\t\t<div class=\"box box-normal box-text-bottom box-blog-post has-hover\">\n\t\t\t\t\t\n          \t\t\t\t\t\n  \t\t\t\t\t<div class=\"box-image\" >\n  \t\t\t\t\t\t<div class=\"image-zoom image-zoom image-cover\" style=\"padding-top:56%;\">\n  \t\t\t\t\t\t\t<a href=\"https:\/\/www.md-elektronik.com\/es\/aspectos-de-sostenibilidad-en-los-sistemas-de-cableado-modernos\/\"><img decoding=\"async\" width=\"1020\" height=\"510\" src=\"https:\/\/www.md-elektronik.com\/wp-content\/uploads\/2025\/11\/og_img_blog_sustainability_nachhaltigkeit_bordnetz-1024x512.jpg\" class=\"attachment-large size-large wp-post-image\" alt=\"\" srcset=\"https:\/\/www.md-elektronik.com\/wp-content\/uploads\/2025\/11\/og_img_blog_sustainability_nachhaltigkeit_bordnetz-1024x512.jpg 1024w, https:\/\/www.md-elektronik.com\/wp-content\/uploads\/2025\/11\/og_img_blog_sustainability_nachhaltigkeit_bordnetz-300x150.jpg 300w, https:\/\/www.md-elektronik.com\/wp-content\/uploads\/2025\/11\/og_img_blog_sustainability_nachhaltigkeit_bordnetz-768x384.jpg 768w, https:\/\/www.md-elektronik.com\/wp-content\/uploads\/2025\/11\/og_img_blog_sustainability_nachhaltigkeit_bordnetz.jpg 1200w\" sizes=\"(max-width: 1020px) 100vw, 1020px\" \/><\/a>\n  \t\t\t\t\t\t\t  \t\t\t\t\t\t\t  \t\t\t\t\t\t<\/div>\n  \t\t\t\t\t\t  \t\t\t\t\t<\/div>\n          \t\t\t\t\t\n\t\t\t\t\t<div class=\"box-text text-left is-small\" style=\"background-color:rgb(252, 252, 252);padding:30px 30px 30px 30px;\">\n\t\t\t\t\t<div class=\"box-text-inner blog-post-inner\">\n\n\t\t\t\t\t\n\t\t\t\t\t\t\n\t\t\t\t\t\t<div class=\"custom_author\">\t <a href=\"https:\/\/www.md-elektronik.com\/en\/martin-huber\/\"><i class=\"far fa-user\"><\/i> Martin Huber<\/a> <span class=\"post-meta is-small op-8\">10 de noviembre de 2025<\/span><\/div>\n\t\t\t\t\t\t<h5 class=\"post-title is-larger \"><a href=\"https:\/\/www.md-elektronik.com\/es\/aspectos-de-sostenibilidad-en-los-sistemas-de-cableado-modernos\/\">Aspectos de sostenibilidad en los sistemas de cableado modernos<\/a><\/h5>\n\t\t\t\t\t<div class=\"is-divider\"><\/div>\n\t\t\t\t\t\t\t\t\t\t\t<div class=\"md-read-more\"><a href=\"https:\/\/www.md-elektronik.com\/es\/aspectos-de-sostenibilidad-en-los-sistemas-de-cableado-modernos\/\" class=\"plain\">M\u00e1s informaci\u00f3n<\/a><\/div>\n                    \n\t\t\t\t\t\n\t\t\t\t\t\n\t\t\t\t\t<\/div>\n\t\t\t\t\t<\/div>\n\t\t\t\t\t\t\t\t\t<\/div>\n\t\t\t\t\n\t\t\t<\/div>\n\t\t<\/div>\n\t\t<div class=\"col post-item\" >\n\t\t\t<div class=\"col-inner\">\n\t\t\t\t<div class=\"box box-normal box-text-bottom box-blog-post has-hover\">\n\t\t\t\t\t\n          \t\t\t\t\t\n  \t\t\t\t\t<div class=\"box-image\" >\n  \t\t\t\t\t\t<div class=\"image-zoom image-zoom image-cover\" style=\"padding-top:56%;\">\n  \t\t\t\t\t\t\t<a href=\"https:\/\/www.md-elektronik.com\/es\/entre-la-estrategia-de-plataforma-y-la-personalizacion-los-desafios-de-la-arquitectura-de-la-red-de-a-bordo-moderna\/\"><img decoding=\"async\" width=\"1020\" height=\"574\" src=\"https:\/\/www.md-elektronik.com\/wp-content\/uploads\/2023\/03\/tt_tobias_hartl.jpg\" class=\"attachment-large size-large wp-post-image\" alt=\"\" srcset=\"https:\/\/www.md-elektronik.com\/wp-content\/uploads\/2023\/03\/tt_tobias_hartl.jpg 1024w, https:\/\/www.md-elektronik.com\/wp-content\/uploads\/2023\/03\/tt_tobias_hartl-300x169.jpg 300w, https:\/\/www.md-elektronik.com\/wp-content\/uploads\/2023\/03\/tt_tobias_hartl-768x432.jpg 768w\" sizes=\"(max-width: 1020px) 100vw, 1020px\" \/><\/a>\n  \t\t\t\t\t\t\t  \t\t\t\t\t\t\t  \t\t\t\t\t\t<\/div>\n  \t\t\t\t\t\t  \t\t\t\t\t<\/div>\n          \t\t\t\t\t\n\t\t\t\t\t<div class=\"box-text text-left is-small\" style=\"background-color:rgb(252, 252, 252);padding:30px 30px 30px 30px;\">\n\t\t\t\t\t<div class=\"box-text-inner blog-post-inner\">\n\n\t\t\t\t\t\n\t\t\t\t\t\t\n\t\t\t\t\t\t<div class=\"custom_author\">\t <a href=\"https:\/\/www.md-elektronik.com\/bg\/tobias-hartl\/\"><i class=\"far fa-user\"><\/i> Tobias Hartl<\/a> <span class=\"post-meta is-small op-8\">18 de septiembre de 2025<\/span><\/div>\n\t\t\t\t\t\t<h5 class=\"post-title is-larger \"><a href=\"https:\/\/www.md-elektronik.com\/es\/entre-la-estrategia-de-plataforma-y-la-personalizacion-los-desafios-de-la-arquitectura-de-la-red-de-a-bordo-moderna\/\">Entre la estrategia de plataforma y la personalizaci\u00f3n: los desaf\u00edos de la arquitectura de la red de a bordo moderna<\/a><\/h5>\n\t\t\t\t\t<div class=\"is-divider\"><\/div>\n\t\t\t\t\t\t\t\t\t\t\t<div class=\"md-read-more\"><a href=\"https:\/\/www.md-elektronik.com\/es\/entre-la-estrategia-de-plataforma-y-la-personalizacion-los-desafios-de-la-arquitectura-de-la-red-de-a-bordo-moderna\/\" class=\"plain\">M\u00e1s informaci\u00f3n<\/a><\/div>\n                    \n\t\t\t\t\t\n\t\t\t\t\t\n\t\t\t\t\t<\/div>\n\t\t\t\t\t<\/div>\n\t\t\t\t\t\t\t\t\t<\/div>\n\t\t\t\t\n\t\t\t<\/div>\n\t\t<\/div>\n\t\t<div class=\"col post-item\" >\n\t\t\t<div class=\"col-inner\">\n\t\t\t\t<div class=\"box box-normal box-text-bottom box-blog-post has-hover\">\n\t\t\t\t\t\n          \t\t\t\t\t\n  \t\t\t\t\t<div class=\"box-image\" >\n  \t\t\t\t\t\t<div class=\"image-zoom image-zoom image-cover\" style=\"padding-top:56%;\">\n  \t\t\t\t\t\t\t<a href=\"https:\/\/www.md-elektronik.com\/es\/el-auge-de-las-oem-chinas-desde-una-perspectiva-local\/\"><img decoding=\"async\" width=\"1020\" height=\"574\" src=\"https:\/\/www.md-elektronik.com\/wp-content\/uploads\/2025\/07\/md_podcast_banner_1024x576_aktuell.jpg\" class=\"attachment-large size-large wp-post-image\" alt=\"\" srcset=\"https:\/\/www.md-elektronik.com\/wp-content\/uploads\/2025\/07\/md_podcast_banner_1024x576_aktuell.jpg 1024w, https:\/\/www.md-elektronik.com\/wp-content\/uploads\/2025\/07\/md_podcast_banner_1024x576_aktuell-300x169.jpg 300w, https:\/\/www.md-elektronik.com\/wp-content\/uploads\/2025\/07\/md_podcast_banner_1024x576_aktuell-768x432.jpg 768w\" sizes=\"(max-width: 1020px) 100vw, 1020px\" \/><\/a>\n  \t\t\t\t\t\t\t  \t\t\t\t\t\t\t  \t\t\t\t\t\t<\/div>\n  \t\t\t\t\t\t  \t\t\t\t\t<\/div>\n          \t\t\t\t\t\n\t\t\t\t\t<div class=\"box-text text-left is-small\" style=\"background-color:rgb(252, 252, 252);padding:30px 30px 30px 30px;\">\n\t\t\t\t\t<div class=\"box-text-inner blog-post-inner\">\n\n\t\t\t\t\t\n\t\t\t\t\t\t\n\t\t\t\t\t\t<div class=\"custom_author\">\t <a href=\"https:\/\/www.md-elektronik.com\/de\/li-dan\/\"><i class=\"far fa-user\"><\/i> Li Dan<\/a> <span class=\"post-meta is-small op-8\">10 de julio de 2025<\/span><\/div>\n\t\t\t\t\t\t<h5 class=\"post-title is-larger \"><a href=\"https:\/\/www.md-elektronik.com\/es\/el-auge-de-las-oem-chinas-desde-una-perspectiva-local\/\">El auge de las OEM chinas desde una perspectiva local<\/a><\/h5>\n\t\t\t\t\t<div class=\"is-divider\"><\/div>\n\t\t\t\t\t\t\t\t\t\t\t<div class=\"md-read-more\"><a href=\"https:\/\/www.md-elektronik.com\/es\/el-auge-de-las-oem-chinas-desde-una-perspectiva-local\/\" class=\"plain\">M\u00e1s informaci\u00f3n<\/a><\/div>\n                    \n\t\t\t\t\t\n\t\t\t\t\t\n\t\t\t\t\t<\/div>\n\t\t\t\t\t<\/div>\n\t\t\t\t\t\t\t\t\t<\/div>\n\t\t\t\t\n\t\t\t<\/div>\n\t\t<\/div>\n\t\t<div class=\"col post-item\" >\n\t\t\t<div class=\"col-inner\">\n\t\t\t\t<div class=\"box box-normal box-text-bottom box-blog-post has-hover\">\n\t\t\t\t\t\n          \t\t\t\t\t\n  \t\t\t\t\t<div class=\"box-image\" >\n  \t\t\t\t\t\t<div class=\"image-zoom image-zoom image-cover\" style=\"padding-top:56%;\">\n  \t\t\t\t\t\t\t<a href=\"https:\/\/www.md-elektronik.com\/es\/los-metodos-digitales-de-desarrollo-acortan-el-plazo-de-lanzamiento-al-mercado-de-los-cables-de-datos-en-el-automovil\/\"><img decoding=\"async\" width=\"1020\" height=\"510\" src=\"https:\/\/www.md-elektronik.com\/wp-content\/uploads\/2025\/06\/digital-development-2-1-1024x512.jpg\" class=\"attachment-large size-large wp-post-image\" alt=\"\" srcset=\"https:\/\/www.md-elektronik.com\/wp-content\/uploads\/2025\/06\/digital-development-2-1-1024x512.jpg 1024w, https:\/\/www.md-elektronik.com\/wp-content\/uploads\/2025\/06\/digital-development-2-1-300x150.jpg 300w, https:\/\/www.md-elektronik.com\/wp-content\/uploads\/2025\/06\/digital-development-2-1-768x384.jpg 768w, https:\/\/www.md-elektronik.com\/wp-content\/uploads\/2025\/06\/digital-development-2-1.jpg 1200w\" sizes=\"(max-width: 1020px) 100vw, 1020px\" \/><\/a>\n  \t\t\t\t\t\t\t  \t\t\t\t\t\t\t  \t\t\t\t\t\t<\/div>\n  \t\t\t\t\t\t  \t\t\t\t\t<\/div>\n          \t\t\t\t\t\n\t\t\t\t\t<div class=\"box-text text-left is-small\" style=\"background-color:rgb(252, 252, 252);padding:30px 30px 30px 30px;\">\n\t\t\t\t\t<div class=\"box-text-inner blog-post-inner\">\n\n\t\t\t\t\t\n\t\t\t\t\t\t\n\t\t\t\t\t\t<div class=\"custom_author\">\t <a href=\"https:\/\/www.md-elektronik.com\/de\/johannes-trae\/\"><i class=\"far fa-user\"><\/i> Johannes Trae<\/a> <span class=\"post-meta is-small op-8\">26 de junio de 2025<\/span><\/div>\n\t\t\t\t\t\t<h5 class=\"post-title is-larger \"><a href=\"https:\/\/www.md-elektronik.com\/es\/los-metodos-digitales-de-desarrollo-acortan-el-plazo-de-lanzamiento-al-mercado-de-los-cables-de-datos-en-el-automovil\/\">Los m\u00e9todos digitales de desarrollo acortan el plazo de lanzamiento al mercado de los cables de datos en el autom\u00f3vil<\/a><\/h5>\n\t\t\t\t\t<div class=\"is-divider\"><\/div>\n\t\t\t\t\t\t\t\t\t\t\t<div class=\"md-read-more\"><a href=\"https:\/\/www.md-elektronik.com\/es\/los-metodos-digitales-de-desarrollo-acortan-el-plazo-de-lanzamiento-al-mercado-de-los-cables-de-datos-en-el-automovil\/\" class=\"plain\">M\u00e1s informaci\u00f3n<\/a><\/div>\n                    \n\t\t\t\t\t\n\t\t\t\t\t\n\t\t\t\t\t<\/div>\n\t\t\t\t\t<\/div>\n\t\t\t\t\t\t\t\t\t<\/div>\n\t\t\t\t\n\t\t\t<\/div>\n\t\t<\/div>\n\t\t<div class=\"col post-item\" >\n\t\t\t<div class=\"col-inner\">\n\t\t\t\t<div class=\"box box-normal box-text-bottom box-blog-post has-hover\">\n\t\t\t\t\t\n          \t\t\t\t\t\n  \t\t\t\t\t<div class=\"box-image\" >\n  \t\t\t\t\t\t<div class=\"image-zoom image-zoom image-cover\" style=\"padding-top:56%;\">\n  \t\t\t\t\t\t\t<a href=\"https:\/\/www.md-elektronik.com\/es\/de-que-manera-la-conectividad-y-la-movilidad-urbana-estan-conformando-el-mercado-automovilistico-frances\/\"><img decoding=\"async\" width=\"1020\" height=\"574\" src=\"https:\/\/www.md-elektronik.com\/wp-content\/uploads\/2025\/06\/md_podcast_banner_1024x576_sladjan_ivanovicl.jpg\" class=\"attachment-large size-large wp-post-image\" alt=\"\" srcset=\"https:\/\/www.md-elektronik.com\/wp-content\/uploads\/2025\/06\/md_podcast_banner_1024x576_sladjan_ivanovicl.jpg 1024w, https:\/\/www.md-elektronik.com\/wp-content\/uploads\/2025\/06\/md_podcast_banner_1024x576_sladjan_ivanovicl-300x169.jpg 300w, https:\/\/www.md-elektronik.com\/wp-content\/uploads\/2025\/06\/md_podcast_banner_1024x576_sladjan_ivanovicl-768x432.jpg 768w\" sizes=\"(max-width: 1020px) 100vw, 1020px\" \/><\/a>\n  \t\t\t\t\t\t\t  \t\t\t\t\t\t\t  \t\t\t\t\t\t<\/div>\n  \t\t\t\t\t\t  \t\t\t\t\t<\/div>\n          \t\t\t\t\t\n\t\t\t\t\t<div class=\"box-text text-left is-small\" style=\"background-color:rgb(252, 252, 252);padding:30px 30px 30px 30px;\">\n\t\t\t\t\t<div class=\"box-text-inner blog-post-inner\">\n\n\t\t\t\t\t\n\t\t\t\t\t\t\n\t\t\t\t\t\t<div class=\"custom_author\">\t <a href=\"https:\/\/www.md-elektronik.com\/en\/sladjan-ivanovic\/\"><i class=\"far fa-user\"><\/i> Sladjan Ivanovic<\/a> <span class=\"post-meta is-small op-8\">12 de junio de 2025<\/span><\/div>\n\t\t\t\t\t\t<h5 class=\"post-title is-larger \"><a href=\"https:\/\/www.md-elektronik.com\/es\/de-que-manera-la-conectividad-y-la-movilidad-urbana-estan-conformando-el-mercado-automovilistico-frances\/\">\u00bfDe qu\u00e9 manera la conectividad y la movilidad urbana est\u00e1n conformando el mercado automovil\u00edstico franc\u00e9s?<\/a><\/h5>\n\t\t\t\t\t<div class=\"is-divider\"><\/div>\n\t\t\t\t\t\t\t\t\t\t\t<div class=\"md-read-more\"><a href=\"https:\/\/www.md-elektronik.com\/es\/de-que-manera-la-conectividad-y-la-movilidad-urbana-estan-conformando-el-mercado-automovilistico-frances\/\" class=\"plain\">M\u00e1s informaci\u00f3n<\/a><\/div>\n                    \n\t\t\t\t\t\n\t\t\t\t\t\n\t\t\t\t\t<\/div>\n\t\t\t\t\t<\/div>\n\t\t\t\t\t\t\t\t\t<\/div>\n\t\t\t\t\n\t\t\t<\/div>\n\t\t<\/div>\n\t\t<div class=\"col post-item\" >\n\t\t\t<div class=\"col-inner\">\n\t\t\t\t<div class=\"box box-normal box-text-bottom box-blog-post has-hover\">\n\t\t\t\t\t\n          \t\t\t\t\t\n  \t\t\t\t\t<div class=\"box-image\" >\n  \t\t\t\t\t\t<div class=\"image-zoom image-zoom image-cover\" style=\"padding-top:56%;\">\n  \t\t\t\t\t\t\t<a href=\"https:\/\/www.md-elektronik.com\/es\/transmision-segura-de-datos-en-vehiculos-interconectados-la-columna-vertebral-de-la-movilidad-moderna\/\"><img decoding=\"async\" width=\"1020\" height=\"612\" src=\"https:\/\/www.md-elektronik.com\/wp-content\/uploads\/2025\/05\/saefty-autonomous-driving-3-1024x614.jpg\" class=\"attachment-large size-large wp-post-image\" alt=\"\" srcset=\"https:\/\/www.md-elektronik.com\/wp-content\/uploads\/2025\/05\/saefty-autonomous-driving-3-1024x614.jpg 1024w, https:\/\/www.md-elektronik.com\/wp-content\/uploads\/2025\/05\/saefty-autonomous-driving-3-300x180.jpg 300w, https:\/\/www.md-elektronik.com\/wp-content\/uploads\/2025\/05\/saefty-autonomous-driving-3-768x461.jpg 768w, https:\/\/www.md-elektronik.com\/wp-content\/uploads\/2025\/05\/saefty-autonomous-driving-3.jpg 1200w\" sizes=\"(max-width: 1020px) 100vw, 1020px\" \/><\/a>\n  \t\t\t\t\t\t\t  \t\t\t\t\t\t\t  \t\t\t\t\t\t<\/div>\n  \t\t\t\t\t\t  \t\t\t\t\t<\/div>\n          \t\t\t\t\t\n\t\t\t\t\t<div class=\"box-text text-left is-small\" style=\"background-color:rgb(252, 252, 252);padding:30px 30px 30px 30px;\">\n\t\t\t\t\t<div class=\"box-text-inner blog-post-inner\">\n\n\t\t\t\t\t\n\t\t\t\t\t\t\n\t\t\t\t\t\t<div class=\"custom_author\">\t <a href=\"https:\/\/www.md-elektronik.com\/cs\/christian-neulinger\/\"><i class=\"far fa-user\"><\/i> Christian Neulinger<\/a> <span class=\"post-meta is-small op-8\">28 de mayo de 2025<\/span><\/div>\n\t\t\t\t\t\t<h5 class=\"post-title is-larger \"><a href=\"https:\/\/www.md-elektronik.com\/es\/transmision-segura-de-datos-en-vehiculos-interconectados-la-columna-vertebral-de-la-movilidad-moderna\/\">Transmisi\u00f3n segura de datos en veh\u00edculos interconectados: la columna vertebral de la movilidad moderna<\/a><\/h5>\n\t\t\t\t\t<div class=\"is-divider\"><\/div>\n\t\t\t\t\t\t\t\t\t\t\t<div class=\"md-read-more\"><a href=\"https:\/\/www.md-elektronik.com\/es\/transmision-segura-de-datos-en-vehiculos-interconectados-la-columna-vertebral-de-la-movilidad-moderna\/\" class=\"plain\">M\u00e1s informaci\u00f3n<\/a><\/div>\n                    \n\t\t\t\t\t\n\t\t\t\t\t\n\t\t\t\t\t<\/div>\n\t\t\t\t\t<\/div>\n\t\t\t\t\t\t\t\t\t<\/div>\n\t\t\t\t\n\t\t\t<\/div>\n\t\t<\/div>\n\t\t<div class=\"col post-item\" >\n\t\t\t<div class=\"col-inner\">\n\t\t\t\t<div class=\"box box-normal box-text-bottom box-blog-post has-hover\">\n\t\t\t\t\t\n          \t\t\t\t\t\n  \t\t\t\t\t<div class=\"box-image\" >\n  \t\t\t\t\t\t<div class=\"image-zoom image-zoom image-cover\" style=\"padding-top:56%;\">\n  \t\t\t\t\t\t\t<a href=\"https:\/\/www.md-elektronik.com\/es\/como-influyen-los-cambios-geopoliticos-en-la-evolucion-y-las-cadenas-de-suministro-en-el-sector-de-las-redes-de-a-bordo\/\"><img decoding=\"async\" width=\"1020\" height=\"574\" src=\"https:\/\/www.md-elektronik.com\/wp-content\/uploads\/2025\/05\/md_tt_wolfgang_banner_post.jpg\" class=\"attachment-large size-large wp-post-image\" alt=\"\" srcset=\"https:\/\/www.md-elektronik.com\/wp-content\/uploads\/2025\/05\/md_tt_wolfgang_banner_post.jpg 1024w, https:\/\/www.md-elektronik.com\/wp-content\/uploads\/2025\/05\/md_tt_wolfgang_banner_post-300x169.jpg 300w, https:\/\/www.md-elektronik.com\/wp-content\/uploads\/2025\/05\/md_tt_wolfgang_banner_post-768x432.jpg 768w\" sizes=\"(max-width: 1020px) 100vw, 1020px\" \/><\/a>\n  \t\t\t\t\t\t\t  \t\t\t\t\t\t\t  \t\t\t\t\t\t<\/div>\n  \t\t\t\t\t\t  \t\t\t\t\t<\/div>\n          \t\t\t\t\t\n\t\t\t\t\t<div class=\"box-text text-left is-small\" style=\"background-color:rgb(252, 252, 252);padding:30px 30px 30px 30px;\">\n\t\t\t\t\t<div class=\"box-text-inner blog-post-inner\">\n\n\t\t\t\t\t\n\t\t\t\t\t\t\n\t\t\t\t\t\t<div class=\"custom_author\">\t <a href=\"https:\/\/www.md-elektronik.com\/bg\/wolfgang-reitsamer\/\"><i class=\"far fa-user\"><\/i> Wolfgang Reitsamer<\/a> <span class=\"post-meta is-small op-8\">15 de mayo de 2025<\/span><\/div>\n\t\t\t\t\t\t<h5 class=\"post-title is-larger \"><a href=\"https:\/\/www.md-elektronik.com\/es\/como-influyen-los-cambios-geopoliticos-en-la-evolucion-y-las-cadenas-de-suministro-en-el-sector-de-las-redes-de-a-bordo\/\">\u00bfC\u00f3mo influyen los cambios geopol\u00edticos en la evoluci\u00f3n y las cadenas de suministro en el sector de las redes de a bordo?<\/a><\/h5>\n\t\t\t\t\t<div class=\"is-divider\"><\/div>\n\t\t\t\t\t\t\t\t\t\t\t<div class=\"md-read-more\"><a href=\"https:\/\/www.md-elektronik.com\/es\/como-influyen-los-cambios-geopoliticos-en-la-evolucion-y-las-cadenas-de-suministro-en-el-sector-de-las-redes-de-a-bordo\/\" class=\"plain\">M\u00e1s informaci\u00f3n<\/a><\/div>\n                    \n\t\t\t\t\t\n\t\t\t\t\t\n\t\t\t\t\t<\/div>\n\t\t\t\t\t<\/div>\n\t\t\t\t\t\t\t\t\t<\/div>\n\t\t\t\t\n\t\t\t<\/div>\n\t\t<\/div>\n\t\t<div class=\"col post-item\" >\n\t\t\t<div class=\"col-inner\">\n\t\t\t\t<div class=\"box box-normal box-text-bottom box-blog-post has-hover\">\n\t\t\t\t\t\n          \t\t\t\t\t\n  \t\t\t\t\t<div class=\"box-image\" >\n  \t\t\t\t\t\t<div class=\"image-zoom image-zoom image-cover\" style=\"padding-top:56%;\">\n  \t\t\t\t\t\t\t<a href=\"https:\/\/www.md-elektronik.com\/es\/que-importancia-tienen-los-sensores-para-los-vehiculos-autonomos\/\"><img decoding=\"async\" width=\"1020\" height=\"574\" src=\"https:\/\/www.md-elektronik.com\/wp-content\/uploads\/2023\/01\/tt_gerd_mittermaier.jpg\" class=\"attachment-large size-large wp-post-image\" alt=\"\" srcset=\"https:\/\/www.md-elektronik.com\/wp-content\/uploads\/2023\/01\/tt_gerd_mittermaier.jpg 1024w, https:\/\/www.md-elektronik.com\/wp-content\/uploads\/2023\/01\/tt_gerd_mittermaier-300x169.jpg 300w, https:\/\/www.md-elektronik.com\/wp-content\/uploads\/2023\/01\/tt_gerd_mittermaier-768x432.jpg 768w\" sizes=\"(max-width: 1020px) 100vw, 1020px\" \/><\/a>\n  \t\t\t\t\t\t\t  \t\t\t\t\t\t\t  \t\t\t\t\t\t<\/div>\n  \t\t\t\t\t\t  \t\t\t\t\t<\/div>\n          \t\t\t\t\t\n\t\t\t\t\t<div class=\"box-text text-left is-small\" style=\"background-color:rgb(252, 252, 252);padding:30px 30px 30px 30px;\">\n\t\t\t\t\t<div class=\"box-text-inner blog-post-inner\">\n\n\t\t\t\t\t\n\t\t\t\t\t\t\n\t\t\t\t\t\t<div class=\"custom_author\">\t <a href=\"https:\/\/www.md-elektronik.com\/de\/gerd-mittermaier\/\"><i class=\"far fa-user\"><\/i> Gerd Mittermaier<\/a> <span class=\"post-meta is-small op-8\">25 de abril de 2025<\/span><\/div>\n\t\t\t\t\t\t<h5 class=\"post-title is-larger \"><a href=\"https:\/\/www.md-elektronik.com\/es\/que-importancia-tienen-los-sensores-para-los-vehiculos-autonomos\/\">\u00bfQu\u00e9 importancia tienen los sensores para los veh\u00edculos aut\u00f3nomos?<\/a><\/h5>\n\t\t\t\t\t<div class=\"is-divider\"><\/div>\n\t\t\t\t\t\t\t\t\t\t\t<div class=\"md-read-more\"><a href=\"https:\/\/www.md-elektronik.com\/es\/que-importancia-tienen-los-sensores-para-los-vehiculos-autonomos\/\" class=\"plain\">M\u00e1s informaci\u00f3n<\/a><\/div>\n                    \n\t\t\t\t\t\n\t\t\t\t\t\n\t\t\t\t\t<\/div>\n\t\t\t\t\t<\/div>\n\t\t\t\t\t\t\t\t\t<\/div>\n\t\t\t\t\n\t\t\t<\/div>\n\t\t<\/div>\n\t\t<div class=\"col post-item\" >\n\t\t\t<div class=\"col-inner\">\n\t\t\t\t<div class=\"box box-normal box-text-bottom box-blog-post has-hover\">\n\t\t\t\t\t\n          \t\t\t\t\t\n  \t\t\t\t\t<div class=\"box-image\" >\n  \t\t\t\t\t\t<div class=\"image-zoom image-zoom image-cover\" style=\"padding-top:56%;\">\n  \t\t\t\t\t\t\t<a href=\"https:\/\/www.md-elektronik.com\/es\/las-ventajas-de-la-transmision-optica-de-datos-para-la-aplicacion-en-vehiculos\/\"><img decoding=\"async\" width=\"1020\" height=\"572\" src=\"https:\/\/www.md-elektronik.com\/wp-content\/uploads\/2025\/04\/The-advantages-of-optical-data-transmission-in-vehicle-1024x574.jpg\" class=\"attachment-large size-large wp-post-image\" alt=\"\" srcset=\"https:\/\/www.md-elektronik.com\/wp-content\/uploads\/2025\/04\/The-advantages-of-optical-data-transmission-in-vehicle-1024x574.jpg 1024w, https:\/\/www.md-elektronik.com\/wp-content\/uploads\/2025\/04\/The-advantages-of-optical-data-transmission-in-vehicle-300x168.jpg 300w, https:\/\/www.md-elektronik.com\/wp-content\/uploads\/2025\/04\/The-advantages-of-optical-data-transmission-in-vehicle-768x430.jpg 768w, https:\/\/www.md-elektronik.com\/wp-content\/uploads\/2025\/04\/The-advantages-of-optical-data-transmission-in-vehicle.jpg 1440w\" sizes=\"(max-width: 1020px) 100vw, 1020px\" \/><\/a>\n  \t\t\t\t\t\t\t  \t\t\t\t\t\t\t  \t\t\t\t\t\t<\/div>\n  \t\t\t\t\t\t  \t\t\t\t\t<\/div>\n          \t\t\t\t\t\n\t\t\t\t\t<div class=\"box-text text-left is-small\" style=\"background-color:rgb(252, 252, 252);padding:30px 30px 30px 30px;\">\n\t\t\t\t\t<div class=\"box-text-inner blog-post-inner\">\n\n\t\t\t\t\t\n\t\t\t\t\t\t\n\t\t\t\t\t\t<div class=\"custom_author\">\t <a href=\"https:\/\/www.md-elektronik.com\/bg\/helmut-pritz\/\"><i class=\"far fa-user\"><\/i> Helmut Pritz<\/a> <span class=\"post-meta is-small op-8\">10 de abril de 2025<\/span><\/div>\n\t\t\t\t\t\t<h5 class=\"post-title is-larger \"><a href=\"https:\/\/www.md-elektronik.com\/es\/las-ventajas-de-la-transmision-optica-de-datos-para-la-aplicacion-en-vehiculos\/\">Las ventajas de la transmisi\u00f3n \u00f3ptica de datos para la aplicaci\u00f3n en veh\u00edculos\u00a0<\/a><\/h5>\n\t\t\t\t\t<div class=\"is-divider\"><\/div>\n\t\t\t\t\t\t\t\t\t\t\t<div class=\"md-read-more\"><a href=\"https:\/\/www.md-elektronik.com\/es\/las-ventajas-de-la-transmision-optica-de-datos-para-la-aplicacion-en-vehiculos\/\" class=\"plain\">M\u00e1s informaci\u00f3n<\/a><\/div>\n                    \n\t\t\t\t\t\n\t\t\t\t\t\n\t\t\t\t\t<\/div>\n\t\t\t\t\t<\/div>\n\t\t\t\t\t\t\t\t\t<\/div>\n\t\t\t\t\n\t\t\t<\/div>\n\t\t<\/div>\n\t\t<div class=\"col post-item\" >\n\t\t\t<div class=\"col-inner\">\n\t\t\t\t<div class=\"box box-normal box-text-bottom box-blog-post has-hover\">\n\t\t\t\t\t\n          \t\t\t\t\t\n  \t\t\t\t\t<div class=\"box-image\" >\n  \t\t\t\t\t\t<div class=\"image-zoom image-zoom image-cover\" style=\"padding-top:56%;\">\n  \t\t\t\t\t\t\t<a href=\"https:\/\/www.md-elektronik.com\/es\/como-consigue-un-proveedor-global-de-la-industria-automovilistica-equilibrar-los-diferentes-requisitos-de-los-clientes-en-distintos-mercados\/\"><img decoding=\"async\" width=\"1020\" height=\"574\" src=\"https:\/\/www.md-elektronik.com\/wp-content\/uploads\/2025\/01\/md_podcast_banner_1024x576_tk.jpg\" class=\"attachment-large size-large wp-post-image\" alt=\"\" srcset=\"https:\/\/www.md-elektronik.com\/wp-content\/uploads\/2025\/01\/md_podcast_banner_1024x576_tk.jpg 1024w, https:\/\/www.md-elektronik.com\/wp-content\/uploads\/2025\/01\/md_podcast_banner_1024x576_tk-300x169.jpg 300w, https:\/\/www.md-elektronik.com\/wp-content\/uploads\/2025\/01\/md_podcast_banner_1024x576_tk-768x432.jpg 768w\" sizes=\"(max-width: 1020px) 100vw, 1020px\" \/><\/a>\n  \t\t\t\t\t\t\t  \t\t\t\t\t\t\t  \t\t\t\t\t\t<\/div>\n  \t\t\t\t\t\t  \t\t\t\t\t<\/div>\n          \t\t\t\t\t\n\t\t\t\t\t<div class=\"box-text text-left is-small\" style=\"background-color:rgb(252, 252, 252);padding:30px 30px 30px 30px;\">\n\t\t\t\t\t<div class=\"box-text-inner blog-post-inner\">\n\n\t\t\t\t\t\n\t\t\t\t\t\t\n\t\t\t\t\t\t<div class=\"custom_author\">\t <a href=\"https:\/\/www.md-elektronik.com\/en\/?page_id=16630\"><i class=\"far fa-user\"><\/i> Thomas Knoblauch<\/a> <span class=\"post-meta is-small op-8\">16 de enero de 2025<\/span><\/div>\n\t\t\t\t\t\t<h5 class=\"post-title is-larger \"><a href=\"https:\/\/www.md-elektronik.com\/es\/como-consigue-un-proveedor-global-de-la-industria-automovilistica-equilibrar-los-diferentes-requisitos-de-los-clientes-en-distintos-mercados\/\">\u00ab\u00bfC\u00f3mo consigue un proveedor global de la industria automovil\u00edstica equilibrar los diferentes requisitos de los clientes en distintos mercados?\u00bb<\/a><\/h5>\n\t\t\t\t\t<div class=\"is-divider\"><\/div>\n\t\t\t\t\t\t\t\t\t\t\t<div class=\"md-read-more\"><a href=\"https:\/\/www.md-elektronik.com\/es\/como-consigue-un-proveedor-global-de-la-industria-automovilistica-equilibrar-los-diferentes-requisitos-de-los-clientes-en-distintos-mercados\/\" class=\"plain\">M\u00e1s informaci\u00f3n<\/a><\/div>\n                    \n\t\t\t\t\t\n\t\t\t\t\t\n\t\t\t\t\t<\/div>\n\t\t\t\t\t<\/div>\n\t\t\t\t\t\t\t\t\t<\/div>\n\t\t\t\t\n\t\t\t<\/div>\n\t\t<\/div>\n\t\t<div class=\"col post-item\" >\n\t\t\t<div class=\"col-inner\">\n\t\t\t\t<div class=\"box box-normal box-text-bottom box-blog-post has-hover\">\n\t\t\t\t\t\n          \t\t\t\t\t\n  \t\t\t\t\t<div class=\"box-image\" >\n  \t\t\t\t\t\t<div class=\"image-zoom image-zoom image-cover\" style=\"padding-top:56%;\">\n  \t\t\t\t\t\t\t<a href=\"https:\/\/www.md-elektronik.com\/es\/c-klic-un-sistema-de-conexion-para-automocion-adelantado-a-su-tiempo\/\"><img decoding=\"async\" width=\"1020\" height=\"574\" src=\"https:\/\/www.md-elektronik.com\/wp-content\/uploads\/2024\/11\/tt_egnl_geier.jpg\" class=\"attachment-large size-large wp-post-image\" alt=\"\" srcset=\"https:\/\/www.md-elektronik.com\/wp-content\/uploads\/2024\/11\/tt_egnl_geier.jpg 1024w, https:\/\/www.md-elektronik.com\/wp-content\/uploads\/2024\/11\/tt_egnl_geier-300x169.jpg 300w, https:\/\/www.md-elektronik.com\/wp-content\/uploads\/2024\/11\/tt_egnl_geier-768x432.jpg 768w\" sizes=\"(max-width: 1020px) 100vw, 1020px\" \/><\/a>\n  \t\t\t\t\t\t\t  \t\t\t\t\t\t\t  \t\t\t\t\t\t<\/div>\n  \t\t\t\t\t\t  \t\t\t\t\t<\/div>\n          \t\t\t\t\t\n\t\t\t\t\t<div class=\"box-text text-left is-small\" style=\"background-color:rgb(252, 252, 252);padding:30px 30px 30px 30px;\">\n\t\t\t\t\t<div class=\"box-text-inner blog-post-inner\">\n\n\t\t\t\t\t\n\t\t\t\t\t\t\n\t\t\t\t\t\t<div class=\"custom_author\">\t <a href=\"https:\/\/www.md-elektronik.com\/en\/rudolf-engl-johann-geier\/\"><i class=\"far fa-user\"><\/i> Rudolf Engl - Johann Geier<\/a> <span class=\"post-meta is-small op-8\">28 de noviembre de 2024<\/span><\/div>\n\t\t\t\t\t\t<h5 class=\"post-title is-larger \"><a href=\"https:\/\/www.md-elektronik.com\/es\/c-klic-un-sistema-de-conexion-para-automocion-adelantado-a-su-tiempo\/\">C-KLIC: un sistema de conexi\u00f3n para automoci\u00f3n adelantado a su tiempo<\/a><\/h5>\n\t\t\t\t\t<div class=\"is-divider\"><\/div>\n\t\t\t\t\t\t\t\t\t\t\t<div class=\"md-read-more\"><a href=\"https:\/\/www.md-elektronik.com\/es\/c-klic-un-sistema-de-conexion-para-automocion-adelantado-a-su-tiempo\/\" class=\"plain\">M\u00e1s informaci\u00f3n<\/a><\/div>\n                    \n\t\t\t\t\t\n\t\t\t\t\t\n\t\t\t\t\t<\/div>\n\t\t\t\t\t<\/div>\n\t\t\t\t\t\t\t\t\t<\/div>\n\t\t\t\t\n\t\t\t<\/div>\n\t\t<\/div>\n\t\t<div class=\"col post-item\" >\n\t\t\t<div class=\"col-inner\">\n\t\t\t\t<div class=\"box box-normal box-text-bottom box-blog-post has-hover\">\n\t\t\t\t\t\n          \t\t\t\t\t\n  \t\t\t\t\t<div class=\"box-image\" >\n  \t\t\t\t\t\t<div class=\"image-zoom image-zoom image-cover\" style=\"padding-top:56%;\">\n  \t\t\t\t\t\t\t<a href=\"https:\/\/www.md-elektronik.com\/es\/sistemas-de-conexion-y-transmision-de-datos-en-las-redes-de-a-bordo-modernas\/\"><img decoding=\"async\" width=\"1020\" height=\"572\" src=\"https:\/\/www.md-elektronik.com\/wp-content\/uploads\/2024\/11\/blog-stecksystem-datenuebertragung-md-1024x574.jpg\" class=\"attachment-large size-large wp-post-image\" alt=\"\" srcset=\"https:\/\/www.md-elektronik.com\/wp-content\/uploads\/2024\/11\/blog-stecksystem-datenuebertragung-md-1024x574.jpg 1024w, https:\/\/www.md-elektronik.com\/wp-content\/uploads\/2024\/11\/blog-stecksystem-datenuebertragung-md-300x168.jpg 300w, https:\/\/www.md-elektronik.com\/wp-content\/uploads\/2024\/11\/blog-stecksystem-datenuebertragung-md-768x430.jpg 768w, https:\/\/www.md-elektronik.com\/wp-content\/uploads\/2024\/11\/blog-stecksystem-datenuebertragung-md.jpg 1440w\" sizes=\"(max-width: 1020px) 100vw, 1020px\" \/><\/a>\n  \t\t\t\t\t\t\t  \t\t\t\t\t\t\t  \t\t\t\t\t\t<\/div>\n  \t\t\t\t\t\t  \t\t\t\t\t<\/div>\n          \t\t\t\t\t\n\t\t\t\t\t<div class=\"box-text text-left is-small\" style=\"background-color:rgb(252, 252, 252);padding:30px 30px 30px 30px;\">\n\t\t\t\t\t<div class=\"box-text-inner blog-post-inner\">\n\n\t\t\t\t\t\n\t\t\t\t\t\t\n\t\t\t\t\t\t<div class=\"custom_author\">\t <a href=\"https:\/\/www.md-elektronik.com\/de\/tobias-hartl-klaus-bramhofer\/\"><i class=\"far fa-user\"><\/i> Tobias Hartl - Klaus Bramhofer<\/a> <span class=\"post-meta is-small op-8\">7 de noviembre de 2024<\/span><\/div>\n\t\t\t\t\t\t<h5 class=\"post-title is-larger \"><a href=\"https:\/\/www.md-elektronik.com\/es\/sistemas-de-conexion-y-transmision-de-datos-en-las-redes-de-a-bordo-modernas\/\">Sistemas de conexi\u00f3n y transmisi\u00f3n de datos en las redes de a bordo modernas<\/a><\/h5>\n\t\t\t\t\t<div class=\"is-divider\"><\/div>\n\t\t\t\t\t\t\t\t\t\t\t<div class=\"md-read-more\"><a href=\"https:\/\/www.md-elektronik.com\/es\/sistemas-de-conexion-y-transmision-de-datos-en-las-redes-de-a-bordo-modernas\/\" class=\"plain\">M\u00e1s informaci\u00f3n<\/a><\/div>\n                    \n\t\t\t\t\t\n\t\t\t\t\t\n\t\t\t\t\t<\/div>\n\t\t\t\t\t<\/div>\n\t\t\t\t\t\t\t\t\t<\/div>\n\t\t\t\t\n\t\t\t<\/div>\n\t\t<\/div>\n\t\t<div class=\"col post-item\" >\n\t\t\t<div class=\"col-inner\">\n\t\t\t\t<div class=\"box box-normal box-text-bottom box-blog-post has-hover\">\n\t\t\t\t\t\n          \t\t\t\t\t\n  \t\t\t\t\t<div class=\"box-image\" >\n  \t\t\t\t\t\t<div class=\"image-zoom image-zoom image-cover\" style=\"padding-top:56%;\">\n  \t\t\t\t\t\t\t<a href=\"https:\/\/www.md-elektronik.com\/es\/la-industria-automovilistica-en-japon-y-china-desarrollo-diferencias-y-estrategias\/\"><img decoding=\"async\" width=\"1020\" height=\"574\" src=\"https:\/\/www.md-elektronik.com\/wp-content\/uploads\/2024\/10\/tt_teddy_ishida.jpg\" class=\"attachment-large size-large wp-post-image\" alt=\"\" srcset=\"https:\/\/www.md-elektronik.com\/wp-content\/uploads\/2024\/10\/tt_teddy_ishida.jpg 1024w, https:\/\/www.md-elektronik.com\/wp-content\/uploads\/2024\/10\/tt_teddy_ishida-300x169.jpg 300w, https:\/\/www.md-elektronik.com\/wp-content\/uploads\/2024\/10\/tt_teddy_ishida-768x432.jpg 768w\" sizes=\"(max-width: 1020px) 100vw, 1020px\" \/><\/a>\n  \t\t\t\t\t\t\t  \t\t\t\t\t\t\t  \t\t\t\t\t\t<\/div>\n  \t\t\t\t\t\t  \t\t\t\t\t<\/div>\n          \t\t\t\t\t\n\t\t\t\t\t<div class=\"box-text text-left is-small\" style=\"background-color:rgb(252, 252, 252);padding:30px 30px 30px 30px;\">\n\t\t\t\t\t<div class=\"box-text-inner blog-post-inner\">\n\n\t\t\t\t\t\n\t\t\t\t\t\t\n\t\t\t\t\t\t<div class=\"custom_author\">\t <a href=\"https:\/\/www.md-elektronik.com\/en\/teddy-ishida\/\"><i class=\"far fa-user\"><\/i> Teddy Ishida<\/a> <span class=\"post-meta is-small op-8\">17 de octubre de 2024<\/span><\/div>\n\t\t\t\t\t\t<h5 class=\"post-title is-larger \"><a href=\"https:\/\/www.md-elektronik.com\/es\/la-industria-automovilistica-en-japon-y-china-desarrollo-diferencias-y-estrategias\/\">La industria automovil\u00edstica en Jap\u00f3n y China: desarrollo, diferencias y estrategias<\/a><\/h5>\n\t\t\t\t\t<div class=\"is-divider\"><\/div>\n\t\t\t\t\t\t\t\t\t\t\t<div class=\"md-read-more\"><a href=\"https:\/\/www.md-elektronik.com\/es\/la-industria-automovilistica-en-japon-y-china-desarrollo-diferencias-y-estrategias\/\" class=\"plain\">M\u00e1s informaci\u00f3n<\/a><\/div>\n                    \n\t\t\t\t\t\n\t\t\t\t\t\n\t\t\t\t\t<\/div>\n\t\t\t\t\t<\/div>\n\t\t\t\t\t\t\t\t\t<\/div>\n\t\t\t\t\n\t\t\t<\/div>\n\t\t<\/div>\n\t\t<div class=\"col post-item\" >\n\t\t\t<div class=\"col-inner\">\n\t\t\t\t<div class=\"box box-normal box-text-bottom box-blog-post has-hover\">\n\t\t\t\t\t\n          \t\t\t\t\t\n  \t\t\t\t\t<div class=\"box-image\" >\n  \t\t\t\t\t\t<div class=\"image-zoom image-zoom image-cover\" style=\"padding-top:56%;\">\n  \t\t\t\t\t\t\t<a href=\"https:\/\/www.md-elektronik.com\/es\/la-proxima-generacion-de-mazos-de-cables-para-vehiculos-conectados\/\"><img decoding=\"async\" width=\"1020\" height=\"574\" src=\"https:\/\/www.md-elektronik.com\/wp-content\/uploads\/2024\/09\/tt_oscar_vega.jpg\" class=\"attachment-large size-large wp-post-image\" alt=\"\" srcset=\"https:\/\/www.md-elektronik.com\/wp-content\/uploads\/2024\/09\/tt_oscar_vega.jpg 1024w, https:\/\/www.md-elektronik.com\/wp-content\/uploads\/2024\/09\/tt_oscar_vega-300x169.jpg 300w, https:\/\/www.md-elektronik.com\/wp-content\/uploads\/2024\/09\/tt_oscar_vega-768x432.jpg 768w\" sizes=\"(max-width: 1020px) 100vw, 1020px\" \/><\/a>\n  \t\t\t\t\t\t\t  \t\t\t\t\t\t\t  \t\t\t\t\t\t<\/div>\n  \t\t\t\t\t\t  \t\t\t\t\t<\/div>\n          \t\t\t\t\t\n\t\t\t\t\t<div class=\"box-text text-left is-small\" style=\"background-color:rgb(252, 252, 252);padding:30px 30px 30px 30px;\">\n\t\t\t\t\t<div class=\"box-text-inner blog-post-inner\">\n\n\t\t\t\t\t\n\t\t\t\t\t\t\n\t\t\t\t\t\t<div class=\"custom_author\">\t <a href=\"https:\/\/www.md-elektronik.com\"><i class=\"far fa-user\"><\/i> Oscar Vega<\/a> <span class=\"post-meta is-small op-8\">12 de septiembre de 2024<\/span><\/div>\n\t\t\t\t\t\t<h5 class=\"post-title is-larger \"><a href=\"https:\/\/www.md-elektronik.com\/es\/la-proxima-generacion-de-mazos-de-cables-para-vehiculos-conectados\/\">La pr\u00f3xima generaci\u00f3n de mazos de cables para veh\u00edculos conectados<\/a><\/h5>\n\t\t\t\t\t<div class=\"is-divider\"><\/div>\n\t\t\t\t\t\t\t\t\t\t\t<div class=\"md-read-more\"><a href=\"https:\/\/www.md-elektronik.com\/es\/la-proxima-generacion-de-mazos-de-cables-para-vehiculos-conectados\/\" class=\"plain\">M\u00e1s informaci\u00f3n<\/a><\/div>\n                    \n\t\t\t\t\t\n\t\t\t\t\t\n\t\t\t\t\t<\/div>\n\t\t\t\t\t<\/div>\n\t\t\t\t\t\t\t\t\t<\/div>\n\t\t\t\t\n\t\t\t<\/div>\n\t\t<\/div>\n\t\t<div class=\"col post-item\" >\n\t\t\t<div class=\"col-inner\">\n\t\t\t\t<div class=\"box box-normal box-text-bottom box-blog-post has-hover\">\n\t\t\t\t\t\n          \t\t\t\t\t\n  \t\t\t\t\t<div class=\"box-image\" >\n  \t\t\t\t\t\t<div class=\"image-zoom image-zoom image-cover\" style=\"padding-top:56%;\">\n  \t\t\t\t\t\t\t<a href=\"https:\/\/www.md-elektronik.com\/es\/como-se-pueden-transmitir-datos-y-potencia-de-la-forma-mas-eficiente-posible-en-la-red-de-a-bordo-del-vehiculo\/\"><img decoding=\"async\" width=\"1020\" height=\"574\" src=\"https:\/\/www.md-elektronik.com\/wp-content\/uploads\/2024\/08\/md-post-c-klic-1024x576.jpg\" class=\"attachment-large size-large wp-post-image\" alt=\"\" srcset=\"https:\/\/www.md-elektronik.com\/wp-content\/uploads\/2024\/08\/md-post-c-klic-1024x576.jpg 1024w, https:\/\/www.md-elektronik.com\/wp-content\/uploads\/2024\/08\/md-post-c-klic-300x169.jpg 300w, https:\/\/www.md-elektronik.com\/wp-content\/uploads\/2024\/08\/md-post-c-klic-768x432.jpg 768w, https:\/\/www.md-elektronik.com\/wp-content\/uploads\/2024\/08\/md-post-c-klic.jpg 1440w\" sizes=\"(max-width: 1020px) 100vw, 1020px\" \/><\/a>\n  \t\t\t\t\t\t\t  \t\t\t\t\t\t\t  \t\t\t\t\t\t<\/div>\n  \t\t\t\t\t\t  \t\t\t\t\t<\/div>\n          \t\t\t\t\t\n\t\t\t\t\t<div class=\"box-text text-left is-small\" style=\"background-color:rgb(252, 252, 252);padding:30px 30px 30px 30px;\">\n\t\t\t\t\t<div class=\"box-text-inner blog-post-inner\">\n\n\t\t\t\t\t\n\t\t\t\t\t\t\n\t\t\t\t\t\t<div class=\"custom_author\">\t <a href=\"https:\/\/www.md-elektronik.com\/bg\/christoph-zauner\/\"><i class=\"far fa-user\"><\/i> Christoph Zauner<\/a> <span class=\"post-meta is-small op-8\">29 de agosto de 2024<\/span><\/div>\n\t\t\t\t\t\t<h5 class=\"post-title is-larger \"><a href=\"https:\/\/www.md-elektronik.com\/es\/como-se-pueden-transmitir-datos-y-potencia-de-la-forma-mas-eficiente-posible-en-la-red-de-a-bordo-del-vehiculo\/\">\u00bfC\u00f3mo se pueden transmitir datos y potencia de la forma m\u00e1s eficiente posible en la red de a bordo del veh\u00edculo?\u00a0<\/a><\/h5>\n\t\t\t\t\t<div class=\"is-divider\"><\/div>\n\t\t\t\t\t\t\t\t\t\t\t<div class=\"md-read-more\"><a href=\"https:\/\/www.md-elektronik.com\/es\/como-se-pueden-transmitir-datos-y-potencia-de-la-forma-mas-eficiente-posible-en-la-red-de-a-bordo-del-vehiculo\/\" class=\"plain\">M\u00e1s informaci\u00f3n<\/a><\/div>\n                    \n\t\t\t\t\t\n\t\t\t\t\t\n\t\t\t\t\t<\/div>\n\t\t\t\t\t<\/div>\n\t\t\t\t\t\t\t\t\t<\/div>\n\t\t\t\t\n\t\t\t<\/div>\n\t\t<\/div>\n\t\t<div class=\"col post-item\" >\n\t\t\t<div class=\"col-inner\">\n\t\t\t\t<div class=\"box box-normal box-text-bottom box-blog-post has-hover\">\n\t\t\t\t\t\n          \t\t\t\t\t\n  \t\t\t\t\t<div class=\"box-image\" >\n  \t\t\t\t\t\t<div class=\"image-zoom image-zoom image-cover\" style=\"padding-top:56%;\">\n  \t\t\t\t\t\t\t<a href=\"https:\/\/www.md-elektronik.com\/es\/la-industria-automovilistica-de-china-diferentes-expectativas-y-requisitos-para-los-proveedores-en-comparacion-con-europa-y-ee-uu\/\"><img decoding=\"async\" width=\"1020\" height=\"574\" src=\"https:\/\/www.md-elektronik.com\/wp-content\/uploads\/2024\/08\/tt_youliang_zhuang.jpg\" class=\"attachment-large size-large wp-post-image\" alt=\"\" srcset=\"https:\/\/www.md-elektronik.com\/wp-content\/uploads\/2024\/08\/tt_youliang_zhuang.jpg 1024w, https:\/\/www.md-elektronik.com\/wp-content\/uploads\/2024\/08\/tt_youliang_zhuang-300x169.jpg 300w, https:\/\/www.md-elektronik.com\/wp-content\/uploads\/2024\/08\/tt_youliang_zhuang-768x432.jpg 768w\" sizes=\"(max-width: 1020px) 100vw, 1020px\" \/><\/a>\n  \t\t\t\t\t\t\t  \t\t\t\t\t\t\t  \t\t\t\t\t\t<\/div>\n  \t\t\t\t\t\t  \t\t\t\t\t<\/div>\n          \t\t\t\t\t\n\t\t\t\t\t<div class=\"box-text text-left is-small\" style=\"background-color:rgb(252, 252, 252);padding:30px 30px 30px 30px;\">\n\t\t\t\t\t<div class=\"box-text-inner blog-post-inner\">\n\n\t\t\t\t\t\n\t\t\t\t\t\t\n\t\t\t\t\t\t<div class=\"custom_author\">\t <a href=\"https:\/\/www.md-elektronik.com\/en\/youliang-zhuang\/\"><i class=\"far fa-user\"><\/i> Youliang Zhuang<\/a> <span class=\"post-meta is-small op-8\">14 de agosto de 2024<\/span><\/div>\n\t\t\t\t\t\t<h5 class=\"post-title is-larger \"><a href=\"https:\/\/www.md-elektronik.com\/es\/la-industria-automovilistica-de-china-diferentes-expectativas-y-requisitos-para-los-proveedores-en-comparacion-con-europa-y-ee-uu\/\">La industria automovil\u00edstica de China: diferentes expectativas y requisitos para los proveedores en comparaci\u00f3n con Europa y EE.\u00a0UU.<\/a><\/h5>\n\t\t\t\t\t<div class=\"is-divider\"><\/div>\n\t\t\t\t\t\t\t\t\t\t\t<div class=\"md-read-more\"><a href=\"https:\/\/www.md-elektronik.com\/es\/la-industria-automovilistica-de-china-diferentes-expectativas-y-requisitos-para-los-proveedores-en-comparacion-con-europa-y-ee-uu\/\" class=\"plain\">M\u00e1s informaci\u00f3n<\/a><\/div>\n                    \n\t\t\t\t\t\n\t\t\t\t\t\n\t\t\t\t\t<\/div>\n\t\t\t\t\t<\/div>\n\t\t\t\t\t\t\t\t\t<\/div>\n\t\t\t\t\n\t\t\t<\/div>\n\t\t<\/div>\n\t\t<div class=\"col post-item\" >\n\t\t\t<div class=\"col-inner\">\n\t\t\t\t<div class=\"box box-normal box-text-bottom box-blog-post has-hover\">\n\t\t\t\t\t\n          \t\t\t\t\t\n  \t\t\t\t\t<div class=\"box-image\" >\n  \t\t\t\t\t\t<div class=\"image-zoom image-zoom image-cover\" style=\"padding-top:56%;\">\n  \t\t\t\t\t\t\t<a href=\"https:\/\/www.md-elektronik.com\/es\/transformacion-tecnologica-en-la-red-de-a-bordo-los-cables-hibridos-como-solucion-transitoria\/\"><img decoding=\"async\" width=\"1020\" height=\"574\" src=\"https:\/\/www.md-elektronik.com\/wp-content\/uploads\/2024\/07\/md-elektronik-hybridleitungen-bordnetz.jpg\" class=\"attachment-large size-large wp-post-image\" alt=\"\" srcset=\"https:\/\/www.md-elektronik.com\/wp-content\/uploads\/2024\/07\/md-elektronik-hybridleitungen-bordnetz.jpg 1024w, https:\/\/www.md-elektronik.com\/wp-content\/uploads\/2024\/07\/md-elektronik-hybridleitungen-bordnetz-300x169.jpg 300w, https:\/\/www.md-elektronik.com\/wp-content\/uploads\/2024\/07\/md-elektronik-hybridleitungen-bordnetz-768x432.jpg 768w\" sizes=\"(max-width: 1020px) 100vw, 1020px\" \/><\/a>\n  \t\t\t\t\t\t\t  \t\t\t\t\t\t\t  \t\t\t\t\t\t<\/div>\n  \t\t\t\t\t\t  \t\t\t\t\t<\/div>\n          \t\t\t\t\t\n\t\t\t\t\t<div class=\"box-text text-left is-small\" style=\"background-color:rgb(252, 252, 252);padding:30px 30px 30px 30px;\">\n\t\t\t\t\t<div class=\"box-text-inner blog-post-inner\">\n\n\t\t\t\t\t\n\t\t\t\t\t\t\n\t\t\t\t\t\t<div class=\"custom_author\">\t <a href=\"https:\/\/www.md-elektronik.com\/en\/karl-heinz-lode\/\"><i class=\"far fa-user\"><\/i> Karl-Heinz Lode<\/a> <span class=\"post-meta is-small op-8\">25 de julio de 2024<\/span><\/div>\n\t\t\t\t\t\t<h5 class=\"post-title is-larger \"><a href=\"https:\/\/www.md-elektronik.com\/es\/transformacion-tecnologica-en-la-red-de-a-bordo-los-cables-hibridos-como-solucion-transitoria\/\">Transformaci\u00f3n tecnol\u00f3gica en la red de a bordo: los cables h\u00edbridos como soluci\u00f3n transitoria<\/a><\/h5>\n\t\t\t\t\t<div class=\"is-divider\"><\/div>\n\t\t\t\t\t\t\t\t\t\t\t<div class=\"md-read-more\"><a href=\"https:\/\/www.md-elektronik.com\/es\/transformacion-tecnologica-en-la-red-de-a-bordo-los-cables-hibridos-como-solucion-transitoria\/\" class=\"plain\">M\u00e1s informaci\u00f3n<\/a><\/div>\n                    \n\t\t\t\t\t\n\t\t\t\t\t\n\t\t\t\t\t<\/div>\n\t\t\t\t\t<\/div>\n\t\t\t\t\t\t\t\t\t<\/div>\n\t\t\t\t\n\t\t\t<\/div>\n\t\t<\/div>\n\t\t<div class=\"col post-item\" >\n\t\t\t<div class=\"col-inner\">\n\t\t\t\t<div class=\"box box-normal box-text-bottom box-blog-post has-hover\">\n\t\t\t\t\t\n          \t\t\t\t\t\n  \t\t\t\t\t<div class=\"box-image\" >\n  \t\t\t\t\t\t<div class=\"image-zoom image-zoom image-cover\" style=\"padding-top:56%;\">\n  \t\t\t\t\t\t\t<a href=\"https:\/\/www.md-elektronik.com\/es\/la-influencia-de-internet-of-things-iot-en-los-vehiculos-modernos\/\"><img decoding=\"async\" width=\"1020\" height=\"574\" src=\"https:\/\/www.md-elektronik.com\/wp-content\/uploads\/2023\/01\/tt_gerd_mittermaier.jpg\" class=\"attachment-large size-large wp-post-image\" alt=\"\" srcset=\"https:\/\/www.md-elektronik.com\/wp-content\/uploads\/2023\/01\/tt_gerd_mittermaier.jpg 1024w, https:\/\/www.md-elektronik.com\/wp-content\/uploads\/2023\/01\/tt_gerd_mittermaier-300x169.jpg 300w, https:\/\/www.md-elektronik.com\/wp-content\/uploads\/2023\/01\/tt_gerd_mittermaier-768x432.jpg 768w\" sizes=\"(max-width: 1020px) 100vw, 1020px\" \/><\/a>\n  \t\t\t\t\t\t\t  \t\t\t\t\t\t\t  \t\t\t\t\t\t<\/div>\n  \t\t\t\t\t\t  \t\t\t\t\t<\/div>\n          \t\t\t\t\t\n\t\t\t\t\t<div class=\"box-text text-left is-small\" style=\"background-color:rgb(252, 252, 252);padding:30px 30px 30px 30px;\">\n\t\t\t\t\t<div class=\"box-text-inner blog-post-inner\">\n\n\t\t\t\t\t\n\t\t\t\t\t\t\n\t\t\t\t\t\t<div class=\"custom_author\">\t <a href=\"https:\/\/www.md-elektronik.com\/de\/gerd-mittermaier\/\"><i class=\"far fa-user\"><\/i> Gerd Mittermaier<\/a> <span class=\"post-meta is-small op-8\">10 de julio de 2024<\/span><\/div>\n\t\t\t\t\t\t<h5 class=\"post-title is-larger \"><a href=\"https:\/\/www.md-elektronik.com\/es\/la-influencia-de-internet-of-things-iot-en-los-vehiculos-modernos\/\">La influencia de Internet of Things (IoT) en los veh\u00edculos modernos<\/a><\/h5>\n\t\t\t\t\t<div class=\"is-divider\"><\/div>\n\t\t\t\t\t\t\t\t\t\t\t<div class=\"md-read-more\"><a href=\"https:\/\/www.md-elektronik.com\/es\/la-influencia-de-internet-of-things-iot-en-los-vehiculos-modernos\/\" class=\"plain\">M\u00e1s informaci\u00f3n<\/a><\/div>\n                    \n\t\t\t\t\t\n\t\t\t\t\t\n\t\t\t\t\t<\/div>\n\t\t\t\t\t<\/div>\n\t\t\t\t\t\t\t\t\t<\/div>\n\t\t\t\t\n\t\t\t<\/div>\n\t\t<\/div>\n\t\t<div class=\"col post-item\" >\n\t\t\t<div class=\"col-inner\">\n\t\t\t\t<div class=\"box box-normal box-text-bottom box-blog-post has-hover\">\n\t\t\t\t\t\n          \t\t\t\t\t\n  \t\t\t\t\t<div class=\"box-image\" >\n  \t\t\t\t\t\t<div class=\"image-zoom image-zoom image-cover\" style=\"padding-top:56%;\">\n  \t\t\t\t\t\t\t<a href=\"https:\/\/www.md-elektronik.com\/es\/cadenas-de-suministro-resistentes-estrategias-de-los-proveedores-de-la-industria-automovilistica-en-tiempos-de-conflictos-comerciales-globales\/\"><img decoding=\"async\" width=\"1020\" height=\"574\" src=\"https:\/\/www.md-elektronik.com\/wp-content\/uploads\/2024\/06\/md-elektronik-resilient-supply-chains.jpg\" class=\"attachment-large size-large wp-post-image\" alt=\"\" srcset=\"https:\/\/www.md-elektronik.com\/wp-content\/uploads\/2024\/06\/md-elektronik-resilient-supply-chains.jpg 1024w, https:\/\/www.md-elektronik.com\/wp-content\/uploads\/2024\/06\/md-elektronik-resilient-supply-chains-300x169.jpg 300w, https:\/\/www.md-elektronik.com\/wp-content\/uploads\/2024\/06\/md-elektronik-resilient-supply-chains-768x432.jpg 768w\" sizes=\"(max-width: 1020px) 100vw, 1020px\" \/><\/a>\n  \t\t\t\t\t\t\t  \t\t\t\t\t\t\t  \t\t\t\t\t\t<\/div>\n  \t\t\t\t\t\t  \t\t\t\t\t<\/div>\n          \t\t\t\t\t\n\t\t\t\t\t<div class=\"box-text text-left is-small\" style=\"background-color:rgb(252, 252, 252);padding:30px 30px 30px 30px;\">\n\t\t\t\t\t<div class=\"box-text-inner blog-post-inner\">\n\n\t\t\t\t\t\n\t\t\t\t\t\t\n\t\t\t\t\t\t<div class=\"custom_author\">\t <a href=\"https:\/\/www.md-elektronik.com\/bg\/wolfgang-reitsamer\/\"><i class=\"far fa-user\"><\/i> Wolfgang Reitsamer<\/a> <span class=\"post-meta is-small op-8\">26 de junio de 2024<\/span><\/div>\n\t\t\t\t\t\t<h5 class=\"post-title is-larger \"><a href=\"https:\/\/www.md-elektronik.com\/es\/cadenas-de-suministro-resistentes-estrategias-de-los-proveedores-de-la-industria-automovilistica-en-tiempos-de-conflictos-comerciales-globales\/\">Cadenas de suministro resistentes: estrategias de los proveedores de la industria automovil\u00edstica en tiempos de conflictos comerciales globales<\/a><\/h5>\n\t\t\t\t\t<div class=\"is-divider\"><\/div>\n\t\t\t\t\t\t\t\t\t\t\t<div class=\"md-read-more\"><a href=\"https:\/\/www.md-elektronik.com\/es\/cadenas-de-suministro-resistentes-estrategias-de-los-proveedores-de-la-industria-automovilistica-en-tiempos-de-conflictos-comerciales-globales\/\" class=\"plain\">M\u00e1s informaci\u00f3n<\/a><\/div>\n                    \n\t\t\t\t\t\n\t\t\t\t\t\n\t\t\t\t\t<\/div>\n\t\t\t\t\t<\/div>\n\t\t\t\t\t\t\t\t\t<\/div>\n\t\t\t\t\n\t\t\t<\/div>\n\t\t<\/div>\n\t\t<div class=\"col post-item\" >\n\t\t\t<div class=\"col-inner\">\n\t\t\t\t<div class=\"box box-normal box-text-bottom box-blog-post has-hover\">\n\t\t\t\t\t\n          \t\t\t\t\t\n  \t\t\t\t\t<div class=\"box-image\" >\n  \t\t\t\t\t\t<div class=\"image-zoom image-zoom image-cover\" style=\"padding-top:56%;\">\n  \t\t\t\t\t\t\t<a href=\"https:\/\/www.md-elektronik.com\/es\/el-cableado-del-futuro-navegando-por-las-tendencias-y-tecnologias-de-movilidad-electrica-en-el-mercado-automovilistico-de-ee-uu-y-como-el-aumento-de-los-vehiculos-electricos-afecta-a-las-redes-de-a-bo\/\"><img decoding=\"async\" width=\"1020\" height=\"574\" src=\"https:\/\/www.md-elektronik.com\/wp-content\/uploads\/2024\/06\/tt_lucas_Aguera_vieira.jpg\" class=\"attachment-large size-large wp-post-image\" alt=\"\" srcset=\"https:\/\/www.md-elektronik.com\/wp-content\/uploads\/2024\/06\/tt_lucas_Aguera_vieira.jpg 1024w, https:\/\/www.md-elektronik.com\/wp-content\/uploads\/2024\/06\/tt_lucas_Aguera_vieira-300x169.jpg 300w, https:\/\/www.md-elektronik.com\/wp-content\/uploads\/2024\/06\/tt_lucas_Aguera_vieira-768x432.jpg 768w\" sizes=\"(max-width: 1020px) 100vw, 1020px\" \/><\/a>\n  \t\t\t\t\t\t\t  \t\t\t\t\t\t\t  \t\t\t\t\t\t<\/div>\n  \t\t\t\t\t\t  \t\t\t\t\t<\/div>\n          \t\t\t\t\t\n\t\t\t\t\t<div class=\"box-text text-left is-small\" style=\"background-color:rgb(252, 252, 252);padding:30px 30px 30px 30px;\">\n\t\t\t\t\t<div class=\"box-text-inner blog-post-inner\">\n\n\t\t\t\t\t\n\t\t\t\t\t\t\n\t\t\t\t\t\t<div class=\"custom_author\">\t <a href=\"https:\/\/www.md-elektronik.com\"><i class=\"far fa-user\"><\/i> Lucas Vieira<\/a> <span class=\"post-meta is-small op-8\">13 de junio de 2024<\/span><\/div>\n\t\t\t\t\t\t<h5 class=\"post-title is-larger \"><a href=\"https:\/\/www.md-elektronik.com\/es\/el-cableado-del-futuro-navegando-por-las-tendencias-y-tecnologias-de-movilidad-electrica-en-el-mercado-automovilistico-de-ee-uu-y-como-el-aumento-de-los-vehiculos-electricos-afecta-a-las-redes-de-a-bo\/\">El cableado del futuro: navegando por las tendencias y tecnolog\u00edas de movilidad el\u00e9ctrica en el mercado automovil\u00edstico de EE.\u00a0UU. y c\u00f3mo el aumento de los veh\u00edculos el\u00e9ctricos afecta a las redes de a bordo<\/a><\/h5>\n\t\t\t\t\t<div class=\"is-divider\"><\/div>\n\t\t\t\t\t\t\t\t\t\t\t<div class=\"md-read-more\"><a href=\"https:\/\/www.md-elektronik.com\/es\/el-cableado-del-futuro-navegando-por-las-tendencias-y-tecnologias-de-movilidad-electrica-en-el-mercado-automovilistico-de-ee-uu-y-como-el-aumento-de-los-vehiculos-electricos-afecta-a-las-redes-de-a-bo\/\" class=\"plain\">M\u00e1s informaci\u00f3n<\/a><\/div>\n                    \n\t\t\t\t\t\n\t\t\t\t\t\n\t\t\t\t\t<\/div>\n\t\t\t\t\t<\/div>\n\t\t\t\t\t\t\t\t\t<\/div>\n\t\t\t\t\n\t\t\t<\/div>\n\t\t<\/div>\n\t\t<div class=\"col post-item\" >\n\t\t\t<div class=\"col-inner\">\n\t\t\t\t<div class=\"box box-normal box-text-bottom box-blog-post has-hover\">\n\t\t\t\t\t\n          \t\t\t\t\t\n  \t\t\t\t\t<div class=\"box-image\" >\n  \t\t\t\t\t\t<div class=\"image-zoom image-zoom image-cover\" style=\"padding-top:56%;\">\n  \t\t\t\t\t\t\t<a href=\"https:\/\/www.md-elektronik.com\/es\/la-gestion-de-la-innovacion-ofrece-metodos-y-enfoques-para-motivar-y-capacitar-a-los-empleados-para-la-innovacion\/\"><img decoding=\"async\" width=\"1020\" height=\"574\" src=\"https:\/\/www.md-elektronik.com\/wp-content\/uploads\/2024\/05\/tt_boehler_mayerhofer.jpg\" class=\"attachment-large size-large wp-post-image\" alt=\"\" srcset=\"https:\/\/www.md-elektronik.com\/wp-content\/uploads\/2024\/05\/tt_boehler_mayerhofer.jpg 1024w, https:\/\/www.md-elektronik.com\/wp-content\/uploads\/2024\/05\/tt_boehler_mayerhofer-300x169.jpg 300w, https:\/\/www.md-elektronik.com\/wp-content\/uploads\/2024\/05\/tt_boehler_mayerhofer-768x432.jpg 768w\" sizes=\"(max-width: 1020px) 100vw, 1020px\" \/><\/a>\n  \t\t\t\t\t\t\t  \t\t\t\t\t\t\t  \t\t\t\t\t\t<\/div>\n  \t\t\t\t\t\t  \t\t\t\t\t<\/div>\n          \t\t\t\t\t\n\t\t\t\t\t<div class=\"box-text text-left is-small\" style=\"background-color:rgb(252, 252, 252);padding:30px 30px 30px 30px;\">\n\t\t\t\t\t<div class=\"box-text-inner blog-post-inner\">\n\n\t\t\t\t\t\n\t\t\t\t\t\t\n\t\t\t\t\t\t<div class=\"custom_author\">\t <a href=\"https:\/\/www.md-elektronik.com\/de\/sabrina-boehler-michael-mayerhofer\/\"><i class=\"far fa-user\"><\/i> Sabrina Boehler - Michael Mayerhofer<\/a> <span class=\"post-meta is-small op-8\">14 de mayo de 2024<\/span><\/div>\n\t\t\t\t\t\t<h5 class=\"post-title is-larger \"><a href=\"https:\/\/www.md-elektronik.com\/es\/la-gestion-de-la-innovacion-ofrece-metodos-y-enfoques-para-motivar-y-capacitar-a-los-empleados-para-la-innovacion\/\">\u00abLa gesti\u00f3n de la innovaci\u00f3n ofrece m\u00e9todos y enfoques para motivar y capacitar a los empleados para la innovaci\u00f3n\u00bb<\/a><\/h5>\n\t\t\t\t\t<div class=\"is-divider\"><\/div>\n\t\t\t\t\t\t\t\t\t\t\t<div class=\"md-read-more\"><a href=\"https:\/\/www.md-elektronik.com\/es\/la-gestion-de-la-innovacion-ofrece-metodos-y-enfoques-para-motivar-y-capacitar-a-los-empleados-para-la-innovacion\/\" class=\"plain\">M\u00e1s informaci\u00f3n<\/a><\/div>\n                    \n\t\t\t\t\t\n\t\t\t\t\t\n\t\t\t\t\t<\/div>\n\t\t\t\t\t<\/div>\n\t\t\t\t\t\t\t\t\t<\/div>\n\t\t\t\t\n\t\t\t<\/div>\n\t\t<\/div>\n\t\t<div class=\"col post-item\" >\n\t\t\t<div class=\"col-inner\">\n\t\t\t\t<div class=\"box box-normal box-text-bottom box-blog-post has-hover\">\n\t\t\t\t\t\n          \t\t\t\t\t\n  \t\t\t\t\t<div class=\"box-image\" >\n  \t\t\t\t\t\t<div class=\"image-zoom image-zoom image-cover\" style=\"padding-top:56%;\">\n  \t\t\t\t\t\t\t<a href=\"https:\/\/www.md-elektronik.com\/es\/fiabilidad-y-flexibilidad-como-los-proveedores-de-la-industria-automovilistica-responden-ante-unos-ciclos-de-desarrollo-cada-vez-mas-cortos\/\"><img decoding=\"async\" width=\"1020\" height=\"574\" src=\"https:\/\/www.md-elektronik.com\/wp-content\/uploads\/2024\/04\/tt_martin-Pichlmeier.jpg\" class=\"attachment-large size-large wp-post-image\" alt=\"\" srcset=\"https:\/\/www.md-elektronik.com\/wp-content\/uploads\/2024\/04\/tt_martin-Pichlmeier.jpg 1024w, https:\/\/www.md-elektronik.com\/wp-content\/uploads\/2024\/04\/tt_martin-Pichlmeier-300x169.jpg 300w, https:\/\/www.md-elektronik.com\/wp-content\/uploads\/2024\/04\/tt_martin-Pichlmeier-768x432.jpg 768w\" sizes=\"(max-width: 1020px) 100vw, 1020px\" \/><\/a>\n  \t\t\t\t\t\t\t  \t\t\t\t\t\t\t  \t\t\t\t\t\t<\/div>\n  \t\t\t\t\t\t  \t\t\t\t\t<\/div>\n          \t\t\t\t\t\n\t\t\t\t\t<div class=\"box-text text-left is-small\" style=\"background-color:rgb(252, 252, 252);padding:30px 30px 30px 30px;\">\n\t\t\t\t\t<div class=\"box-text-inner blog-post-inner\">\n\n\t\t\t\t\t\n\t\t\t\t\t\t\n\t\t\t\t\t\t<div class=\"custom_author\">\t <a href=\"https:\/\/www.md-elektronik.com\/en\/martin-pichlmeier\/\"><i class=\"far fa-user\"><\/i> Martin Pichlmeier<\/a> <span class=\"post-meta is-small op-8\">10 de abril de 2024<\/span><\/div>\n\t\t\t\t\t\t<h5 class=\"post-title is-larger \"><a href=\"https:\/\/www.md-elektronik.com\/es\/fiabilidad-y-flexibilidad-como-los-proveedores-de-la-industria-automovilistica-responden-ante-unos-ciclos-de-desarrollo-cada-vez-mas-cortos\/\">Fiabilidad y flexibilidad: c\u00f3mo los proveedores de la industria automovil\u00edstica responden ante unos ciclos de desarrollo cada vez m\u00e1s cortos<\/a><\/h5>\n\t\t\t\t\t<div class=\"is-divider\"><\/div>\n\t\t\t\t\t\t\t\t\t\t\t<div class=\"md-read-more\"><a href=\"https:\/\/www.md-elektronik.com\/es\/fiabilidad-y-flexibilidad-como-los-proveedores-de-la-industria-automovilistica-responden-ante-unos-ciclos-de-desarrollo-cada-vez-mas-cortos\/\" class=\"plain\">M\u00e1s informaci\u00f3n<\/a><\/div>\n                    \n\t\t\t\t\t\n\t\t\t\t\t\n\t\t\t\t\t<\/div>\n\t\t\t\t\t<\/div>\n\t\t\t\t\t\t\t\t\t<\/div>\n\t\t\t\t\n\t\t\t<\/div>\n\t\t<\/div>\n\t\t<div class=\"col post-item\" >\n\t\t\t<div class=\"col-inner\">\n\t\t\t\t<div class=\"box box-normal box-text-bottom box-blog-post has-hover\">\n\t\t\t\t\t\n          \t\t\t\t\t\n  \t\t\t\t\t<div class=\"box-image\" >\n  \t\t\t\t\t\t<div class=\"image-zoom image-zoom image-cover\" style=\"padding-top:56%;\">\n  \t\t\t\t\t\t\t<a href=\"https:\/\/www.md-elektronik.com\/es\/cuantos-conectores-necesitan-los-vehiculos-del-futuro-nuevas-arquitecturas-de-la-red-de-a-bordo-y-soluciones-de-conexion-compactas\/\"><img decoding=\"async\" width=\"1020\" height=\"574\" src=\"https:\/\/www.md-elektronik.com\/wp-content\/uploads\/2024\/03\/How-many-connectors-will-vehicles-of-the-future-require-1024x576.jpg\" class=\"attachment-large size-large wp-post-image\" alt=\"\" srcset=\"https:\/\/www.md-elektronik.com\/wp-content\/uploads\/2024\/03\/How-many-connectors-will-vehicles-of-the-future-require-1024x576.jpg 1024w, https:\/\/www.md-elektronik.com\/wp-content\/uploads\/2024\/03\/How-many-connectors-will-vehicles-of-the-future-require-300x169.jpg 300w, https:\/\/www.md-elektronik.com\/wp-content\/uploads\/2024\/03\/How-many-connectors-will-vehicles-of-the-future-require-768x432.jpg 768w, https:\/\/www.md-elektronik.com\/wp-content\/uploads\/2024\/03\/How-many-connectors-will-vehicles-of-the-future-require.jpg 1440w\" sizes=\"(max-width: 1020px) 100vw, 1020px\" \/><\/a>\n  \t\t\t\t\t\t\t  \t\t\t\t\t\t\t  \t\t\t\t\t\t<\/div>\n  \t\t\t\t\t\t  \t\t\t\t\t<\/div>\n          \t\t\t\t\t\n\t\t\t\t\t<div class=\"box-text text-left is-small\" style=\"background-color:rgb(252, 252, 252);padding:30px 30px 30px 30px;\">\n\t\t\t\t\t<div class=\"box-text-inner blog-post-inner\">\n\n\t\t\t\t\t\n\t\t\t\t\t\t\n\t\t\t\t\t\t<div class=\"custom_author\">\t <a href=\"https:\/\/www.md-elektronik.com\/bg\/helmut-pritz\/\"><i class=\"far fa-user\"><\/i> Helmut Pritz<\/a> <span class=\"post-meta is-small op-8\">27 de marzo de 2024<\/span><\/div>\n\t\t\t\t\t\t<h5 class=\"post-title is-larger \"><a href=\"https:\/\/www.md-elektronik.com\/es\/cuantos-conectores-necesitan-los-vehiculos-del-futuro-nuevas-arquitecturas-de-la-red-de-a-bordo-y-soluciones-de-conexion-compactas\/\">\u00bfCu\u00e1ntos conectores necesitan los veh\u00edculos del futuro? &#8211; Nuevas arquitecturas de la red de a bordo y soluciones de conexi\u00f3n compactas<\/a><\/h5>\n\t\t\t\t\t<div class=\"is-divider\"><\/div>\n\t\t\t\t\t\t\t\t\t\t\t<div class=\"md-read-more\"><a href=\"https:\/\/www.md-elektronik.com\/es\/cuantos-conectores-necesitan-los-vehiculos-del-futuro-nuevas-arquitecturas-de-la-red-de-a-bordo-y-soluciones-de-conexion-compactas\/\" class=\"plain\">M\u00e1s informaci\u00f3n<\/a><\/div>\n                    \n\t\t\t\t\t\n\t\t\t\t\t\n\t\t\t\t\t<\/div>\n\t\t\t\t\t<\/div>\n\t\t\t\t\t\t\t\t\t<\/div>\n\t\t\t\t\n\t\t\t<\/div>\n\t\t<\/div>\n\t\t<div class=\"col post-item\" >\n\t\t\t<div class=\"col-inner\">\n\t\t\t\t<div class=\"box box-normal box-text-bottom box-blog-post has-hover\">\n\t\t\t\t\t\n          \t\t\t\t\t\n  \t\t\t\t\t<div class=\"box-image\" >\n  \t\t\t\t\t\t<div class=\"image-zoom image-zoom image-cover\" style=\"padding-top:56%;\">\n  \t\t\t\t\t\t\t<a href=\"https:\/\/www.md-elektronik.com\/es\/el-papel-de-los-laboratorios-de-pruebas-para-los-proveedores-del-sector-automovilistico-laboratorios-de-pruebas-de-md-en-pekin-y-changzhou-acreditados-conforme-a-la-norma-iso-17025\/\"><img decoding=\"async\" width=\"1020\" height=\"574\" src=\"https:\/\/www.md-elektronik.com\/wp-content\/uploads\/2024\/03\/tt_dr_alexander_haas.jpg\" class=\"attachment-large size-large wp-post-image\" alt=\"\" srcset=\"https:\/\/www.md-elektronik.com\/wp-content\/uploads\/2024\/03\/tt_dr_alexander_haas.jpg 1024w, https:\/\/www.md-elektronik.com\/wp-content\/uploads\/2024\/03\/tt_dr_alexander_haas-300x169.jpg 300w, https:\/\/www.md-elektronik.com\/wp-content\/uploads\/2024\/03\/tt_dr_alexander_haas-768x432.jpg 768w\" sizes=\"(max-width: 1020px) 100vw, 1020px\" \/><\/a>\n  \t\t\t\t\t\t\t  \t\t\t\t\t\t\t  \t\t\t\t\t\t<\/div>\n  \t\t\t\t\t\t  \t\t\t\t\t<\/div>\n          \t\t\t\t\t\n\t\t\t\t\t<div class=\"box-text text-left is-small\" style=\"background-color:rgb(252, 252, 252);padding:30px 30px 30px 30px;\">\n\t\t\t\t\t<div class=\"box-text-inner blog-post-inner\">\n\n\t\t\t\t\t\n\t\t\t\t\t\t\n\t\t\t\t\t\t<div class=\"custom_author\">\t <a href=\"https:\/\/www.md-elektronik.com\/de\/alexander-haas\/\"><i class=\"far fa-user\"><\/i> Alexander Haas<\/a> <span class=\"post-meta is-small op-8\">14 de marzo de 2024<\/span><\/div>\n\t\t\t\t\t\t<h5 class=\"post-title is-larger \"><a href=\"https:\/\/www.md-elektronik.com\/es\/el-papel-de-los-laboratorios-de-pruebas-para-los-proveedores-del-sector-automovilistico-laboratorios-de-pruebas-de-md-en-pekin-y-changzhou-acreditados-conforme-a-la-norma-iso-17025\/\">El papel de los laboratorios de pruebas para los proveedores del sector automovil\u00edstico: laboratorios de pruebas de MD en Pek\u00edn y Changzhou acreditados conforme a la norma ISO 17025<\/a><\/h5>\n\t\t\t\t\t<div class=\"is-divider\"><\/div>\n\t\t\t\t\t\t\t\t\t\t\t<div class=\"md-read-more\"><a href=\"https:\/\/www.md-elektronik.com\/es\/el-papel-de-los-laboratorios-de-pruebas-para-los-proveedores-del-sector-automovilistico-laboratorios-de-pruebas-de-md-en-pekin-y-changzhou-acreditados-conforme-a-la-norma-iso-17025\/\" class=\"plain\">M\u00e1s informaci\u00f3n<\/a><\/div>\n                    \n\t\t\t\t\t\n\t\t\t\t\t\n\t\t\t\t\t<\/div>\n\t\t\t\t\t<\/div>\n\t\t\t\t\t\t\t\t\t<\/div>\n\t\t\t\t\n\t\t\t<\/div>\n\t\t<\/div>\n\t\t<div class=\"col post-item\" >\n\t\t\t<div class=\"col-inner\">\n\t\t\t\t<div class=\"box box-normal box-text-bottom box-blog-post has-hover\">\n\t\t\t\t\t\n          \t\t\t\t\t\n  \t\t\t\t\t<div class=\"box-image\" >\n  \t\t\t\t\t\t<div class=\"image-zoom image-zoom image-cover\" style=\"padding-top:56%;\">\n  \t\t\t\t\t\t\t<a href=\"https:\/\/www.md-elektronik.com\/es\/maximos-estandares-de-calidad-un-requisito-fundamental-para-los-vehiculos-autonomos\/\"><img decoding=\"async\" width=\"1020\" height=\"574\" src=\"https:\/\/www.md-elektronik.com\/wp-content\/uploads\/2024\/03\/Highest-quality-standards--1024x576.jpg\" class=\"attachment-large size-large wp-post-image\" alt=\"\" srcset=\"https:\/\/www.md-elektronik.com\/wp-content\/uploads\/2024\/03\/Highest-quality-standards--1024x576.jpg 1024w, https:\/\/www.md-elektronik.com\/wp-content\/uploads\/2024\/03\/Highest-quality-standards--300x169.jpg 300w, https:\/\/www.md-elektronik.com\/wp-content\/uploads\/2024\/03\/Highest-quality-standards--768x432.jpg 768w, https:\/\/www.md-elektronik.com\/wp-content\/uploads\/2024\/03\/Highest-quality-standards-.jpg 1440w\" sizes=\"(max-width: 1020px) 100vw, 1020px\" \/><\/a>\n  \t\t\t\t\t\t\t  \t\t\t\t\t\t\t  \t\t\t\t\t\t<\/div>\n  \t\t\t\t\t\t  \t\t\t\t\t<\/div>\n          \t\t\t\t\t\n\t\t\t\t\t<div class=\"box-text text-left is-small\" style=\"background-color:rgb(252, 252, 252);padding:30px 30px 30px 30px;\">\n\t\t\t\t\t<div class=\"box-text-inner blog-post-inner\">\n\n\t\t\t\t\t\n\t\t\t\t\t\t\n\t\t\t\t\t\t<div class=\"custom_author\">\t <a href=\"https:\/\/www.md-elektronik.com\/de\/jochen-stein-frank-goetze\/\"><i class=\"far fa-user\"><\/i> Jochen Stein - Frank Goetze<\/a> <span class=\"post-meta is-small op-8\">29 de febrero de 2024<\/span><\/div>\n\t\t\t\t\t\t<h5 class=\"post-title is-larger \"><a href=\"https:\/\/www.md-elektronik.com\/es\/maximos-estandares-de-calidad-un-requisito-fundamental-para-los-vehiculos-autonomos\/\">M\u00e1ximos est\u00e1ndares de calidad: un requisito fundamental para los veh\u00edculos aut\u00f3nomos<\/a><\/h5>\n\t\t\t\t\t<div class=\"is-divider\"><\/div>\n\t\t\t\t\t\t\t\t\t\t\t<div class=\"md-read-more\"><a href=\"https:\/\/www.md-elektronik.com\/es\/maximos-estandares-de-calidad-un-requisito-fundamental-para-los-vehiculos-autonomos\/\" class=\"plain\">M\u00e1s informaci\u00f3n<\/a><\/div>\n                    \n\t\t\t\t\t\n\t\t\t\t\t\n\t\t\t\t\t<\/div>\n\t\t\t\t\t<\/div>\n\t\t\t\t\t\t\t\t\t<\/div>\n\t\t\t\t\n\t\t\t<\/div>\n\t\t<\/div>\n\t\t<div class=\"col post-item\" >\n\t\t\t<div class=\"col-inner\">\n\t\t\t\t<div class=\"box box-normal box-text-bottom box-blog-post has-hover\">\n\t\t\t\t\t\n          \t\t\t\t\t\n  \t\t\t\t\t<div class=\"box-image\" >\n  \t\t\t\t\t\t<div class=\"image-zoom image-zoom image-cover\" style=\"padding-top:56%;\">\n  \t\t\t\t\t\t\t<a href=\"https:\/\/www.md-elektronik.com\/es\/el-desarrollo-de-la-transmision-de-datos-en-el-vehiculo-un-requisito-para-el-vehiculo-interconectado\/\"><img decoding=\"async\" width=\"1020\" height=\"574\" src=\"https:\/\/www.md-elektronik.com\/wp-content\/uploads\/2024\/02\/tt_anna_marai_Girschitzka.jpg\" class=\"attachment-large size-large wp-post-image\" alt=\"\" srcset=\"https:\/\/www.md-elektronik.com\/wp-content\/uploads\/2024\/02\/tt_anna_marai_Girschitzka.jpg 1024w, https:\/\/www.md-elektronik.com\/wp-content\/uploads\/2024\/02\/tt_anna_marai_Girschitzka-300x169.jpg 300w, https:\/\/www.md-elektronik.com\/wp-content\/uploads\/2024\/02\/tt_anna_marai_Girschitzka-768x432.jpg 768w\" sizes=\"(max-width: 1020px) 100vw, 1020px\" \/><\/a>\n  \t\t\t\t\t\t\t  \t\t\t\t\t\t\t  \t\t\t\t\t\t<\/div>\n  \t\t\t\t\t\t  \t\t\t\t\t<\/div>\n          \t\t\t\t\t\n\t\t\t\t\t<div class=\"box-text text-left is-small\" style=\"background-color:rgb(252, 252, 252);padding:30px 30px 30px 30px;\">\n\t\t\t\t\t<div class=\"box-text-inner blog-post-inner\">\n\n\t\t\t\t\t\n\t\t\t\t\t\t\n\t\t\t\t\t\t<div class=\"custom_author\">\t <a href=\"https:\/\/www.md-elektronik.com\/de\/anna-maria-girschitzka\/\"><i class=\"far fa-user\"><\/i> Anna-Maria Girschitzka<\/a> <span class=\"post-meta is-small op-8\">15 de febrero de 2024<\/span><\/div>\n\t\t\t\t\t\t<h5 class=\"post-title is-larger \"><a href=\"https:\/\/www.md-elektronik.com\/es\/el-desarrollo-de-la-transmision-de-datos-en-el-vehiculo-un-requisito-para-el-vehiculo-interconectado\/\">El desarrollo de la transmisi\u00f3n de datos en el veh\u00edculo: un requisito para el veh\u00edculo interconectado<\/a><\/h5>\n\t\t\t\t\t<div class=\"is-divider\"><\/div>\n\t\t\t\t\t\t\t\t\t\t\t<div class=\"md-read-more\"><a href=\"https:\/\/www.md-elektronik.com\/es\/el-desarrollo-de-la-transmision-de-datos-en-el-vehiculo-un-requisito-para-el-vehiculo-interconectado\/\" class=\"plain\">M\u00e1s informaci\u00f3n<\/a><\/div>\n                    \n\t\t\t\t\t\n\t\t\t\t\t\n\t\t\t\t\t<\/div>\n\t\t\t\t\t<\/div>\n\t\t\t\t\t\t\t\t\t<\/div>\n\t\t\t\t\n\t\t\t<\/div>\n\t\t<\/div>\n\t\t<div class=\"col post-item\" >\n\t\t\t<div class=\"col-inner\">\n\t\t\t\t<div class=\"box box-normal box-text-bottom box-blog-post has-hover\">\n\t\t\t\t\t\n          \t\t\t\t\t\n  \t\t\t\t\t<div class=\"box-image\" >\n  \t\t\t\t\t\t<div class=\"image-zoom image-zoom image-cover\" style=\"padding-top:56%;\">\n  \t\t\t\t\t\t\t<a href=\"https:\/\/www.md-elektronik.com\/es\/una-industria-automovilistica-sin-interrupciones-realidad-o-ficcion\/\"><img decoding=\"async\" width=\"1020\" height=\"574\" src=\"https:\/\/www.md-elektronik.com\/wp-content\/uploads\/2024\/03\/The-automotive-industry-without-supply-chain-disruptions-\u2013-fact-or-fiction-1024x576.jpg\" class=\"attachment-large size-large wp-post-image\" alt=\"\" srcset=\"https:\/\/www.md-elektronik.com\/wp-content\/uploads\/2024\/03\/The-automotive-industry-without-supply-chain-disruptions-\u2013-fact-or-fiction-1024x576.jpg 1024w, https:\/\/www.md-elektronik.com\/wp-content\/uploads\/2024\/03\/The-automotive-industry-without-supply-chain-disruptions-\u2013-fact-or-fiction-300x169.jpg 300w, https:\/\/www.md-elektronik.com\/wp-content\/uploads\/2024\/03\/The-automotive-industry-without-supply-chain-disruptions-\u2013-fact-or-fiction-768x432.jpg 768w, https:\/\/www.md-elektronik.com\/wp-content\/uploads\/2024\/03\/The-automotive-industry-without-supply-chain-disruptions-\u2013-fact-or-fiction.jpg 1440w\" sizes=\"(max-width: 1020px) 100vw, 1020px\" \/><\/a>\n  \t\t\t\t\t\t\t  \t\t\t\t\t\t\t  \t\t\t\t\t\t<\/div>\n  \t\t\t\t\t\t  \t\t\t\t\t<\/div>\n          \t\t\t\t\t\n\t\t\t\t\t<div class=\"box-text text-left is-small\" style=\"background-color:rgb(252, 252, 252);padding:30px 30px 30px 30px;\">\n\t\t\t\t\t<div class=\"box-text-inner blog-post-inner\">\n\n\t\t\t\t\t\n\t\t\t\t\t\t\n\t\t\t\t\t\t<div class=\"custom_author\">\t <a href=\"https:\/\/www.md-elektronik.com\/de\/anja-richter-christoph-zauner\/\"><i class=\"far fa-user\"><\/i> Anja Richter - Christoph Zauner<\/a> <span class=\"post-meta is-small op-8\">31 de enero de 2024<\/span><\/div>\n\t\t\t\t\t\t<h5 class=\"post-title is-larger \"><a href=\"https:\/\/www.md-elektronik.com\/es\/una-industria-automovilistica-sin-interrupciones-realidad-o-ficcion\/\">Una industria automovil\u00edstica sin interrupciones: \u00bfrealidad o ficci\u00f3n?<\/a><\/h5>\n\t\t\t\t\t<div class=\"is-divider\"><\/div>\n\t\t\t\t\t\t\t\t\t\t\t<div class=\"md-read-more\"><a href=\"https:\/\/www.md-elektronik.com\/es\/una-industria-automovilistica-sin-interrupciones-realidad-o-ficcion\/\" class=\"plain\">M\u00e1s informaci\u00f3n<\/a><\/div>\n                    \n\t\t\t\t\t\n\t\t\t\t\t\n\t\t\t\t\t<\/div>\n\t\t\t\t\t<\/div>\n\t\t\t\t\t\t\t\t\t<\/div>\n\t\t\t\t\n\t\t\t<\/div>\n\t\t<\/div>\n\t\t<div class=\"col post-item\" >\n\t\t\t<div class=\"col-inner\">\n\t\t\t\t<div class=\"box box-normal box-text-bottom box-blog-post has-hover\">\n\t\t\t\t\t\n          \t\t\t\t\t\n  \t\t\t\t\t<div class=\"box-image\" >\n  \t\t\t\t\t\t<div class=\"image-zoom image-zoom image-cover\" style=\"padding-top:56%;\">\n  \t\t\t\t\t\t\t<a href=\"https:\/\/www.md-elektronik.com\/es\/el-futuro-del-automovil-ee-uu-vs-europa-nuevos-escenarios-de-uso-y-repercusion-en-la-red-de-a-bordo\/\"><img decoding=\"async\" width=\"1020\" height=\"574\" src=\"https:\/\/www.md-elektronik.com\/wp-content\/uploads\/2024\/01\/tt_markus_Mussner.jpg\" class=\"attachment-large size-large wp-post-image\" alt=\"\" srcset=\"https:\/\/www.md-elektronik.com\/wp-content\/uploads\/2024\/01\/tt_markus_Mussner.jpg 1024w, https:\/\/www.md-elektronik.com\/wp-content\/uploads\/2024\/01\/tt_markus_Mussner-300x169.jpg 300w, https:\/\/www.md-elektronik.com\/wp-content\/uploads\/2024\/01\/tt_markus_Mussner-768x432.jpg 768w\" sizes=\"(max-width: 1020px) 100vw, 1020px\" \/><\/a>\n  \t\t\t\t\t\t\t  \t\t\t\t\t\t\t  \t\t\t\t\t\t<\/div>\n  \t\t\t\t\t\t  \t\t\t\t\t<\/div>\n          \t\t\t\t\t\n\t\t\t\t\t<div class=\"box-text text-left is-small\" style=\"background-color:rgb(252, 252, 252);padding:30px 30px 30px 30px;\">\n\t\t\t\t\t<div class=\"box-text-inner blog-post-inner\">\n\n\t\t\t\t\t\n\t\t\t\t\t\t\n\t\t\t\t\t\t<div class=\"custom_author\">\t <a href=\"https:\/\/www.md-elektronik.com\/de\/markus-mussner\/\"><i class=\"far fa-user\"><\/i> Markus Mu\u00dfner<\/a> <span class=\"post-meta is-small op-8\">18 de enero de 2024<\/span><\/div>\n\t\t\t\t\t\t<h5 class=\"post-title is-larger \"><a href=\"https:\/\/www.md-elektronik.com\/es\/el-futuro-del-automovil-ee-uu-vs-europa-nuevos-escenarios-de-uso-y-repercusion-en-la-red-de-a-bordo\/\">El futuro del autom\u00f3vil: EE.\u00a0UU. vs. Europa, nuevos escenarios de uso y repercusi\u00f3n en la red de a bordo\u00a0<\/a><\/h5>\n\t\t\t\t\t<div class=\"is-divider\"><\/div>\n\t\t\t\t\t\t\t\t\t\t\t<div class=\"md-read-more\"><a href=\"https:\/\/www.md-elektronik.com\/es\/el-futuro-del-automovil-ee-uu-vs-europa-nuevos-escenarios-de-uso-y-repercusion-en-la-red-de-a-bordo\/\" class=\"plain\">M\u00e1s informaci\u00f3n<\/a><\/div>\n                    \n\t\t\t\t\t\n\t\t\t\t\t\n\t\t\t\t\t<\/div>\n\t\t\t\t\t<\/div>\n\t\t\t\t\t\t\t\t\t<\/div>\n\t\t\t\t\n\t\t\t<\/div>\n\t\t<\/div>\n\t\t<div class=\"col post-item\" >\n\t\t\t<div class=\"col-inner\">\n\t\t\t\t<div class=\"box box-normal box-text-bottom box-blog-post has-hover\">\n\t\t\t\t\t\n          \t\t\t\t\t\n  \t\t\t\t\t<div class=\"box-image\" >\n  \t\t\t\t\t\t<div class=\"image-zoom image-zoom image-cover\" style=\"padding-top:56%;\">\n  \t\t\t\t\t\t\t<a href=\"https:\/\/www.md-elektronik.com\/es\/salon-dormitorio-o-despacho-el-interior-de-los-vehiculos-del-futuro\/\"><img decoding=\"async\" width=\"1020\" height=\"574\" src=\"https:\/\/www.md-elektronik.com\/wp-content\/uploads\/2023\/12\/tt_emanuel_maier.jpg\" class=\"attachment-large size-large wp-post-image\" alt=\"\" srcset=\"https:\/\/www.md-elektronik.com\/wp-content\/uploads\/2023\/12\/tt_emanuel_maier.jpg 1024w, https:\/\/www.md-elektronik.com\/wp-content\/uploads\/2023\/12\/tt_emanuel_maier-300x169.jpg 300w, https:\/\/www.md-elektronik.com\/wp-content\/uploads\/2023\/12\/tt_emanuel_maier-768x432.jpg 768w\" sizes=\"(max-width: 1020px) 100vw, 1020px\" \/><\/a>\n  \t\t\t\t\t\t\t  \t\t\t\t\t\t\t  \t\t\t\t\t\t<\/div>\n  \t\t\t\t\t\t  \t\t\t\t\t<\/div>\n          \t\t\t\t\t\n\t\t\t\t\t<div class=\"box-text text-left is-small\" style=\"background-color:rgb(252, 252, 252);padding:30px 30px 30px 30px;\">\n\t\t\t\t\t<div class=\"box-text-inner blog-post-inner\">\n\n\t\t\t\t\t\n\t\t\t\t\t\t\n\t\t\t\t\t\t<div class=\"custom_author\">\t <a href=\"https:\/\/www.md-elektronik.com\/bg\/emanuel-maier\/\"><i class=\"far fa-user\"><\/i> Emanuel Maier<\/a> <span class=\"post-meta is-small op-8\">13 de diciembre de 2023<\/span><\/div>\n\t\t\t\t\t\t<h5 class=\"post-title is-larger \"><a href=\"https:\/\/www.md-elektronik.com\/es\/salon-dormitorio-o-despacho-el-interior-de-los-vehiculos-del-futuro\/\">Sal\u00f3n, dormitorio o despacho: el interior de los veh\u00edculos del futuro\u00a0<\/a><\/h5>\n\t\t\t\t\t<div class=\"is-divider\"><\/div>\n\t\t\t\t\t\t\t\t\t\t\t<div class=\"md-read-more\"><a href=\"https:\/\/www.md-elektronik.com\/es\/salon-dormitorio-o-despacho-el-interior-de-los-vehiculos-del-futuro\/\" class=\"plain\">M\u00e1s informaci\u00f3n<\/a><\/div>\n                    \n\t\t\t\t\t\n\t\t\t\t\t\n\t\t\t\t\t<\/div>\n\t\t\t\t\t<\/div>\n\t\t\t\t\t\t\t\t\t<\/div>\n\t\t\t\t\n\t\t\t<\/div>\n\t\t<\/div>\n\t\t<div class=\"col post-item\" >\n\t\t\t<div class=\"col-inner\">\n\t\t\t\t<div class=\"box box-normal box-text-bottom box-blog-post has-hover\">\n\t\t\t\t\t\n          \t\t\t\t\t\n  \t\t\t\t\t<div class=\"box-image\" >\n  \t\t\t\t\t\t<div class=\"image-zoom image-zoom image-cover\" style=\"padding-top:56%;\">\n  \t\t\t\t\t\t\t<a href=\"https:\/\/www.md-elektronik.com\/es\/mas-cables-de-datos-y-mayor-velocidad-de-transmision-la-red-de-a-bordo-del-futuro-plantea-exigentes-requisitos-para-la-transmision-de-datos-en-el-vehiculo\/\"><img decoding=\"async\" width=\"1020\" height=\"574\" src=\"https:\/\/www.md-elektronik.com\/wp-content\/uploads\/2023\/11\/md-elektronik-higher-data-transmission-rate-on-board-network.jpg\" class=\"attachment-large size-large wp-post-image\" alt=\"Futuristic vehicle interior with advanced digital displays, showcasing MD ELEKTRONIK&#039;s high-speed data transmission solutions for modern automotive networks.\" srcset=\"https:\/\/www.md-elektronik.com\/wp-content\/uploads\/2023\/11\/md-elektronik-higher-data-transmission-rate-on-board-network.jpg 1024w, https:\/\/www.md-elektronik.com\/wp-content\/uploads\/2023\/11\/md-elektronik-higher-data-transmission-rate-on-board-network-300x169.jpg 300w, https:\/\/www.md-elektronik.com\/wp-content\/uploads\/2023\/11\/md-elektronik-higher-data-transmission-rate-on-board-network-768x432.jpg 768w\" sizes=\"(max-width: 1020px) 100vw, 1020px\" \/><\/a>\n  \t\t\t\t\t\t\t  \t\t\t\t\t\t\t  \t\t\t\t\t\t<\/div>\n  \t\t\t\t\t\t  \t\t\t\t\t<\/div>\n          \t\t\t\t\t\n\t\t\t\t\t<div class=\"box-text text-left is-small\" style=\"background-color:rgb(252, 252, 252);padding:30px 30px 30px 30px;\">\n\t\t\t\t\t<div class=\"box-text-inner blog-post-inner\">\n\n\t\t\t\t\t\n\t\t\t\t\t\t\n\t\t\t\t\t\t<div class=\"custom_author\">\t <a href=\"https:\/\/www.md-elektronik.com\/de\/helmut-pritz-tobias-hartl\/\"><i class=\"far fa-user\"><\/i> Helmut Pritz - Tobias Hartl<\/a> <span class=\"post-meta is-small op-8\">30 de noviembre de 2023<\/span><\/div>\n\t\t\t\t\t\t<h5 class=\"post-title is-larger \"><a href=\"https:\/\/www.md-elektronik.com\/es\/mas-cables-de-datos-y-mayor-velocidad-de-transmision-la-red-de-a-bordo-del-futuro-plantea-exigentes-requisitos-para-la-transmision-de-datos-en-el-vehiculo\/\">M\u00e1s cables de datos y mayor velocidad de transmisi\u00f3n: la red de a bordo del futuro plantea exigentes requisitos para la transmisi\u00f3n de datos en el veh\u00edculo<\/a><\/h5>\n\t\t\t\t\t<div class=\"is-divider\"><\/div>\n\t\t\t\t\t\t\t\t\t\t\t<div class=\"md-read-more\"><a href=\"https:\/\/www.md-elektronik.com\/es\/mas-cables-de-datos-y-mayor-velocidad-de-transmision-la-red-de-a-bordo-del-futuro-plantea-exigentes-requisitos-para-la-transmision-de-datos-en-el-vehiculo\/\" class=\"plain\">M\u00e1s informaci\u00f3n<\/a><\/div>\n                    \n\t\t\t\t\t\n\t\t\t\t\t\n\t\t\t\t\t<\/div>\n\t\t\t\t\t<\/div>\n\t\t\t\t\t\t\t\t\t<\/div>\n\t\t\t\t\n\t\t\t<\/div>\n\t\t<\/div>\n\t\t<div class=\"col post-item\" >\n\t\t\t<div class=\"col-inner\">\n\t\t\t\t<div class=\"box box-normal box-text-bottom box-blog-post has-hover\">\n\t\t\t\t\t\n          \t\t\t\t\t\n  \t\t\t\t\t<div class=\"box-image\" >\n  \t\t\t\t\t\t<div class=\"image-zoom image-zoom image-cover\" style=\"padding-top:56%;\">\n  \t\t\t\t\t\t\t<a href=\"https:\/\/www.md-elektronik.com\/es\/los-sistemas-de-asistencia-a-la-conduccion-ganan-terreno-consecuencias-para-el-ambito-de-la-red-de-a-bordo\/\"><img decoding=\"async\" width=\"1020\" height=\"574\" src=\"https:\/\/www.md-elektronik.com\/wp-content\/uploads\/2023\/11\/tt_martin_wittmann.jpg\" class=\"attachment-large size-large wp-post-image\" alt=\"\" srcset=\"https:\/\/www.md-elektronik.com\/wp-content\/uploads\/2023\/11\/tt_martin_wittmann.jpg 1024w, https:\/\/www.md-elektronik.com\/wp-content\/uploads\/2023\/11\/tt_martin_wittmann-300x169.jpg 300w, https:\/\/www.md-elektronik.com\/wp-content\/uploads\/2023\/11\/tt_martin_wittmann-768x432.jpg 768w\" sizes=\"(max-width: 1020px) 100vw, 1020px\" \/><\/a>\n  \t\t\t\t\t\t\t  \t\t\t\t\t\t\t  \t\t\t\t\t\t<\/div>\n  \t\t\t\t\t\t  \t\t\t\t\t<\/div>\n          \t\t\t\t\t\n\t\t\t\t\t<div class=\"box-text text-left is-small\" style=\"background-color:rgb(252, 252, 252);padding:30px 30px 30px 30px;\">\n\t\t\t\t\t<div class=\"box-text-inner blog-post-inner\">\n\n\t\t\t\t\t\n\t\t\t\t\t\t\n\t\t\t\t\t\t<div class=\"custom_author\">\t <a href=\"https:\/\/www.md-elektronik.com\/de\/martin-wittmann\/\"><i class=\"far fa-user\"><\/i> Martin Wittmann<\/a> <span class=\"post-meta is-small op-8\">16 de noviembre de 2023<\/span><\/div>\n\t\t\t\t\t\t<h5 class=\"post-title is-larger \"><a href=\"https:\/\/www.md-elektronik.com\/es\/los-sistemas-de-asistencia-a-la-conduccion-ganan-terreno-consecuencias-para-el-ambito-de-la-red-de-a-bordo\/\">Los sistemas de asistencia a la conducci\u00f3n ganan terreno: consecuencias para el \u00e1mbito de la red de a bordo\u00a0<\/a><\/h5>\n\t\t\t\t\t<div class=\"is-divider\"><\/div>\n\t\t\t\t\t\t\t\t\t\t\t<div class=\"md-read-more\"><a href=\"https:\/\/www.md-elektronik.com\/es\/los-sistemas-de-asistencia-a-la-conduccion-ganan-terreno-consecuencias-para-el-ambito-de-la-red-de-a-bordo\/\" class=\"plain\">M\u00e1s informaci\u00f3n<\/a><\/div>\n                    \n\t\t\t\t\t\n\t\t\t\t\t\n\t\t\t\t\t<\/div>\n\t\t\t\t\t<\/div>\n\t\t\t\t\t\t\t\t\t<\/div>\n\t\t\t\t\n\t\t\t<\/div>\n\t\t<\/div>\n\t\t<div class=\"col post-item\" >\n\t\t\t<div class=\"col-inner\">\n\t\t\t\t<div class=\"box box-normal box-text-bottom box-blog-post has-hover\">\n\t\t\t\t\t\n          \t\t\t\t\t\n  \t\t\t\t\t<div class=\"box-image\" >\n  \t\t\t\t\t\t<div class=\"image-zoom image-zoom image-cover\" style=\"padding-top:56%;\">\n  \t\t\t\t\t\t\t<a href=\"https:\/\/www.md-elektronik.com\/es\/competitiveness-in-times-of-change-the-demands-on-automotive-suppliers-are-increasing\/\"><img decoding=\"async\" width=\"1020\" height=\"574\" src=\"https:\/\/www.md-elektronik.com\/wp-content\/uploads\/2023\/10\/md-elektronik-wettbewerbsfahigkeit-automobilzulieferer.jpg\" class=\"attachment-large size-large wp-post-image\" alt=\"Business meeting at MD ELEKTRONIK with team members reviewing a document, highlighting strategic planning and collaboration in the automotive supply industry.\" srcset=\"https:\/\/www.md-elektronik.com\/wp-content\/uploads\/2023\/10\/md-elektronik-wettbewerbsfahigkeit-automobilzulieferer.jpg 1024w, https:\/\/www.md-elektronik.com\/wp-content\/uploads\/2023\/10\/md-elektronik-wettbewerbsfahigkeit-automobilzulieferer-300x169.jpg 300w, https:\/\/www.md-elektronik.com\/wp-content\/uploads\/2023\/10\/md-elektronik-wettbewerbsfahigkeit-automobilzulieferer-768x432.jpg 768w\" sizes=\"(max-width: 1020px) 100vw, 1020px\" \/><\/a>\n  \t\t\t\t\t\t\t  \t\t\t\t\t\t\t  \t\t\t\t\t\t<\/div>\n  \t\t\t\t\t\t  \t\t\t\t\t<\/div>\n          \t\t\t\t\t\n\t\t\t\t\t<div class=\"box-text text-left is-small\" style=\"background-color:rgb(252, 252, 252);padding:30px 30px 30px 30px;\">\n\t\t\t\t\t<div class=\"box-text-inner blog-post-inner\">\n\n\t\t\t\t\t\n\t\t\t\t\t\t\n\t\t\t\t\t\t<div class=\"custom_author\">\t <a href=\"https:\/\/www.md-elektronik.com\/en\/ronya-stepputtis\/\"><i class=\"far fa-user\"><\/i> Ronya Stepputtis<\/a> <span class=\"post-meta is-small op-8\">26 de octubre de 2023<\/span><\/div>\n\t\t\t\t\t\t<h5 class=\"post-title is-larger \"><a href=\"https:\/\/www.md-elektronik.com\/es\/competitiveness-in-times-of-change-the-demands-on-automotive-suppliers-are-increasing\/\">Competitividad en tiempos de cambio: aumentan los requisitos para los proveedores de la industria automovil\u00edstica<\/a><\/h5>\n\t\t\t\t\t<div class=\"is-divider\"><\/div>\n\t\t\t\t\t\t\t\t\t\t\t<div class=\"md-read-more\"><a href=\"https:\/\/www.md-elektronik.com\/es\/competitiveness-in-times-of-change-the-demands-on-automotive-suppliers-are-increasing\/\" class=\"plain\">M\u00e1s informaci\u00f3n<\/a><\/div>\n                    \n\t\t\t\t\t\n\t\t\t\t\t\n\t\t\t\t\t<\/div>\n\t\t\t\t\t<\/div>\n\t\t\t\t\t\t\t\t\t<\/div>\n\t\t\t\t\n\t\t\t<\/div>\n\t\t<\/div>\n\t\t<div class=\"col post-item\" >\n\t\t\t<div class=\"col-inner\">\n\t\t\t\t<div class=\"box box-normal box-text-bottom box-blog-post has-hover\">\n\t\t\t\t\t\n          \t\t\t\t\t\n  \t\t\t\t\t<div class=\"box-image\" >\n  \t\t\t\t\t\t<div class=\"image-zoom image-zoom image-cover\" style=\"padding-top:56%;\">\n  \t\t\t\t\t\t\t<a href=\"https:\/\/www.md-elektronik.com\/es\/los-coches-en-el-ano-2050-inteligentes-interconectados-y-autonomos\/\"><img decoding=\"async\" width=\"1020\" height=\"574\" src=\"https:\/\/www.md-elektronik.com\/wp-content\/uploads\/2023\/10\/tt_claus-Reiter.jpg\" class=\"attachment-large size-large wp-post-image\" alt=\"\" srcset=\"https:\/\/www.md-elektronik.com\/wp-content\/uploads\/2023\/10\/tt_claus-Reiter.jpg 1024w, https:\/\/www.md-elektronik.com\/wp-content\/uploads\/2023\/10\/tt_claus-Reiter-300x169.jpg 300w, https:\/\/www.md-elektronik.com\/wp-content\/uploads\/2023\/10\/tt_claus-Reiter-768x432.jpg 768w\" sizes=\"(max-width: 1020px) 100vw, 1020px\" \/><\/a>\n  \t\t\t\t\t\t\t  \t\t\t\t\t\t\t  \t\t\t\t\t\t<\/div>\n  \t\t\t\t\t\t  \t\t\t\t\t<\/div>\n          \t\t\t\t\t\n\t\t\t\t\t<div class=\"box-text text-left is-small\" style=\"background-color:rgb(252, 252, 252);padding:30px 30px 30px 30px;\">\n\t\t\t\t\t<div class=\"box-text-inner blog-post-inner\">\n\n\t\t\t\t\t\n\t\t\t\t\t\t\n\t\t\t\t\t\t<div class=\"custom_author\">\t <a href=\"https:\/\/www.md-elektronik.com\/en\/claus-reiter\/\"><i class=\"far fa-user\"><\/i> Claus Reiter<\/a> <span class=\"post-meta is-small op-8\">11 de octubre de 2023<\/span><\/div>\n\t\t\t\t\t\t<h5 class=\"post-title is-larger \"><a href=\"https:\/\/www.md-elektronik.com\/es\/los-coches-en-el-ano-2050-inteligentes-interconectados-y-autonomos\/\">Los coches en el a\u00f1o 2050: inteligentes, interconectados y aut\u00f3nomos<\/a><\/h5>\n\t\t\t\t\t<div class=\"is-divider\"><\/div>\n\t\t\t\t\t\t\t\t\t\t\t<div class=\"md-read-more\"><a href=\"https:\/\/www.md-elektronik.com\/es\/los-coches-en-el-ano-2050-inteligentes-interconectados-y-autonomos\/\" class=\"plain\">M\u00e1s informaci\u00f3n<\/a><\/div>\n                    \n\t\t\t\t\t\n\t\t\t\t\t\n\t\t\t\t\t<\/div>\n\t\t\t\t\t<\/div>\n\t\t\t\t\t\t\t\t\t<\/div>\n\t\t\t\t\n\t\t\t<\/div>\n\t\t<\/div>\n\t\t<div class=\"col post-item\" >\n\t\t\t<div class=\"col-inner\">\n\t\t\t\t<div class=\"box box-normal box-text-bottom box-blog-post has-hover\">\n\t\t\t\t\t\n          \t\t\t\t\t\n  \t\t\t\t\t<div class=\"box-image\" >\n  \t\t\t\t\t\t<div class=\"image-zoom image-zoom image-cover\" style=\"padding-top:56%;\">\n  \t\t\t\t\t\t\t<a href=\"https:\/\/www.md-elektronik.com\/es\/asistencia-tecnica-de-los-proveedores-del-desarrollo-de-la-red-de-a-bordo-a-la-fabricacion-en-serie\/\"><img decoding=\"async\" width=\"1020\" height=\"574\" src=\"https:\/\/www.md-elektronik.com\/wp-content\/uploads\/2024\/03\/Technical-support-from-suppliers-From-on-board-network-development-to-series-production-1024x576.jpg\" class=\"attachment-large size-large wp-post-image\" alt=\"\" srcset=\"https:\/\/www.md-elektronik.com\/wp-content\/uploads\/2024\/03\/Technical-support-from-suppliers-From-on-board-network-development-to-series-production-1024x576.jpg 1024w, https:\/\/www.md-elektronik.com\/wp-content\/uploads\/2024\/03\/Technical-support-from-suppliers-From-on-board-network-development-to-series-production-300x169.jpg 300w, https:\/\/www.md-elektronik.com\/wp-content\/uploads\/2024\/03\/Technical-support-from-suppliers-From-on-board-network-development-to-series-production-768x432.jpg 768w, https:\/\/www.md-elektronik.com\/wp-content\/uploads\/2024\/03\/Technical-support-from-suppliers-From-on-board-network-development-to-series-production.jpg 1440w\" sizes=\"(max-width: 1020px) 100vw, 1020px\" \/><\/a>\n  \t\t\t\t\t\t\t  \t\t\t\t\t\t\t  \t\t\t\t\t\t<\/div>\n  \t\t\t\t\t\t  \t\t\t\t\t<\/div>\n          \t\t\t\t\t\n\t\t\t\t\t<div class=\"box-text text-left is-small\" style=\"background-color:rgb(252, 252, 252);padding:30px 30px 30px 30px;\">\n\t\t\t\t\t<div class=\"box-text-inner blog-post-inner\">\n\n\t\t\t\t\t\n\t\t\t\t\t\t\n\t\t\t\t\t\t<div class=\"custom_author\">\t <a href=\"https:\/\/www.md-elektronik.com\/bg\/karl-heinz-lode-maximilian-muck\/\"><i class=\"far fa-user\"><\/i> Karl-Heinz Lode - Maximilian Muck<\/a> <span class=\"post-meta is-small op-8\">28 de septiembre de 2023<\/span><\/div>\n\t\t\t\t\t\t<h5 class=\"post-title is-larger \"><a href=\"https:\/\/www.md-elektronik.com\/es\/asistencia-tecnica-de-los-proveedores-del-desarrollo-de-la-red-de-a-bordo-a-la-fabricacion-en-serie\/\">Asistencia t\u00e9cnica de los proveedores: del desarrollo de la red de a bordo a la fabricaci\u00f3n en serie<\/a><\/h5>\n\t\t\t\t\t<div class=\"is-divider\"><\/div>\n\t\t\t\t\t\t\t\t\t\t\t<div class=\"md-read-more\"><a href=\"https:\/\/www.md-elektronik.com\/es\/asistencia-tecnica-de-los-proveedores-del-desarrollo-de-la-red-de-a-bordo-a-la-fabricacion-en-serie\/\" class=\"plain\">M\u00e1s informaci\u00f3n<\/a><\/div>\n                    \n\t\t\t\t\t\n\t\t\t\t\t\n\t\t\t\t\t<\/div>\n\t\t\t\t\t<\/div>\n\t\t\t\t\t\t\t\t\t<\/div>\n\t\t\t\t\n\t\t\t<\/div>\n\t\t<\/div>\n\t\t<div class=\"col post-item\" >\n\t\t\t<div class=\"col-inner\">\n\t\t\t\t<div class=\"box box-normal box-text-bottom box-blog-post has-hover\">\n\t\t\t\t\t\n          \t\t\t\t\t\n  \t\t\t\t\t<div class=\"box-image\" >\n  \t\t\t\t\t\t<div class=\"image-zoom image-zoom image-cover\" style=\"padding-top:56%;\">\n  \t\t\t\t\t\t\t<a href=\"https:\/\/www.md-elektronik.com\/es\/mayor-rango-de-funciones-con-el-mismo-espacio-de-montaje-la-miniaturizacion-de-los-componentes-de-la-red-de-a-bordo\/\"><img decoding=\"async\" width=\"1020\" height=\"574\" src=\"https:\/\/www.md-elektronik.com\/wp-content\/uploads\/2024\/03\/Wider-range-of-function-1024x576.jpg\" class=\"attachment-large size-large wp-post-image\" alt=\"\" srcset=\"https:\/\/www.md-elektronik.com\/wp-content\/uploads\/2024\/03\/Wider-range-of-function-1024x576.jpg 1024w, https:\/\/www.md-elektronik.com\/wp-content\/uploads\/2024\/03\/Wider-range-of-function-300x169.jpg 300w, https:\/\/www.md-elektronik.com\/wp-content\/uploads\/2024\/03\/Wider-range-of-function-768x432.jpg 768w, https:\/\/www.md-elektronik.com\/wp-content\/uploads\/2024\/03\/Wider-range-of-function.jpg 1440w\" sizes=\"(max-width: 1020px) 100vw, 1020px\" \/><\/a>\n  \t\t\t\t\t\t\t  \t\t\t\t\t\t\t  \t\t\t\t\t\t<\/div>\n  \t\t\t\t\t\t  \t\t\t\t\t<\/div>\n          \t\t\t\t\t\n\t\t\t\t\t<div class=\"box-text text-left is-small\" style=\"background-color:rgb(252, 252, 252);padding:30px 30px 30px 30px;\">\n\t\t\t\t\t<div class=\"box-text-inner blog-post-inner\">\n\n\t\t\t\t\t\n\t\t\t\t\t\t\n\t\t\t\t\t\t<div class=\"custom_author\">\t <a href=\"https:\/\/www.md-elektronik.com\/en\/tobias-fiedler\/\"><i class=\"far fa-user\"><\/i> Tobias Fiedler<\/a> <span class=\"post-meta is-small op-8\">31 de agosto de 2023<\/span><\/div>\n\t\t\t\t\t\t<h5 class=\"post-title is-larger \"><a href=\"https:\/\/www.md-elektronik.com\/es\/mayor-rango-de-funciones-con-el-mismo-espacio-de-montaje-la-miniaturizacion-de-los-componentes-de-la-red-de-a-bordo\/\">Mayor rango de funciones con el mismo espacio de montaje: la miniaturizaci\u00f3n de los componentes de la red de a bordo<\/a><\/h5>\n\t\t\t\t\t<div class=\"is-divider\"><\/div>\n\t\t\t\t\t\t\t\t\t\t\t<div class=\"md-read-more\"><a href=\"https:\/\/www.md-elektronik.com\/es\/mayor-rango-de-funciones-con-el-mismo-espacio-de-montaje-la-miniaturizacion-de-los-componentes-de-la-red-de-a-bordo\/\" class=\"plain\">M\u00e1s informaci\u00f3n<\/a><\/div>\n                    \n\t\t\t\t\t\n\t\t\t\t\t\n\t\t\t\t\t<\/div>\n\t\t\t\t\t<\/div>\n\t\t\t\t\t\t\t\t\t<\/div>\n\t\t\t\t\n\t\t\t<\/div>\n\t\t<\/div>\n\t\t<div class=\"col post-item\" >\n\t\t\t<div class=\"col-inner\">\n\t\t\t\t<div class=\"box box-normal box-text-bottom box-blog-post has-hover\">\n\t\t\t\t\t\n          \t\t\t\t\t\n  \t\t\t\t\t<div class=\"box-image\" >\n  \t\t\t\t\t\t<div class=\"image-zoom image-zoom image-cover\" style=\"padding-top:56%;\">\n  \t\t\t\t\t\t\t<a href=\"https:\/\/www.md-elektronik.com\/es\/una-moderna-red-de-a-bordo-como-requisito-para-una-mayor-seguridad-gracias-a-la-conduccion-autonoma\/\"><img decoding=\"async\" width=\"1020\" height=\"574\" src=\"https:\/\/www.md-elektronik.com\/wp-content\/uploads\/2023\/08\/tt_karl_heinz_lode.jpg\" class=\"attachment-large size-large wp-post-image\" alt=\"\" srcset=\"https:\/\/www.md-elektronik.com\/wp-content\/uploads\/2023\/08\/tt_karl_heinz_lode.jpg 1024w, https:\/\/www.md-elektronik.com\/wp-content\/uploads\/2023\/08\/tt_karl_heinz_lode-300x169.jpg 300w, https:\/\/www.md-elektronik.com\/wp-content\/uploads\/2023\/08\/tt_karl_heinz_lode-768x432.jpg 768w\" sizes=\"(max-width: 1020px) 100vw, 1020px\" \/><\/a>\n  \t\t\t\t\t\t\t  \t\t\t\t\t\t\t  \t\t\t\t\t\t<\/div>\n  \t\t\t\t\t\t  \t\t\t\t\t<\/div>\n          \t\t\t\t\t\n\t\t\t\t\t<div class=\"box-text text-left is-small\" style=\"background-color:rgb(252, 252, 252);padding:30px 30px 30px 30px;\">\n\t\t\t\t\t<div class=\"box-text-inner blog-post-inner\">\n\n\t\t\t\t\t\n\t\t\t\t\t\t\n\t\t\t\t\t\t<div class=\"custom_author\">\t <a href=\"https:\/\/www.md-elektronik.com\/en\/karl-heinz-lode\/\"><i class=\"far fa-user\"><\/i> Karl-Heinz Lode<\/a> <span class=\"post-meta is-small op-8\">3 de agosto de 2023<\/span><\/div>\n\t\t\t\t\t\t<h5 class=\"post-title is-larger \"><a href=\"https:\/\/www.md-elektronik.com\/es\/una-moderna-red-de-a-bordo-como-requisito-para-una-mayor-seguridad-gracias-a-la-conduccion-autonoma\/\">Una moderna red de a bordo como requisito para una mayor seguridad gracias a la conducci\u00f3n aut\u00f3noma<\/a><\/h5>\n\t\t\t\t\t<div class=\"is-divider\"><\/div>\n\t\t\t\t\t\t\t\t\t\t\t<div class=\"md-read-more\"><a href=\"https:\/\/www.md-elektronik.com\/es\/una-moderna-red-de-a-bordo-como-requisito-para-una-mayor-seguridad-gracias-a-la-conduccion-autonoma\/\" class=\"plain\">M\u00e1s informaci\u00f3n<\/a><\/div>\n                    \n\t\t\t\t\t\n\t\t\t\t\t\n\t\t\t\t\t<\/div>\n\t\t\t\t\t<\/div>\n\t\t\t\t\t\t\t\t\t<\/div>\n\t\t\t\t\n\t\t\t<\/div>\n\t\t<\/div>\n\t\t<div class=\"col post-item\" >\n\t\t\t<div class=\"col-inner\">\n\t\t\t\t<div class=\"box box-normal box-text-bottom box-blog-post has-hover\">\n\t\t\t\t\t\n          \t\t\t\t\t\n  \t\t\t\t\t<div class=\"box-image\" >\n  \t\t\t\t\t\t<div class=\"image-zoom image-zoom image-cover\" style=\"padding-top:56%;\">\n  \t\t\t\t\t\t\t<a href=\"https:\/\/www.md-elektronik.com\/es\/localizacion-en-lugar-de-cadenas-de-suministro-globales\/\"><img decoding=\"async\" width=\"1020\" height=\"574\" src=\"https:\/\/www.md-elektronik.com\/wp-content\/uploads\/2023\/07\/Localization-instead-of-globally-interlinked-supply-chains-1024x576.jpg\" class=\"attachment-large size-large wp-post-image\" alt=\"\" srcset=\"https:\/\/www.md-elektronik.com\/wp-content\/uploads\/2023\/07\/Localization-instead-of-globally-interlinked-supply-chains-1024x576.jpg 1024w, https:\/\/www.md-elektronik.com\/wp-content\/uploads\/2023\/07\/Localization-instead-of-globally-interlinked-supply-chains-300x169.jpg 300w, https:\/\/www.md-elektronik.com\/wp-content\/uploads\/2023\/07\/Localization-instead-of-globally-interlinked-supply-chains-768x432.jpg 768w, https:\/\/www.md-elektronik.com\/wp-content\/uploads\/2023\/07\/Localization-instead-of-globally-interlinked-supply-chains.jpg 1440w\" sizes=\"(max-width: 1020px) 100vw, 1020px\" \/><\/a>\n  \t\t\t\t\t\t\t  \t\t\t\t\t\t\t  \t\t\t\t\t\t<\/div>\n  \t\t\t\t\t\t  \t\t\t\t\t<\/div>\n          \t\t\t\t\t\n\t\t\t\t\t<div class=\"box-text text-left is-small\" style=\"background-color:rgb(252, 252, 252);padding:30px 30px 30px 30px;\">\n\t\t\t\t\t<div class=\"box-text-inner blog-post-inner\">\n\n\t\t\t\t\t\n\t\t\t\t\t\t\n\t\t\t\t\t\t<div class=\"custom_author\">\t <a href=\"https:\/\/www.md-elektronik.com\/en\/?page_id=16630\"><i class=\"far fa-user\"><\/i> Thomas Knoblauch<\/a> <span class=\"post-meta is-small op-8\">27 de julio de 2023<\/span><\/div>\n\t\t\t\t\t\t<h5 class=\"post-title is-larger \"><a href=\"https:\/\/www.md-elektronik.com\/es\/localizacion-en-lugar-de-cadenas-de-suministro-globales\/\">Localizaci\u00f3n en lugar de cadenas de suministro globales<\/a><\/h5>\n\t\t\t\t\t<div class=\"is-divider\"><\/div>\n\t\t\t\t\t\t\t\t\t\t\t<div class=\"md-read-more\"><a href=\"https:\/\/www.md-elektronik.com\/es\/localizacion-en-lugar-de-cadenas-de-suministro-globales\/\" class=\"plain\">M\u00e1s informaci\u00f3n<\/a><\/div>\n                    \n\t\t\t\t\t\n\t\t\t\t\t\n\t\t\t\t\t<\/div>\n\t\t\t\t\t<\/div>\n\t\t\t\t\t\t\t\t\t<\/div>\n\t\t\t\t\n\t\t\t<\/div>\n\t\t<\/div>\n\t\t<div class=\"col post-item\" >\n\t\t\t<div class=\"col-inner\">\n\t\t\t\t<div class=\"box box-normal box-text-bottom box-blog-post has-hover\">\n\t\t\t\t\t\n          \t\t\t\t\t\n  \t\t\t\t\t<div class=\"box-image\" >\n  \t\t\t\t\t\t<div class=\"image-zoom image-zoom image-cover\" style=\"padding-top:56%;\">\n  \t\t\t\t\t\t\t<a href=\"https:\/\/www.md-elektronik.com\/es\/conduccion-autonoma-cual-va-a-ser-la-situacion-en-2030\/\"><img decoding=\"async\" width=\"1020\" height=\"574\" src=\"https:\/\/www.md-elektronik.com\/wp-content\/uploads\/2023\/04\/tt_klaus-bramhofer.jpg\" class=\"attachment-large size-large wp-post-image\" alt=\"\" srcset=\"https:\/\/www.md-elektronik.com\/wp-content\/uploads\/2023\/04\/tt_klaus-bramhofer.jpg 1024w, https:\/\/www.md-elektronik.com\/wp-content\/uploads\/2023\/04\/tt_klaus-bramhofer-300x169.jpg 300w, https:\/\/www.md-elektronik.com\/wp-content\/uploads\/2023\/04\/tt_klaus-bramhofer-768x432.jpg 768w\" sizes=\"(max-width: 1020px) 100vw, 1020px\" \/><\/a>\n  \t\t\t\t\t\t\t  \t\t\t\t\t\t\t  \t\t\t\t\t\t<\/div>\n  \t\t\t\t\t\t  \t\t\t\t\t<\/div>\n          \t\t\t\t\t\n\t\t\t\t\t<div class=\"box-text text-left is-small\" style=\"background-color:rgb(252, 252, 252);padding:30px 30px 30px 30px;\">\n\t\t\t\t\t<div class=\"box-text-inner blog-post-inner\">\n\n\t\t\t\t\t\n\t\t\t\t\t\t\n\t\t\t\t\t\t<div class=\"custom_author\">\t <a href=\"https:\/\/www.md-elektronik.com\/en\/klaus-bramhofer\/\"><i class=\"far fa-user\"><\/i> Klaus Bramhofer<\/a> <span class=\"post-meta is-small op-8\">13 de julio de 2023<\/span><\/div>\n\t\t\t\t\t\t<h5 class=\"post-title is-larger \"><a href=\"https:\/\/www.md-elektronik.com\/es\/conduccion-autonoma-cual-va-a-ser-la-situacion-en-2030\/\">Conducci\u00f3n aut\u00f3noma: \u00bfcu\u00e1l va a ser la situaci\u00f3n en 2030?<\/a><\/h5>\n\t\t\t\t\t<div class=\"is-divider\"><\/div>\n\t\t\t\t\t\t\t\t\t\t\t<div class=\"md-read-more\"><a href=\"https:\/\/www.md-elektronik.com\/es\/conduccion-autonoma-cual-va-a-ser-la-situacion-en-2030\/\" class=\"plain\">M\u00e1s informaci\u00f3n<\/a><\/div>\n                    \n\t\t\t\t\t\n\t\t\t\t\t\n\t\t\t\t\t<\/div>\n\t\t\t\t\t<\/div>\n\t\t\t\t\t\t\t\t\t<\/div>\n\t\t\t\t\n\t\t\t<\/div>\n\t\t<\/div>\n\t\t<div class=\"col post-item\" >\n\t\t\t<div class=\"col-inner\">\n\t\t\t\t<div class=\"box box-normal box-text-bottom box-blog-post has-hover\">\n\t\t\t\t\t\n          \t\t\t\t\t\n  \t\t\t\t\t<div class=\"box-image\" >\n  \t\t\t\t\t\t<div class=\"image-zoom image-zoom image-cover\" style=\"padding-top:56%;\">\n  \t\t\t\t\t\t\t<a href=\"https:\/\/www.md-elektronik.com\/es\/cables-de-potencia-y-de-datos-en-la-red-de-a-bordo-del-futuro-juntos-o-separados\/\"><img decoding=\"async\" width=\"1020\" height=\"595\" src=\"https:\/\/www.md-elektronik.com\/wp-content\/uploads\/2023\/06\/Blog-title-Data-Power_.jpg\" class=\"attachment-large size-large wp-post-image\" alt=\"Close-up of a car&#039;s interior with data and power icons, representing MD ELEKTRONIK&#039;s integration of high-speed data and power transmission in automotive components.\" srcset=\"https:\/\/www.md-elektronik.com\/wp-content\/uploads\/2023\/06\/Blog-title-Data-Power_.jpg 1024w, https:\/\/www.md-elektronik.com\/wp-content\/uploads\/2023\/06\/Blog-title-Data-Power_-300x175.jpg 300w, https:\/\/www.md-elektronik.com\/wp-content\/uploads\/2023\/06\/Blog-title-Data-Power_-768x448.jpg 768w\" sizes=\"(max-width: 1020px) 100vw, 1020px\" \/><\/a>\n  \t\t\t\t\t\t\t  \t\t\t\t\t\t\t  \t\t\t\t\t\t<\/div>\n  \t\t\t\t\t\t  \t\t\t\t\t<\/div>\n          \t\t\t\t\t\n\t\t\t\t\t<div class=\"box-text text-left is-small\" style=\"background-color:rgb(252, 252, 252);padding:30px 30px 30px 30px;\">\n\t\t\t\t\t<div class=\"box-text-inner blog-post-inner\">\n\n\t\t\t\t\t\n\t\t\t\t\t\t\n\t\t\t\t\t\t<div class=\"custom_author\">\t <a href=\"https:\/\/www.md-elektronik.com\/bg\/christoph-zauner\/\"><i class=\"far fa-user\"><\/i> Christoph Zauner<\/a> <span class=\"post-meta is-small op-8\">29 de junio de 2023<\/span><\/div>\n\t\t\t\t\t\t<h5 class=\"post-title is-larger \"><a href=\"https:\/\/www.md-elektronik.com\/es\/cables-de-potencia-y-de-datos-en-la-red-de-a-bordo-del-futuro-juntos-o-separados\/\">Cables de potencia y de datos en la red de a bordo del futuro: \u00bfjuntos o separados?<\/a><\/h5>\n\t\t\t\t\t<div class=\"is-divider\"><\/div>\n\t\t\t\t\t\t\t\t\t\t\t<div class=\"md-read-more\"><a href=\"https:\/\/www.md-elektronik.com\/es\/cables-de-potencia-y-de-datos-en-la-red-de-a-bordo-del-futuro-juntos-o-separados\/\" class=\"plain\">M\u00e1s informaci\u00f3n<\/a><\/div>\n                    \n\t\t\t\t\t\n\t\t\t\t\t\n\t\t\t\t\t<\/div>\n\t\t\t\t\t<\/div>\n\t\t\t\t\t\t\t\t\t<\/div>\n\t\t\t\t\n\t\t\t<\/div>\n\t\t<\/div>\n\t\t<div class=\"col post-item\" >\n\t\t\t<div class=\"col-inner\">\n\t\t\t\t<div class=\"box box-normal box-text-bottom box-blog-post has-hover\">\n\t\t\t\t\t\n          \t\t\t\t\t\n  \t\t\t\t\t<div class=\"box-image\" >\n  \t\t\t\t\t\t<div class=\"image-zoom image-zoom image-cover\" style=\"padding-top:56%;\">\n  \t\t\t\t\t\t\t<a href=\"https:\/\/www.md-elektronik.com\/es\/la-conduccion-autonoma-es-solo-el-principio-la-conectividad-como-base-del-futuro-de-la-industria-automovilistica\/\"><img decoding=\"async\" width=\"1020\" height=\"574\" src=\"https:\/\/www.md-elektronik.com\/wp-content\/uploads\/2023\/06\/tt_christoph_zauner.jpg\" class=\"attachment-large size-large wp-post-image\" alt=\"\" srcset=\"https:\/\/www.md-elektronik.com\/wp-content\/uploads\/2023\/06\/tt_christoph_zauner.jpg 1024w, https:\/\/www.md-elektronik.com\/wp-content\/uploads\/2023\/06\/tt_christoph_zauner-300x169.jpg 300w, https:\/\/www.md-elektronik.com\/wp-content\/uploads\/2023\/06\/tt_christoph_zauner-768x432.jpg 768w\" sizes=\"(max-width: 1020px) 100vw, 1020px\" \/><\/a>\n  \t\t\t\t\t\t\t  \t\t\t\t\t\t\t  \t\t\t\t\t\t<\/div>\n  \t\t\t\t\t\t  \t\t\t\t\t<\/div>\n          \t\t\t\t\t\n\t\t\t\t\t<div class=\"box-text text-left is-small\" style=\"background-color:rgb(252, 252, 252);padding:30px 30px 30px 30px;\">\n\t\t\t\t\t<div class=\"box-text-inner blog-post-inner\">\n\n\t\t\t\t\t\n\t\t\t\t\t\t\n\t\t\t\t\t\t<div class=\"custom_author\">\t <a href=\"https:\/\/www.md-elektronik.com\/bg\/christoph-zauner\/\"><i class=\"far fa-user\"><\/i> Christoph Zauner<\/a> <span class=\"post-meta is-small op-8\">15 de junio de 2023<\/span><\/div>\n\t\t\t\t\t\t<h5 class=\"post-title is-larger \"><a href=\"https:\/\/www.md-elektronik.com\/es\/la-conduccion-autonoma-es-solo-el-principio-la-conectividad-como-base-del-futuro-de-la-industria-automovilistica\/\">La conducci\u00f3n aut\u00f3noma es solo el principio: la conectividad como base del futuro de la industria automovil\u00edstica<\/a><\/h5>\n\t\t\t\t\t<div class=\"is-divider\"><\/div>\n\t\t\t\t\t\t\t\t\t\t\t<div class=\"md-read-more\"><a href=\"https:\/\/www.md-elektronik.com\/es\/la-conduccion-autonoma-es-solo-el-principio-la-conectividad-como-base-del-futuro-de-la-industria-automovilistica\/\" class=\"plain\">M\u00e1s informaci\u00f3n<\/a><\/div>\n                    \n\t\t\t\t\t\n\t\t\t\t\t\n\t\t\t\t\t<\/div>\n\t\t\t\t\t<\/div>\n\t\t\t\t\t\t\t\t\t<\/div>\n\t\t\t\t\n\t\t\t<\/div>\n\t\t<\/div>\n\t\t<div class=\"col post-item\" >\n\t\t\t<div class=\"col-inner\">\n\t\t\t\t<div class=\"box box-normal box-text-bottom box-blog-post has-hover\">\n\t\t\t\t\t\n          \t\t\t\t\t\n  \t\t\t\t\t<div class=\"box-image\" >\n  \t\t\t\t\t\t<div class=\"image-zoom image-zoom image-cover\" style=\"padding-top:56%;\">\n  \t\t\t\t\t\t\t<a href=\"https:\/\/www.md-elektronik.com\/es\/optimizacion-de-la-logistica-para-proteger-el-medio-ambiente\/\"><img decoding=\"async\" width=\"1020\" height=\"574\" src=\"https:\/\/www.md-elektronik.com\/wp-content\/uploads\/2023\/05\/tt_sabine_westermair.jpg\" class=\"attachment-large size-large wp-post-image\" alt=\"\" srcset=\"https:\/\/www.md-elektronik.com\/wp-content\/uploads\/2023\/05\/tt_sabine_westermair.jpg 1024w, https:\/\/www.md-elektronik.com\/wp-content\/uploads\/2023\/05\/tt_sabine_westermair-300x169.jpg 300w, https:\/\/www.md-elektronik.com\/wp-content\/uploads\/2023\/05\/tt_sabine_westermair-768x432.jpg 768w\" sizes=\"(max-width: 1020px) 100vw, 1020px\" \/><\/a>\n  \t\t\t\t\t\t\t  \t\t\t\t\t\t\t  \t\t\t\t\t\t<\/div>\n  \t\t\t\t\t\t  \t\t\t\t\t<\/div>\n          \t\t\t\t\t\n\t\t\t\t\t<div class=\"box-text text-left is-small\" style=\"background-color:rgb(252, 252, 252);padding:30px 30px 30px 30px;\">\n\t\t\t\t\t<div class=\"box-text-inner blog-post-inner\">\n\n\t\t\t\t\t\n\t\t\t\t\t\t\n\t\t\t\t\t\t<div class=\"custom_author\">\t <a href=\"https:\/\/www.md-elektronik.com\/en\/sabine-westermair\/\"><i class=\"far fa-user\"><\/i> Sabine Westermair<\/a> <span class=\"post-meta is-small op-8\">11 de mayo de 2023<\/span><\/div>\n\t\t\t\t\t\t<h5 class=\"post-title is-larger \"><a href=\"https:\/\/www.md-elektronik.com\/es\/optimizacion-de-la-logistica-para-proteger-el-medio-ambiente\/\">Optimizaci\u00f3n de la log\u00edstica para proteger el medio ambiente<\/a><\/h5>\n\t\t\t\t\t<div class=\"is-divider\"><\/div>\n\t\t\t\t\t\t\t\t\t\t\t<div class=\"md-read-more\"><a href=\"https:\/\/www.md-elektronik.com\/es\/optimizacion-de-la-logistica-para-proteger-el-medio-ambiente\/\" class=\"plain\">M\u00e1s informaci\u00f3n<\/a><\/div>\n                    \n\t\t\t\t\t\n\t\t\t\t\t\n\t\t\t\t\t<\/div>\n\t\t\t\t\t<\/div>\n\t\t\t\t\t\t\t\t\t<\/div>\n\t\t\t\t\n\t\t\t<\/div>\n\t\t<\/div>\n\t\t<div class=\"col post-item\" >\n\t\t\t<div class=\"col-inner\">\n\t\t\t\t<div class=\"box box-normal box-text-bottom box-blog-post has-hover\">\n\t\t\t\t\t\n          \t\t\t\t\t\n  \t\t\t\t\t<div class=\"box-image\" >\n  \t\t\t\t\t\t<div class=\"image-zoom image-zoom image-cover\" style=\"padding-top:56%;\">\n  \t\t\t\t\t\t\t<a href=\"https:\/\/www.md-elektronik.com\/es\/la-tecnologia-del-futuro-de-la-transmision-electrica-de-datos-a-la-transmision-optica-en-el-vehiculo\/\"><img decoding=\"async\" width=\"1020\" height=\"574\" src=\"https:\/\/www.md-elektronik.com\/wp-content\/uploads\/2024\/03\/Technology-of-the-future-From-Electrical-to-Optical-Data-Transmission-in-Vehicles-1024x576.jpg\" class=\"attachment-large size-large wp-post-image\" alt=\"\" srcset=\"https:\/\/www.md-elektronik.com\/wp-content\/uploads\/2024\/03\/Technology-of-the-future-From-Electrical-to-Optical-Data-Transmission-in-Vehicles-1024x576.jpg 1024w, https:\/\/www.md-elektronik.com\/wp-content\/uploads\/2024\/03\/Technology-of-the-future-From-Electrical-to-Optical-Data-Transmission-in-Vehicles-300x169.jpg 300w, https:\/\/www.md-elektronik.com\/wp-content\/uploads\/2024\/03\/Technology-of-the-future-From-Electrical-to-Optical-Data-Transmission-in-Vehicles-768x432.jpg 768w, https:\/\/www.md-elektronik.com\/wp-content\/uploads\/2024\/03\/Technology-of-the-future-From-Electrical-to-Optical-Data-Transmission-in-Vehicles.jpg 1440w\" sizes=\"(max-width: 1020px) 100vw, 1020px\" \/><\/a>\n  \t\t\t\t\t\t\t  \t\t\t\t\t\t\t  \t\t\t\t\t\t<\/div>\n  \t\t\t\t\t\t  \t\t\t\t\t<\/div>\n          \t\t\t\t\t\n\t\t\t\t\t<div class=\"box-text text-left is-small\" style=\"background-color:rgb(252, 252, 252);padding:30px 30px 30px 30px;\">\n\t\t\t\t\t<div class=\"box-text-inner blog-post-inner\">\n\n\t\t\t\t\t\n\t\t\t\t\t\t\n\t\t\t\t\t\t<div class=\"custom_author\">\t <a href=\"https:\/\/www.md-elektronik.com\/bg\/helmut-pritz\/\"><i class=\"far fa-user\"><\/i> Helmut Pritz<\/a> <span class=\"post-meta is-small op-8\">27 de abril de 2023<\/span><\/div>\n\t\t\t\t\t\t<h5 class=\"post-title is-larger \"><a href=\"https:\/\/www.md-elektronik.com\/es\/la-tecnologia-del-futuro-de-la-transmision-electrica-de-datos-a-la-transmision-optica-en-el-vehiculo\/\">\u00bfLa tecnolog\u00eda del futuro? De la transmisi\u00f3n el\u00e9ctrica de datos a la transmisi\u00f3n \u00f3ptica en el veh\u00edculo<\/a><\/h5>\n\t\t\t\t\t<div class=\"is-divider\"><\/div>\n\t\t\t\t\t\t\t\t\t\t\t<div class=\"md-read-more\"><a href=\"https:\/\/www.md-elektronik.com\/es\/la-tecnologia-del-futuro-de-la-transmision-electrica-de-datos-a-la-transmision-optica-en-el-vehiculo\/\" class=\"plain\">M\u00e1s informaci\u00f3n<\/a><\/div>\n                    \n\t\t\t\t\t\n\t\t\t\t\t\n\t\t\t\t\t<\/div>\n\t\t\t\t\t<\/div>\n\t\t\t\t\t\t\t\t\t<\/div>\n\t\t\t\t\n\t\t\t<\/div>\n\t\t<\/div>\n\t\t<div class=\"col post-item\" >\n\t\t\t<div class=\"col-inner\">\n\t\t\t\t<div class=\"box box-normal box-text-bottom box-blog-post has-hover\">\n\t\t\t\t\t\n          \t\t\t\t\t\n  \t\t\t\t\t<div class=\"box-image\" >\n  \t\t\t\t\t\t<div class=\"image-zoom image-zoom image-cover\" style=\"padding-top:56%;\">\n  \t\t\t\t\t\t\t<a href=\"https:\/\/www.md-elektronik.com\/es\/concepto-interior-para-la-conduccion-autonoma-y-crecientes-requisitos-para-los-cables-de-datos\/\"><img decoding=\"async\" width=\"1020\" height=\"574\" src=\"https:\/\/www.md-elektronik.com\/wp-content\/uploads\/2023\/04\/tt_klaus-bramhofer.jpg\" class=\"attachment-large size-large wp-post-image\" alt=\"\" srcset=\"https:\/\/www.md-elektronik.com\/wp-content\/uploads\/2023\/04\/tt_klaus-bramhofer.jpg 1024w, https:\/\/www.md-elektronik.com\/wp-content\/uploads\/2023\/04\/tt_klaus-bramhofer-300x169.jpg 300w, https:\/\/www.md-elektronik.com\/wp-content\/uploads\/2023\/04\/tt_klaus-bramhofer-768x432.jpg 768w\" sizes=\"(max-width: 1020px) 100vw, 1020px\" \/><\/a>\n  \t\t\t\t\t\t\t  \t\t\t\t\t\t\t  \t\t\t\t\t\t<\/div>\n  \t\t\t\t\t\t  \t\t\t\t\t<\/div>\n          \t\t\t\t\t\n\t\t\t\t\t<div class=\"box-text text-left is-small\" style=\"background-color:rgb(252, 252, 252);padding:30px 30px 30px 30px;\">\n\t\t\t\t\t<div class=\"box-text-inner blog-post-inner\">\n\n\t\t\t\t\t\n\t\t\t\t\t\t\n\t\t\t\t\t\t<div class=\"custom_author\">\t <a href=\"https:\/\/www.md-elektronik.com\/en\/klaus-bramhofer\/\"><i class=\"far fa-user\"><\/i> Klaus Bramhofer<\/a> <span class=\"post-meta is-small op-8\">13 de abril de 2023<\/span><\/div>\n\t\t\t\t\t\t<h5 class=\"post-title is-larger \"><a href=\"https:\/\/www.md-elektronik.com\/es\/concepto-interior-para-la-conduccion-autonoma-y-crecientes-requisitos-para-los-cables-de-datos\/\">Concepto interior para la conducci\u00f3n aut\u00f3noma y crecientes requisitos para los cables de datos<\/a><\/h5>\n\t\t\t\t\t<div class=\"is-divider\"><\/div>\n\t\t\t\t\t\t\t\t\t\t\t<div class=\"md-read-more\"><a href=\"https:\/\/www.md-elektronik.com\/es\/concepto-interior-para-la-conduccion-autonoma-y-crecientes-requisitos-para-los-cables-de-datos\/\" class=\"plain\">M\u00e1s informaci\u00f3n<\/a><\/div>\n                    \n\t\t\t\t\t\n\t\t\t\t\t\n\t\t\t\t\t<\/div>\n\t\t\t\t\t<\/div>\n\t\t\t\t\t\t\t\t\t<\/div>\n\t\t\t\t\n\t\t\t<\/div>\n\t\t<\/div>\n\t\t<div class=\"col post-item\" >\n\t\t\t<div class=\"col-inner\">\n\t\t\t\t<div class=\"box box-normal box-text-bottom box-blog-post has-hover\">\n\t\t\t\t\t\n          \t\t\t\t\t\n  \t\t\t\t\t<div class=\"box-image\" >\n  \t\t\t\t\t\t<div class=\"image-zoom image-zoom image-cover\" style=\"padding-top:56%;\">\n  \t\t\t\t\t\t\t<a href=\"https:\/\/www.md-elektronik.com\/es\/software-defined-vehicle-swdv-y-sus-repercusiones-en-la-red-de-a-bordo\/\"><img decoding=\"async\" width=\"1020\" height=\"574\" src=\"https:\/\/www.md-elektronik.com\/wp-content\/uploads\/2023\/07\/Software-defined-vehicle-SWdV-1024x576.jpg\" class=\"attachment-large size-large wp-post-image\" alt=\"\" srcset=\"https:\/\/www.md-elektronik.com\/wp-content\/uploads\/2023\/07\/Software-defined-vehicle-SWdV-1024x576.jpg 1024w, https:\/\/www.md-elektronik.com\/wp-content\/uploads\/2023\/07\/Software-defined-vehicle-SWdV-300x169.jpg 300w, https:\/\/www.md-elektronik.com\/wp-content\/uploads\/2023\/07\/Software-defined-vehicle-SWdV-768x432.jpg 768w, https:\/\/www.md-elektronik.com\/wp-content\/uploads\/2023\/07\/Software-defined-vehicle-SWdV.jpg 1440w\" sizes=\"(max-width: 1020px) 100vw, 1020px\" \/><\/a>\n  \t\t\t\t\t\t\t  \t\t\t\t\t\t\t  \t\t\t\t\t\t<\/div>\n  \t\t\t\t\t\t  \t\t\t\t\t<\/div>\n          \t\t\t\t\t\n\t\t\t\t\t<div class=\"box-text text-left is-small\" style=\"background-color:rgb(252, 252, 252);padding:30px 30px 30px 30px;\">\n\t\t\t\t\t<div class=\"box-text-inner blog-post-inner\">\n\n\t\t\t\t\t\n\t\t\t\t\t\t\n\t\t\t\t\t\t<div class=\"custom_author\">\t <a href=\"https:\/\/www.md-elektronik.com\/bg\/christoph-zauner\/\"><i class=\"far fa-user\"><\/i> Christoph Zauner<\/a> <span class=\"post-meta is-small op-8\">30 de marzo de 2023<\/span><\/div>\n\t\t\t\t\t\t<h5 class=\"post-title is-larger \"><a href=\"https:\/\/www.md-elektronik.com\/es\/software-defined-vehicle-swdv-y-sus-repercusiones-en-la-red-de-a-bordo\/\">\u00abSoftware defined Vehicle (SWdV)\u00bb y sus repercusiones en la red de a bordo<\/a><\/h5>\n\t\t\t\t\t<div class=\"is-divider\"><\/div>\n\t\t\t\t\t\t\t\t\t\t\t<div class=\"md-read-more\"><a href=\"https:\/\/www.md-elektronik.com\/es\/software-defined-vehicle-swdv-y-sus-repercusiones-en-la-red-de-a-bordo\/\" class=\"plain\">M\u00e1s informaci\u00f3n<\/a><\/div>\n                    \n\t\t\t\t\t\n\t\t\t\t\t\n\t\t\t\t\t<\/div>\n\t\t\t\t\t<\/div>\n\t\t\t\t\t\t\t\t\t<\/div>\n\t\t\t\t\n\t\t\t<\/div>\n\t\t<\/div>\n\t\t<div class=\"col post-item\" >\n\t\t\t<div class=\"col-inner\">\n\t\t\t\t<div class=\"box box-normal box-text-bottom box-blog-post has-hover\">\n\t\t\t\t\t\n          \t\t\t\t\t\n  \t\t\t\t\t<div class=\"box-image\" >\n  \t\t\t\t\t\t<div class=\"image-zoom image-zoom image-cover\" style=\"padding-top:56%;\">\n  \t\t\t\t\t\t\t<a href=\"https:\/\/www.md-elektronik.com\/es\/los-coches-en-2030-nuevos-usos-y-nuevos-conceptos\/\"><img decoding=\"async\" width=\"1020\" height=\"574\" src=\"https:\/\/www.md-elektronik.com\/wp-content\/uploads\/2023\/03\/tt_michael_Kelnberger.jpg\" class=\"attachment-large size-large wp-post-image\" alt=\"\" srcset=\"https:\/\/www.md-elektronik.com\/wp-content\/uploads\/2023\/03\/tt_michael_Kelnberger.jpg 1024w, https:\/\/www.md-elektronik.com\/wp-content\/uploads\/2023\/03\/tt_michael_Kelnberger-300x169.jpg 300w, https:\/\/www.md-elektronik.com\/wp-content\/uploads\/2023\/03\/tt_michael_Kelnberger-768x432.jpg 768w\" sizes=\"(max-width: 1020px) 100vw, 1020px\" \/><\/a>\n  \t\t\t\t\t\t\t  \t\t\t\t\t\t\t  \t\t\t\t\t\t<\/div>\n  \t\t\t\t\t\t  \t\t\t\t\t<\/div>\n          \t\t\t\t\t\n\t\t\t\t\t<div class=\"box-text text-left is-small\" style=\"background-color:rgb(252, 252, 252);padding:30px 30px 30px 30px;\">\n\t\t\t\t\t<div class=\"box-text-inner blog-post-inner\">\n\n\t\t\t\t\t\n\t\t\t\t\t\t\n\t\t\t\t\t\t<div class=\"custom_author\">\t <a href=\"https:\/\/www.md-elektronik.com\/bg\/michael-kelnberger\/\"><i class=\"far fa-user\"><\/i> Michael Kelnberger<\/a> <span class=\"post-meta is-small op-8\">9 de marzo de 2023<\/span><\/div>\n\t\t\t\t\t\t<h5 class=\"post-title is-larger \"><a href=\"https:\/\/www.md-elektronik.com\/es\/los-coches-en-2030-nuevos-usos-y-nuevos-conceptos\/\">Los coches en 2030: nuevos usos y nuevos conceptos<\/a><\/h5>\n\t\t\t\t\t<div class=\"is-divider\"><\/div>\n\t\t\t\t\t\t\t\t\t\t\t<div class=\"md-read-more\"><a href=\"https:\/\/www.md-elektronik.com\/es\/los-coches-en-2030-nuevos-usos-y-nuevos-conceptos\/\" class=\"plain\">M\u00e1s informaci\u00f3n<\/a><\/div>\n                    \n\t\t\t\t\t\n\t\t\t\t\t\n\t\t\t\t\t<\/div>\n\t\t\t\t\t<\/div>\n\t\t\t\t\t\t\t\t\t<\/div>\n\t\t\t\t\n\t\t\t<\/div>\n\t\t<\/div>\n\t\t<div class=\"col post-item\" >\n\t\t\t<div class=\"col-inner\">\n\t\t\t\t<div class=\"box box-normal box-text-bottom box-blog-post has-hover\">\n\t\t\t\t\t\n          \t\t\t\t\t\n  \t\t\t\t\t<div class=\"box-image\" >\n  \t\t\t\t\t\t<div class=\"image-zoom image-zoom image-cover\" style=\"padding-top:56%;\">\n  \t\t\t\t\t\t\t<a href=\"https:\/\/www.md-elektronik.com\/es\/diversidad-de-variantes-en-los-sistemas-de-conexion-y-sus-consecuencias-en-la-red-de-a-bordo\/\"><img decoding=\"async\" width=\"1020\" height=\"574\" src=\"https:\/\/www.md-elektronik.com\/wp-content\/uploads\/2023\/03\/tt_tobias_hartl.jpg\" class=\"attachment-large size-large wp-post-image\" alt=\"\" srcset=\"https:\/\/www.md-elektronik.com\/wp-content\/uploads\/2023\/03\/tt_tobias_hartl.jpg 1024w, https:\/\/www.md-elektronik.com\/wp-content\/uploads\/2023\/03\/tt_tobias_hartl-300x169.jpg 300w, https:\/\/www.md-elektronik.com\/wp-content\/uploads\/2023\/03\/tt_tobias_hartl-768x432.jpg 768w\" sizes=\"(max-width: 1020px) 100vw, 1020px\" \/><\/a>\n  \t\t\t\t\t\t\t  \t\t\t\t\t\t\t  \t\t\t\t\t\t<\/div>\n  \t\t\t\t\t\t  \t\t\t\t\t<\/div>\n          \t\t\t\t\t\n\t\t\t\t\t<div class=\"box-text text-left is-small\" style=\"background-color:rgb(252, 252, 252);padding:30px 30px 30px 30px;\">\n\t\t\t\t\t<div class=\"box-text-inner blog-post-inner\">\n\n\t\t\t\t\t\n\t\t\t\t\t\t\n\t\t\t\t\t\t<div class=\"custom_author\">\t <a href=\"https:\/\/www.md-elektronik.com\/bg\/tobias-hartl\/\"><i class=\"far fa-user\"><\/i> Tobias Hartl<\/a> <span class=\"post-meta is-small op-8\">2 de marzo de 2023<\/span><\/div>\n\t\t\t\t\t\t<h5 class=\"post-title is-larger \"><a href=\"https:\/\/www.md-elektronik.com\/es\/diversidad-de-variantes-en-los-sistemas-de-conexion-y-sus-consecuencias-en-la-red-de-a-bordo\/\">Diversidad de variantes en los sistemas de conexi\u00f3n del autom\u00f3vil<\/a><\/h5>\n\t\t\t\t\t<div class=\"is-divider\"><\/div>\n\t\t\t\t\t\t\t\t\t\t\t<div class=\"md-read-more\"><a href=\"https:\/\/www.md-elektronik.com\/es\/diversidad-de-variantes-en-los-sistemas-de-conexion-y-sus-consecuencias-en-la-red-de-a-bordo\/\" class=\"plain\">M\u00e1s informaci\u00f3n<\/a><\/div>\n                    \n\t\t\t\t\t\n\t\t\t\t\t\n\t\t\t\t\t<\/div>\n\t\t\t\t\t<\/div>\n\t\t\t\t\t\t\t\t\t<\/div>\n\t\t\t\t\n\t\t\t<\/div>\n\t\t<\/div>\n\t\t<div class=\"col post-item\" >\n\t\t\t<div class=\"col-inner\">\n\t\t\t\t<div class=\"box box-normal box-text-bottom box-blog-post has-hover\">\n\t\t\t\t\t\n          \t\t\t\t\t\n  \t\t\t\t\t<div class=\"box-image\" >\n  \t\t\t\t\t\t<div class=\"image-zoom image-zoom image-cover\" style=\"padding-top:56%;\">\n  \t\t\t\t\t\t\t<a href=\"https:\/\/www.md-elektronik.com\/es\/transmision-optica-de-datos-en-la-red-de-a-bordo\/\"><img decoding=\"async\" width=\"1020\" height=\"574\" src=\"https:\/\/www.md-elektronik.com\/wp-content\/uploads\/2023\/02\/tt_helmut_pritz.jpg\" class=\"attachment-large size-large wp-post-image\" alt=\"\" srcset=\"https:\/\/www.md-elektronik.com\/wp-content\/uploads\/2023\/02\/tt_helmut_pritz.jpg 1024w, https:\/\/www.md-elektronik.com\/wp-content\/uploads\/2023\/02\/tt_helmut_pritz-300x169.jpg 300w, https:\/\/www.md-elektronik.com\/wp-content\/uploads\/2023\/02\/tt_helmut_pritz-768x432.jpg 768w\" sizes=\"(max-width: 1020px) 100vw, 1020px\" \/><\/a>\n  \t\t\t\t\t\t\t  \t\t\t\t\t\t\t  \t\t\t\t\t\t<\/div>\n  \t\t\t\t\t\t  \t\t\t\t\t<\/div>\n          \t\t\t\t\t\n\t\t\t\t\t<div class=\"box-text text-left is-small\" style=\"background-color:rgb(252, 252, 252);padding:30px 30px 30px 30px;\">\n\t\t\t\t\t<div class=\"box-text-inner blog-post-inner\">\n\n\t\t\t\t\t\n\t\t\t\t\t\t\n\t\t\t\t\t\t<div class=\"custom_author\">\t <a href=\"https:\/\/www.md-elektronik.com\/bg\/helmut-pritz\/\"><i class=\"far fa-user\"><\/i> Helmut Pritz<\/a> <span class=\"post-meta is-small op-8\">23 de febrero de 2023<\/span><\/div>\n\t\t\t\t\t\t<h5 class=\"post-title is-larger \"><a href=\"https:\/\/www.md-elektronik.com\/es\/transmision-optica-de-datos-en-la-red-de-a-bordo\/\">Transmisi\u00f3n \u00f3ptica de datos en la red de a bordo<\/a><\/h5>\n\t\t\t\t\t<div class=\"is-divider\"><\/div>\n\t\t\t\t\t\t\t\t\t\t\t<div class=\"md-read-more\"><a href=\"https:\/\/www.md-elektronik.com\/es\/transmision-optica-de-datos-en-la-red-de-a-bordo\/\" class=\"plain\">M\u00e1s informaci\u00f3n<\/a><\/div>\n                    \n\t\t\t\t\t\n\t\t\t\t\t\n\t\t\t\t\t<\/div>\n\t\t\t\t\t<\/div>\n\t\t\t\t\t\t\t\t\t<\/div>\n\t\t\t\t\n\t\t\t<\/div>\n\t\t<\/div>\n\t\t<div class=\"col post-item\" >\n\t\t\t<div class=\"col-inner\">\n\t\t\t\t<div class=\"box box-normal box-text-bottom box-blog-post has-hover\">\n\t\t\t\t\t\n          \t\t\t\t\t\n  \t\t\t\t\t<div class=\"box-image\" >\n  \t\t\t\t\t\t<div class=\"image-zoom image-zoom image-cover\" style=\"padding-top:56%;\">\n  \t\t\t\t\t\t\t<a href=\"https:\/\/www.md-elektronik.com\/es\/proporcionamos-muestras-y-piezas-de-preserie-tan-flexibles-como-la-red-de-a-bordo-del-automovil\/\"><img decoding=\"async\" width=\"1020\" height=\"574\" src=\"https:\/\/www.md-elektronik.com\/wp-content\/uploads\/2023\/07\/Provision-of-samples-and-pilot-production-parts-1024x576.jpg\" class=\"attachment-large size-large wp-post-image\" alt=\"\" srcset=\"https:\/\/www.md-elektronik.com\/wp-content\/uploads\/2023\/07\/Provision-of-samples-and-pilot-production-parts-1024x576.jpg 1024w, https:\/\/www.md-elektronik.com\/wp-content\/uploads\/2023\/07\/Provision-of-samples-and-pilot-production-parts-300x169.jpg 300w, https:\/\/www.md-elektronik.com\/wp-content\/uploads\/2023\/07\/Provision-of-samples-and-pilot-production-parts-768x432.jpg 768w, https:\/\/www.md-elektronik.com\/wp-content\/uploads\/2023\/07\/Provision-of-samples-and-pilot-production-parts.jpg 1440w\" sizes=\"(max-width: 1020px) 100vw, 1020px\" \/><\/a>\n  \t\t\t\t\t\t\t  \t\t\t\t\t\t\t  \t\t\t\t\t\t<\/div>\n  \t\t\t\t\t\t  \t\t\t\t\t<\/div>\n          \t\t\t\t\t\n\t\t\t\t\t<div class=\"box-text text-left is-small\" style=\"background-color:rgb(252, 252, 252);padding:30px 30px 30px 30px;\">\n\t\t\t\t\t<div class=\"box-text-inner blog-post-inner\">\n\n\t\t\t\t\t\n\t\t\t\t\t\t\n\t\t\t\t\t\t<div class=\"custom_author\">\t <a href=\"https:\/\/www.md-elektronik.com\/bg\/wolfgang-reitsamer\/\"><i class=\"far fa-user\"><\/i> Wolfgang Reitsamer<\/a> <span class=\"post-meta is-small op-8\">15 de febrero de 2023<\/span><\/div>\n\t\t\t\t\t\t<h5 class=\"post-title is-larger \"><a href=\"https:\/\/www.md-elektronik.com\/es\/proporcionamos-muestras-y-piezas-de-preserie-tan-flexibles-como-la-red-de-a-bordo-del-automovil\/\">Proporcionamos muestras y piezas de preserie, tan flexibles como la red de a bordo del autom\u00f3vil<\/a><\/h5>\n\t\t\t\t\t<div class=\"is-divider\"><\/div>\n\t\t\t\t\t\t\t\t\t\t\t<div class=\"md-read-more\"><a href=\"https:\/\/www.md-elektronik.com\/es\/proporcionamos-muestras-y-piezas-de-preserie-tan-flexibles-como-la-red-de-a-bordo-del-automovil\/\" class=\"plain\">M\u00e1s informaci\u00f3n<\/a><\/div>\n                    \n\t\t\t\t\t\n\t\t\t\t\t\n\t\t\t\t\t<\/div>\n\t\t\t\t\t<\/div>\n\t\t\t\t\t\t\t\t\t<\/div>\n\t\t\t\t\n\t\t\t<\/div>\n\t\t<\/div>\n\t\t<div class=\"col post-item\" >\n\t\t\t<div class=\"col-inner\">\n\t\t\t\t<div class=\"box box-normal box-text-bottom box-blog-post has-hover\">\n\t\t\t\t\t\n          \t\t\t\t\t\n  \t\t\t\t\t<div class=\"box-image\" >\n  \t\t\t\t\t\t<div class=\"image-zoom image-zoom image-cover\" style=\"padding-top:56%;\">\n  \t\t\t\t\t\t\t<a href=\"https:\/\/www.md-elektronik.com\/es\/el-papel-de-la-transmision-de-datos-en-los-vehiculos-electricos-actuales\/\"><img decoding=\"async\" width=\"1020\" height=\"574\" src=\"https:\/\/www.md-elektronik.com\/wp-content\/uploads\/2023\/02\/tt_christoph_zauner.jpg\" class=\"attachment-large size-large wp-post-image\" alt=\"\" srcset=\"https:\/\/www.md-elektronik.com\/wp-content\/uploads\/2023\/02\/tt_christoph_zauner.jpg 1024w, https:\/\/www.md-elektronik.com\/wp-content\/uploads\/2023\/02\/tt_christoph_zauner-300x169.jpg 300w, https:\/\/www.md-elektronik.com\/wp-content\/uploads\/2023\/02\/tt_christoph_zauner-768x432.jpg 768w\" sizes=\"(max-width: 1020px) 100vw, 1020px\" \/><\/a>\n  \t\t\t\t\t\t\t  \t\t\t\t\t\t\t  \t\t\t\t\t\t<\/div>\n  \t\t\t\t\t\t  \t\t\t\t\t<\/div>\n          \t\t\t\t\t\n\t\t\t\t\t<div class=\"box-text text-left is-small\" style=\"background-color:rgb(252, 252, 252);padding:30px 30px 30px 30px;\">\n\t\t\t\t\t<div class=\"box-text-inner blog-post-inner\">\n\n\t\t\t\t\t\n\t\t\t\t\t\t\n\t\t\t\t\t\t<div class=\"custom_author\">\t <a href=\"https:\/\/www.md-elektronik.com\/bg\/christoph-zauner\/\"><i class=\"far fa-user\"><\/i> Christoph Zauner<\/a> <span class=\"post-meta is-small op-8\">7 de febrero de 2023<\/span><\/div>\n\t\t\t\t\t\t<h5 class=\"post-title is-larger \"><a href=\"https:\/\/www.md-elektronik.com\/es\/el-papel-de-la-transmision-de-datos-en-los-vehiculos-electricos-actuales\/\">El papel de la transmisi\u00f3n de datos en los veh\u00edculos el\u00e9ctricos actuales<\/a><\/h5>\n\t\t\t\t\t<div class=\"is-divider\"><\/div>\n\t\t\t\t\t\t\t\t\t\t\t<div class=\"md-read-more\"><a href=\"https:\/\/www.md-elektronik.com\/es\/el-papel-de-la-transmision-de-datos-en-los-vehiculos-electricos-actuales\/\" class=\"plain\">M\u00e1s informaci\u00f3n<\/a><\/div>\n                    \n\t\t\t\t\t\n\t\t\t\t\t\n\t\t\t\t\t<\/div>\n\t\t\t\t\t<\/div>\n\t\t\t\t\t\t\t\t\t<\/div>\n\t\t\t\t\n\t\t\t<\/div>\n\t\t<\/div>\n\t\t<div class=\"col post-item\" >\n\t\t\t<div class=\"col-inner\">\n\t\t\t\t<div class=\"box box-normal box-text-bottom box-blog-post has-hover\">\n\t\t\t\t\t\n          \t\t\t\t\t\n  \t\t\t\t\t<div class=\"box-image\" >\n  \t\t\t\t\t\t<div class=\"image-zoom image-zoom image-cover\" style=\"padding-top:56%;\">\n  \t\t\t\t\t\t\t<a href=\"https:\/\/www.md-elektronik.com\/es\/la-conduccion-autonoma-va-a-ser-asequible-para-todo-el-mundo\/\"><img decoding=\"async\" width=\"1020\" height=\"574\" src=\"https:\/\/www.md-elektronik.com\/wp-content\/uploads\/2023\/01\/tt_gerd_mittermaier.jpg\" class=\"attachment-large size-large wp-post-image\" alt=\"\" srcset=\"https:\/\/www.md-elektronik.com\/wp-content\/uploads\/2023\/01\/tt_gerd_mittermaier.jpg 1024w, https:\/\/www.md-elektronik.com\/wp-content\/uploads\/2023\/01\/tt_gerd_mittermaier-300x169.jpg 300w, https:\/\/www.md-elektronik.com\/wp-content\/uploads\/2023\/01\/tt_gerd_mittermaier-768x432.jpg 768w\" sizes=\"(max-width: 1020px) 100vw, 1020px\" \/><\/a>\n  \t\t\t\t\t\t\t  \t\t\t\t\t\t\t  \t\t\t\t\t\t<\/div>\n  \t\t\t\t\t\t  \t\t\t\t\t<\/div>\n          \t\t\t\t\t\n\t\t\t\t\t<div class=\"box-text text-left is-small\" style=\"background-color:rgb(252, 252, 252);padding:30px 30px 30px 30px;\">\n\t\t\t\t\t<div class=\"box-text-inner blog-post-inner\">\n\n\t\t\t\t\t\n\t\t\t\t\t\t\n\t\t\t\t\t\t<div class=\"custom_author\">\t <a href=\"https:\/\/www.md-elektronik.com\"><i class=\"far fa-user\"><\/i> MD Elektronik<\/a> <span class=\"post-meta is-small op-8\">24 de enero de 2023<\/span><\/div>\n\t\t\t\t\t\t<h5 class=\"post-title is-larger \"><a href=\"https:\/\/www.md-elektronik.com\/es\/la-conduccion-autonoma-va-a-ser-asequible-para-todo-el-mundo\/\">\u00bfLa conducci\u00f3n aut\u00f3noma va a ser asequible para todo el mundo?<\/a><\/h5>\n\t\t\t\t\t<div class=\"is-divider\"><\/div>\n\t\t\t\t\t\t\t\t\t\t\t<div class=\"md-read-more\"><a href=\"https:\/\/www.md-elektronik.com\/es\/la-conduccion-autonoma-va-a-ser-asequible-para-todo-el-mundo\/\" class=\"plain\">M\u00e1s informaci\u00f3n<\/a><\/div>\n                    \n\t\t\t\t\t\n\t\t\t\t\t\n\t\t\t\t\t<\/div>\n\t\t\t\t\t<\/div>\n\t\t\t\t\t\t\t\t\t<\/div>\n\t\t\t\t\n\t\t\t<\/div>\n\t\t<\/div>\n\t\t<div class=\"col post-item\" >\n\t\t\t<div class=\"col-inner\">\n\t\t\t\t<div class=\"box box-normal box-text-bottom box-blog-post has-hover\">\n\t\t\t\t\t\n          \t\t\t\t\t\n  \t\t\t\t\t<div class=\"box-image\" >\n  \t\t\t\t\t\t<div class=\"image-zoom image-zoom image-cover\" style=\"padding-top:56%;\">\n  \t\t\t\t\t\t\t<a href=\"https:\/\/www.md-elektronik.com\/es\/automatizacion-el-futuro-de-la-fabricacion-de-cables-en-el-sector-de-la-automocion\/\"><img decoding=\"async\" width=\"1020\" height=\"574\" src=\"https:\/\/www.md-elektronik.com\/wp-content\/uploads\/2024\/03\/Automation-The-future-of-cable-assembly-in-the-automotive-sector-1024x576.jpg\" class=\"attachment-large size-large wp-post-image\" alt=\"\" srcset=\"https:\/\/www.md-elektronik.com\/wp-content\/uploads\/2024\/03\/Automation-The-future-of-cable-assembly-in-the-automotive-sector-1024x576.jpg 1024w, https:\/\/www.md-elektronik.com\/wp-content\/uploads\/2024\/03\/Automation-The-future-of-cable-assembly-in-the-automotive-sector-300x169.jpg 300w, https:\/\/www.md-elektronik.com\/wp-content\/uploads\/2024\/03\/Automation-The-future-of-cable-assembly-in-the-automotive-sector-768x432.jpg 768w, https:\/\/www.md-elektronik.com\/wp-content\/uploads\/2024\/03\/Automation-The-future-of-cable-assembly-in-the-automotive-sector.jpg 1440w\" sizes=\"(max-width: 1020px) 100vw, 1020px\" \/><\/a>\n  \t\t\t\t\t\t\t  \t\t\t\t\t\t\t  \t\t\t\t\t\t<\/div>\n  \t\t\t\t\t\t  \t\t\t\t\t<\/div>\n          \t\t\t\t\t\n\t\t\t\t\t<div class=\"box-text text-left is-small\" style=\"background-color:rgb(252, 252, 252);padding:30px 30px 30px 30px;\">\n\t\t\t\t\t<div class=\"box-text-inner blog-post-inner\">\n\n\t\t\t\t\t\n\t\t\t\t\t\t\n\t\t\t\t\t\t<div class=\"custom_author\">\t <a href=\"https:\/\/www.md-elektronik.com\/es\/karl-ott\/\"><i class=\"far fa-user\"><\/i> Karl Ott<\/a> <span class=\"post-meta is-small op-8\">18 de enero de 2023<\/span><\/div>\n\t\t\t\t\t\t<h5 class=\"post-title is-larger \"><a href=\"https:\/\/www.md-elektronik.com\/es\/automatizacion-el-futuro-de-la-fabricacion-de-cables-en-el-sector-de-la-automocion\/\">Automatizaci\u00f3n: el futuro de la fabricaci\u00f3n de cables en el sector de la automoci\u00f3n<\/a><\/h5>\n\t\t\t\t\t<div class=\"is-divider\"><\/div>\n\t\t\t\t\t\t\t\t\t\t\t<div class=\"md-read-more\"><a href=\"https:\/\/www.md-elektronik.com\/es\/automatizacion-el-futuro-de-la-fabricacion-de-cables-en-el-sector-de-la-automocion\/\" class=\"plain\">M\u00e1s informaci\u00f3n<\/a><\/div>\n                    \n\t\t\t\t\t\n\t\t\t\t\t\n\t\t\t\t\t<\/div>\n\t\t\t\t\t<\/div>\n\t\t\t\t\t\t\t\t\t<\/div>\n\t\t\t\t\n\t\t\t<\/div>\n\t\t<\/div>\n\t\t<div class=\"col post-item\" >\n\t\t\t<div class=\"col-inner\">\n\t\t\t\t<div class=\"box box-normal box-text-bottom box-blog-post has-hover\">\n\t\t\t\t\t\n          \t\t\t\t\t\n  \t\t\t\t\t<div class=\"box-image\" >\n  \t\t\t\t\t\t<div class=\"image-zoom image-zoom image-cover\" style=\"padding-top:56%;\">\n  \t\t\t\t\t\t\t<a href=\"https:\/\/www.md-elektronik.com\/es\/riesgos-y-consecuencias-del-aumento-actual-de-los-precios-en-la-industria-automovilistica\/\"><img decoding=\"async\" width=\"1020\" height=\"574\" src=\"https:\/\/www.md-elektronik.com\/wp-content\/uploads\/2022\/12\/tt_carsten_bieng.jpg\" class=\"attachment-large size-large wp-post-image\" alt=\"\" srcset=\"https:\/\/www.md-elektronik.com\/wp-content\/uploads\/2022\/12\/tt_carsten_bieng.jpg 1024w, https:\/\/www.md-elektronik.com\/wp-content\/uploads\/2022\/12\/tt_carsten_bieng-300x169.jpg 300w, https:\/\/www.md-elektronik.com\/wp-content\/uploads\/2022\/12\/tt_carsten_bieng-768x432.jpg 768w\" sizes=\"(max-width: 1020px) 100vw, 1020px\" \/><\/a>\n  \t\t\t\t\t\t\t  \t\t\t\t\t\t\t  \t\t\t\t\t\t<\/div>\n  \t\t\t\t\t\t  \t\t\t\t\t<\/div>\n          \t\t\t\t\t\n\t\t\t\t\t<div class=\"box-text text-left is-small\" style=\"background-color:rgb(252, 252, 252);padding:30px 30px 30px 30px;\">\n\t\t\t\t\t<div class=\"box-text-inner blog-post-inner\">\n\n\t\t\t\t\t\n\t\t\t\t\t\t\n\t\t\t\t\t\t<div class=\"custom_author\">\t <a href=\"https:\/\/www.md-elektronik.com\/bg\/carsten-bieng\/\"><i class=\"far fa-user\"><\/i> Carsten Bieng<\/a> <span class=\"post-meta is-small op-8\">11 de enero de 2023<\/span><\/div>\n\t\t\t\t\t\t<h5 class=\"post-title is-larger \"><a href=\"https:\/\/www.md-elektronik.com\/es\/riesgos-y-consecuencias-del-aumento-actual-de-los-precios-en-la-industria-automovilistica\/\">Riesgos y consecuencias del aumento actual de los precios en la industria automovil\u00edstica<\/a><\/h5>\n\t\t\t\t\t<div class=\"is-divider\"><\/div>\n\t\t\t\t\t\t\t\t\t\t\t<div class=\"md-read-more\"><a href=\"https:\/\/www.md-elektronik.com\/es\/riesgos-y-consecuencias-del-aumento-actual-de-los-precios-en-la-industria-automovilistica\/\" class=\"plain\">M\u00e1s informaci\u00f3n<\/a><\/div>\n                    \n\t\t\t\t\t\n\t\t\t\t\t\n\t\t\t\t\t<\/div>\n\t\t\t\t\t<\/div>\n\t\t\t\t\t\t\t\t\t<\/div>\n\t\t\t\t\n\t\t\t<\/div>\n\t\t<\/div>\n\t\t<div class=\"col post-item\" >\n\t\t\t<div class=\"col-inner\">\n\t\t\t\t<div class=\"box box-normal box-text-bottom box-blog-post has-hover\">\n\t\t\t\t\t\n          \t\t\t\t\t\n  \t\t\t\t\t<div class=\"box-image\" >\n  \t\t\t\t\t\t<div class=\"image-zoom image-zoom image-cover\" style=\"padding-top:56%;\">\n  \t\t\t\t\t\t\t<a href=\"https:\/\/www.md-elektronik.com\/es\/como-conectare-en-el-futuro-mi-smartphone-al-vehiculo\/\"><img decoding=\"async\" width=\"1020\" height=\"719\" src=\"https:\/\/www.md-elektronik.com\/wp-content\/uploads\/2022\/12\/md-elektronik-phone-car-connection.jpg\" class=\"attachment-large size-large wp-post-image\" alt=\"Person connecting a smartphone to a car&#039;s infotainment system, highlighting MD ELEKTRONIK&#039;s solutions for seamless in-vehicle connectivity and data integration.\" srcset=\"https:\/\/www.md-elektronik.com\/wp-content\/uploads\/2022\/12\/md-elektronik-phone-car-connection.jpg 1024w, https:\/\/www.md-elektronik.com\/wp-content\/uploads\/2022\/12\/md-elektronik-phone-car-connection-300x212.jpg 300w, https:\/\/www.md-elektronik.com\/wp-content\/uploads\/2022\/12\/md-elektronik-phone-car-connection-768x542.jpg 768w\" sizes=\"(max-width: 1020px) 100vw, 1020px\" \/><\/a>\n  \t\t\t\t\t\t\t  \t\t\t\t\t\t\t  \t\t\t\t\t\t<\/div>\n  \t\t\t\t\t\t  \t\t\t\t\t<\/div>\n          \t\t\t\t\t\n\t\t\t\t\t<div class=\"box-text text-left is-small\" style=\"background-color:rgb(252, 252, 252);padding:30px 30px 30px 30px;\">\n\t\t\t\t\t<div class=\"box-text-inner blog-post-inner\">\n\n\t\t\t\t\t\n\t\t\t\t\t\t\n\t\t\t\t\t\t<div class=\"custom_author\">\t <a href=\"https:\/\/www.md-elektronik.com\/en\/klaus-bramhofer\/\"><i class=\"far fa-user\"><\/i> Klaus Bramhofer<\/a> <span class=\"post-meta is-small op-8\">14 de diciembre de 2022<\/span><\/div>\n\t\t\t\t\t\t<h5 class=\"post-title is-larger \"><a href=\"https:\/\/www.md-elektronik.com\/es\/como-conectare-en-el-futuro-mi-smartphone-al-vehiculo\/\">\u00bfC\u00f3mo conectar\u00e9 en el futuro mi smartphone al veh\u00edculo?<\/a><\/h5>\n\t\t\t\t\t<div class=\"is-divider\"><\/div>\n\t\t\t\t\t\t\t\t\t\t\t<div class=\"md-read-more\"><a href=\"https:\/\/www.md-elektronik.com\/es\/como-conectare-en-el-futuro-mi-smartphone-al-vehiculo\/\" class=\"plain\">M\u00e1s informaci\u00f3n<\/a><\/div>\n                    \n\t\t\t\t\t\n\t\t\t\t\t\n\t\t\t\t\t<\/div>\n\t\t\t\t\t<\/div>\n\t\t\t\t\t\t\t\t\t<\/div>\n\t\t\t\t\n\t\t\t<\/div>\n\t\t<\/div>\n\t\t<div class=\"col post-item\" >\n\t\t\t<div class=\"col-inner\">\n\t\t\t\t<div class=\"box box-normal box-text-bottom box-blog-post has-hover\">\n\t\t\t\t\t\n          \t\t\t\t\t\n  \t\t\t\t\t<div class=\"box-image\" >\n  \t\t\t\t\t\t<div class=\"image-zoom image-zoom image-cover\" style=\"padding-top:56%;\">\n  \t\t\t\t\t\t\t<a href=\"https:\/\/www.md-elektronik.com\/es\/md-elektronik-participa-en-ieee-advancing-technology-for-humanity\/\"><img decoding=\"async\" width=\"1020\" height=\"574\" src=\"https:\/\/www.md-elektronik.com\/wp-content\/uploads\/2022\/12\/tt_christian_neulinger.jpg\" class=\"attachment-large size-large wp-post-image\" alt=\"\" srcset=\"https:\/\/www.md-elektronik.com\/wp-content\/uploads\/2022\/12\/tt_christian_neulinger.jpg 1024w, https:\/\/www.md-elektronik.com\/wp-content\/uploads\/2022\/12\/tt_christian_neulinger-300x169.jpg 300w, https:\/\/www.md-elektronik.com\/wp-content\/uploads\/2022\/12\/tt_christian_neulinger-768x432.jpg 768w\" sizes=\"(max-width: 1020px) 100vw, 1020px\" \/><\/a>\n  \t\t\t\t\t\t\t  \t\t\t\t\t\t\t  \t\t\t\t\t\t<\/div>\n  \t\t\t\t\t\t  \t\t\t\t\t<\/div>\n          \t\t\t\t\t\n\t\t\t\t\t<div class=\"box-text text-left is-small\" style=\"background-color:rgb(252, 252, 252);padding:30px 30px 30px 30px;\">\n\t\t\t\t\t<div class=\"box-text-inner blog-post-inner\">\n\n\t\t\t\t\t\n\t\t\t\t\t\t\n\t\t\t\t\t\t<div class=\"custom_author\">\t <a href=\"https:\/\/www.md-elektronik.com\/cs\/christian-neulinger\/\"><i class=\"far fa-user\"><\/i> Christian Neulinger<\/a> <span class=\"post-meta is-small op-8\">1 de diciembre de 2022<\/span><\/div>\n\t\t\t\t\t\t<h5 class=\"post-title is-larger \"><a href=\"https:\/\/www.md-elektronik.com\/es\/md-elektronik-participa-en-ieee-advancing-technology-for-humanity\/\">MD ELEKTRONIK participa en IEEE \u2013 Advancing Technology for Humanity<\/a><\/h5>\n\t\t\t\t\t<div class=\"is-divider\"><\/div>\n\t\t\t\t\t\t\t\t\t\t\t<div class=\"md-read-more\"><a href=\"https:\/\/www.md-elektronik.com\/es\/md-elektronik-participa-en-ieee-advancing-technology-for-humanity\/\" class=\"plain\">M\u00e1s informaci\u00f3n<\/a><\/div>\n                    \n\t\t\t\t\t\n\t\t\t\t\t\n\t\t\t\t\t<\/div>\n\t\t\t\t\t<\/div>\n\t\t\t\t\t\t\t\t\t<\/div>\n\t\t\t\t\n\t\t\t<\/div>\n\t\t<\/div>\n\t\t<div class=\"col post-item\" >\n\t\t\t<div class=\"col-inner\">\n\t\t\t\t<div class=\"box box-normal box-text-bottom box-blog-post has-hover\">\n\t\t\t\t\t\n          \t\t\t\t\t\n  \t\t\t\t\t<div class=\"box-image\" >\n  \t\t\t\t\t\t<div class=\"image-zoom image-zoom image-cover\" style=\"padding-top:56%;\">\n  \t\t\t\t\t\t\t<a href=\"https:\/\/www.md-elektronik.com\/es\/son-suficientes-las-especificaciones-para-el-futuro\/\"><img decoding=\"async\" width=\"1020\" height=\"719\" src=\"https:\/\/www.md-elektronik.com\/wp-content\/uploads\/2022\/11\/featured_img_blog_nec_specs.jpg\" class=\"attachment-large size-large wp-post-image\" alt=\"Futuristic concept car with illuminated circuits, showcasing MD ELEKTRONIK&#039;s innovative automotive wiring and connectivity solutions.\" srcset=\"https:\/\/www.md-elektronik.com\/wp-content\/uploads\/2022\/11\/featured_img_blog_nec_specs.jpg 1024w, https:\/\/www.md-elektronik.com\/wp-content\/uploads\/2022\/11\/featured_img_blog_nec_specs-300x212.jpg 300w, https:\/\/www.md-elektronik.com\/wp-content\/uploads\/2022\/11\/featured_img_blog_nec_specs-768x542.jpg 768w\" sizes=\"(max-width: 1020px) 100vw, 1020px\" \/><\/a>\n  \t\t\t\t\t\t\t  \t\t\t\t\t\t\t  \t\t\t\t\t\t<\/div>\n  \t\t\t\t\t\t  \t\t\t\t\t<\/div>\n          \t\t\t\t\t\n\t\t\t\t\t<div class=\"box-text text-left is-small\" style=\"background-color:rgb(252, 252, 252);padding:30px 30px 30px 30px;\">\n\t\t\t\t\t<div class=\"box-text-inner blog-post-inner\">\n\n\t\t\t\t\t\n\t\t\t\t\t\t\n\t\t\t\t\t\t<div class=\"custom_author\">\t <a href=\"https:\/\/www.md-elektronik.com\/cs\/christian-neulinger\/\"><i class=\"far fa-user\"><\/i> Christian Neulinger<\/a> <span class=\"post-meta is-small op-8\">24 de noviembre de 2022<\/span><\/div>\n\t\t\t\t\t\t<h5 class=\"post-title is-larger \"><a href=\"https:\/\/www.md-elektronik.com\/es\/son-suficientes-las-especificaciones-para-el-futuro\/\">\u00bfSon suficientes las especificaciones para el futuro?<\/a><\/h5>\n\t\t\t\t\t<div class=\"is-divider\"><\/div>\n\t\t\t\t\t\t\t\t\t\t\t<div class=\"md-read-more\"><a href=\"https:\/\/www.md-elektronik.com\/es\/son-suficientes-las-especificaciones-para-el-futuro\/\" class=\"plain\">M\u00e1s informaci\u00f3n<\/a><\/div>\n                    \n\t\t\t\t\t\n\t\t\t\t\t\n\t\t\t\t\t<\/div>\n\t\t\t\t\t<\/div>\n\t\t\t\t\t\t\t\t\t<\/div>\n\t\t\t\t\n\t\t\t<\/div>\n\t\t<\/div>\n\t\t<div class=\"col post-item\" >\n\t\t\t<div class=\"col-inner\">\n\t\t\t\t<div class=\"box box-normal box-text-bottom box-blog-post has-hover\">\n\t\t\t\t\t\n          \t\t\t\t\t\n  \t\t\t\t\t<div class=\"box-image\" >\n  \t\t\t\t\t\t<div class=\"image-zoom image-zoom image-cover\" style=\"padding-top:56%;\">\n  \t\t\t\t\t\t\t<a href=\"https:\/\/www.md-elektronik.com\/es\/c-klic-el-nuevo-todo-terreno-entre-los-conectores-aptos-para-la-industria-automotriz\/\"><img decoding=\"async\" width=\"1020\" height=\"719\" src=\"https:\/\/www.md-elektronik.com\/wp-content\/uploads\/2022\/05\/c-klic-blog-featured-1024x722.jpg\" class=\"attachment-large size-large wp-post-image\" alt=\"\" srcset=\"https:\/\/www.md-elektronik.com\/wp-content\/uploads\/2022\/05\/c-klic-blog-featured-1024x722.jpg 1024w, https:\/\/www.md-elektronik.com\/wp-content\/uploads\/2022\/05\/c-klic-blog-featured-300x211.jpg 300w, https:\/\/www.md-elektronik.com\/wp-content\/uploads\/2022\/05\/c-klic-blog-featured-768x541.jpg 768w, https:\/\/www.md-elektronik.com\/wp-content\/uploads\/2022\/05\/c-klic-blog-featured.jpg 1440w\" sizes=\"(max-width: 1020px) 100vw, 1020px\" \/><\/a>\n  \t\t\t\t\t\t\t  \t\t\t\t\t\t\t  \t\t\t\t\t\t<\/div>\n  \t\t\t\t\t\t  \t\t\t\t\t<\/div>\n          \t\t\t\t\t\n\t\t\t\t\t<div class=\"box-text text-left is-small\" style=\"background-color:rgb(252, 252, 252);padding:30px 30px 30px 30px;\">\n\t\t\t\t\t<div class=\"box-text-inner blog-post-inner\">\n\n\t\t\t\t\t\n\t\t\t\t\t\t\n\t\t\t\t\t\t<div class=\"custom_author\">\t <a href=\"https:\/\/www.md-elektronik.com\"><i class=\"far fa-user\"><\/i> MD Elektronik<\/a> <span class=\"post-meta is-small op-8\">27 de octubre de 2022<\/span><\/div>\n\t\t\t\t\t\t<h5 class=\"post-title is-larger \"><a href=\"https:\/\/www.md-elektronik.com\/es\/c-klic-el-nuevo-todo-terreno-entre-los-conectores-aptos-para-la-industria-automotriz\/\">C-KLIC: el nuevo todo terreno entre los conectores aptos para la industria automotriz<\/a><\/h5>\n\t\t\t\t\t<div class=\"is-divider\"><\/div>\n\t\t\t\t\t\t\t\t\t\t\t<div class=\"md-read-more\"><a href=\"https:\/\/www.md-elektronik.com\/es\/c-klic-el-nuevo-todo-terreno-entre-los-conectores-aptos-para-la-industria-automotriz\/\" class=\"plain\">M\u00e1s informaci\u00f3n<\/a><\/div>\n                    \n\t\t\t\t\t\n\t\t\t\t\t\n\t\t\t\t\t<\/div>\n\t\t\t\t\t<\/div>\n\t\t\t\t\t\t\t\t\t<\/div>\n\t\t\t\t\n\t\t\t<\/div>\n\t\t<\/div>\n\t\t<div class=\"col post-item\" >\n\t\t\t<div class=\"col-inner\">\n\t\t\t\t<div class=\"box box-normal box-text-bottom box-blog-post has-hover\">\n\t\t\t\t\t\n          \t\t\t\t\t\n  \t\t\t\t\t<div class=\"box-image\" >\n  \t\t\t\t\t\t<div class=\"image-zoom image-zoom image-cover\" style=\"padding-top:56%;\">\n  \t\t\t\t\t\t\t<a href=\"https:\/\/www.md-elektronik.com\/es\/la-fuente-secreta-de-las-innovaciones-exitosas-de-silicon-valley\/\"><img decoding=\"async\" width=\"1020\" height=\"574\" src=\"https:\/\/www.md-elektronik.com\/wp-content\/uploads\/2022\/10\/md_podcast_banner_1920px_gunawan-1024x576-1.jpg\" class=\"attachment-large size-large wp-post-image\" alt=\"\" srcset=\"https:\/\/www.md-elektronik.com\/wp-content\/uploads\/2022\/10\/md_podcast_banner_1920px_gunawan-1024x576-1.jpg 1024w, https:\/\/www.md-elektronik.com\/wp-content\/uploads\/2022\/10\/md_podcast_banner_1920px_gunawan-1024x576-1-300x169.jpg 300w, https:\/\/www.md-elektronik.com\/wp-content\/uploads\/2022\/10\/md_podcast_banner_1920px_gunawan-1024x576-1-768x432.jpg 768w\" sizes=\"(max-width: 1020px) 100vw, 1020px\" \/><\/a>\n  \t\t\t\t\t\t\t  \t\t\t\t\t\t\t  \t\t\t\t\t\t<\/div>\n  \t\t\t\t\t\t  \t\t\t\t\t<\/div>\n          \t\t\t\t\t\n\t\t\t\t\t<div class=\"box-text text-left is-small\" style=\"background-color:rgb(252, 252, 252);padding:30px 30px 30px 30px;\">\n\t\t\t\t\t<div class=\"box-text-inner blog-post-inner\">\n\n\t\t\t\t\t\n\t\t\t\t\t\t\n\t\t\t\t\t\t<div class=\"custom_author\">\t <a href=\"https:\/\/www.md-elektronik.com\/en\/felix-gunawan\/\"><i class=\"far fa-user\"><\/i> Felix Gunawan<\/a> <span class=\"post-meta is-small op-8\">18 de octubre de 2022<\/span><\/div>\n\t\t\t\t\t\t<h5 class=\"post-title is-larger \"><a href=\"https:\/\/www.md-elektronik.com\/es\/la-fuente-secreta-de-las-innovaciones-exitosas-de-silicon-valley\/\">La fuente secreta de las innovaciones exitosas de Silicon Valley<\/a><\/h5>\n\t\t\t\t\t<div class=\"is-divider\"><\/div>\n\t\t\t\t\t\t\t\t\t\t\t<div class=\"md-read-more\"><a href=\"https:\/\/www.md-elektronik.com\/es\/la-fuente-secreta-de-las-innovaciones-exitosas-de-silicon-valley\/\" class=\"plain\">M\u00e1s informaci\u00f3n<\/a><\/div>\n                    \n\t\t\t\t\t\n\t\t\t\t\t\n\t\t\t\t\t<\/div>\n\t\t\t\t\t<\/div>\n\t\t\t\t\t\t\t\t\t<\/div>\n\t\t\t\t\n\t\t\t<\/div>\n\t\t<\/div>\n\t\t<div class=\"col post-item\" >\n\t\t\t<div class=\"col-inner\">\n\t\t\t\t<div class=\"box box-normal box-text-bottom box-blog-post has-hover\">\n\t\t\t\t\t\n          \t\t\t\t\t\n  \t\t\t\t\t<div class=\"box-image\" >\n  \t\t\t\t\t\t<div class=\"image-zoom image-zoom image-cover\" style=\"padding-top:56%;\">\n  \t\t\t\t\t\t\t<a href=\"https:\/\/www.md-elektronik.com\/es\/sin-el-usb-c-en-el-vehiculo-nada-funciona\/\"><img decoding=\"async\" width=\"1020\" height=\"719\" src=\"https:\/\/www.md-elektronik.com\/wp-content\/uploads\/2021\/11\/USB-C-CAM-002-DINA5-HQ-003-1024x722.jpg\" class=\"attachment-large size-large wp-post-image\" alt=\"\" srcset=\"https:\/\/www.md-elektronik.com\/wp-content\/uploads\/2021\/11\/USB-C-CAM-002-DINA5-HQ-003-1024x722.jpg 1024w, https:\/\/www.md-elektronik.com\/wp-content\/uploads\/2021\/11\/USB-C-CAM-002-DINA5-HQ-003-300x211.jpg 300w, https:\/\/www.md-elektronik.com\/wp-content\/uploads\/2021\/11\/USB-C-CAM-002-DINA5-HQ-003-768x541.jpg 768w, https:\/\/www.md-elektronik.com\/wp-content\/uploads\/2021\/11\/USB-C-CAM-002-DINA5-HQ-003.jpg 1440w\" sizes=\"(max-width: 1020px) 100vw, 1020px\" \/><\/a>\n  \t\t\t\t\t\t\t  \t\t\t\t\t\t\t  \t\t\t\t\t\t<\/div>\n  \t\t\t\t\t\t  \t\t\t\t\t<\/div>\n          \t\t\t\t\t\n\t\t\t\t\t<div class=\"box-text text-left is-small\" style=\"background-color:rgb(252, 252, 252);padding:30px 30px 30px 30px;\">\n\t\t\t\t\t<div class=\"box-text-inner blog-post-inner\">\n\n\t\t\t\t\t\n\t\t\t\t\t\t\n\t\t\t\t\t\t<div class=\"custom_author\">\t <a href=\"https:\/\/www.md-elektronik.com\/en\/klaus-bramhofer\/\"><i class=\"far fa-user\"><\/i> Klaus Bramhofer<\/a> <span class=\"post-meta is-small op-8\">29 de septiembre de 2022<\/span><\/div>\n\t\t\t\t\t\t<h5 class=\"post-title is-larger \"><a href=\"https:\/\/www.md-elektronik.com\/es\/sin-el-usb-c-en-el-vehiculo-nada-funciona\/\">Sin el USB-C en el veh\u00edculo, \u00bfNada funciona?<\/a><\/h5>\n\t\t\t\t\t<div class=\"is-divider\"><\/div>\n\t\t\t\t\t\t\t\t\t\t\t<div class=\"md-read-more\"><a href=\"https:\/\/www.md-elektronik.com\/es\/sin-el-usb-c-en-el-vehiculo-nada-funciona\/\" class=\"plain\">M\u00e1s informaci\u00f3n<\/a><\/div>\n                    \n\t\t\t\t\t\n\t\t\t\t\t\n\t\t\t\t\t<\/div>\n\t\t\t\t\t<\/div>\n\t\t\t\t\t\t\t\t\t<\/div>\n\t\t\t\t\n\t\t\t<\/div>\n\t\t<\/div>\n<\/div>\n\n<div class=\"row\"  id=\"row-1061651150\">\r\n\r\n\t<div id=\"gap-1053860265\" class=\"gap-element clearfix\" style=\"display:block; height:auto;\">\n\t\t\n<style>\n#gap-1053860265 {\n  padding-top: 45px;\n}\n<\/style>\n\t<\/div>\n\t\r\n\r\n\n\t<div id=\"col-1912703715\" class=\"col small-12 large-12\"  >\n\t\t\t\t<div class=\"col-inner\"  >\n\t\t\t\n\t\t\t\r\n<p style=\"font-size: 80%; line-height: 1.4 !important;\"><em>Este blog corporativo tiene fines informativos y de marketing generales y no es un documento controlado de nuestro sistema de gesti\u00f3n de la calidad (SGC). Las traducciones pueden elaborarse con apoyo de automatizaci\u00f3n y se revisan editorialmente; pese al cuidado, pueden existir errores\u2014solo la documentaci\u00f3n de producto publicada oficialmente es vinculante.<\/em><\/p><br>\r\n\t\t<\/div>\n\t\t\t\t\t<\/div>\n\n\t\r\n<\/div>\n\n\n\t\t<\/div>\n\t\t\t\t\t<\/div>\n\n\t\n\n<\/div>\n\n\t\t<\/div>\n\n\t\t\n<style>\n#section_1683753728 {\n  padding-top: 30px;\n  padding-bottom: 30px;\n}\n<\/style>\n\t<\/section>\n\t\n\n","protected":false},"excerpt":{"rendered":"","protected":false},"author":2,"featured_media":0,"parent":0,"menu_order":4,"comment_status":"closed","ping_status":"closed","template":"","meta":{"footnotes":""},"class_list":["post-2245","page","type-page","status-publish","hentry"],"_links":{"self":[{"href":"https:\/\/www.md-elektronik.com\/es\/wp-json\/wp\/v2\/pages\/2245","targetHints":{"allow":["GET"]}}],"collection":[{"href":"https:\/\/www.md-elektronik.com\/es\/wp-json\/wp\/v2\/pages"}],"about":[{"href":"https:\/\/www.md-elektronik.com\/es\/wp-json\/wp\/v2\/types\/page"}],"author":[{"embeddable":true,"href":"https:\/\/www.md-elektronik.com\/es\/wp-json\/wp\/v2\/users\/2"}],"replies":[{"embeddable":true,"href":"https:\/\/www.md-elektronik.com\/es\/wp-json\/wp\/v2\/comments?post=2245"}],"version-history":[{"count":15,"href":"https:\/\/www.md-elektronik.com\/es\/wp-json\/wp\/v2\/pages\/2245\/revisions"}],"predecessor-version":[{"id":30881,"href":"https:\/\/www.md-elektronik.com\/es\/wp-json\/wp\/v2\/pages\/2245\/revisions\/30881"}],"wp:attachment":[{"href":"https:\/\/www.md-elektronik.com\/es\/wp-json\/wp\/v2\/media?parent=2245"}],"curies":[{"name":"wp","href":"https:\/\/api.w.org\/{rel}","templated":true}]}}